{"version":"1.0","provider_name":"\u0218coala Babel","provider_url":"https:\/\/www.scoalababel.ro\/en","title":"Profesorescu - Cultiv\u0103m \u00cenv\u0103\u021barea Experien\u021bial\u0103, 24-29 aug - \u0218coala Babel","type":"rich","width":600,"height":338,"html":"<blockquote class=\"wp-embedded-content\" data-secret=\"hvCgppzoR1\"><a href=\"https:\/\/www.scoalababel.ro\/en\/comunitate\/proiecte\/profesorescu-24-29-aug\/\">Profesorescu &#8211; Cultiv\u0103m \u00cenv\u0103\u021barea Experien\u021bial\u0103, 24-29 aug<\/a><\/blockquote><iframe sandbox=\"allow-scripts\" security=\"restricted\" src=\"https:\/\/www.scoalababel.ro\/en\/comunitate\/proiecte\/profesorescu-24-29-aug\/embed\/#?secret=hvCgppzoR1\" width=\"600\" height=\"338\" title=\"&#8220;Profesorescu &#8211; Cultiv\u0103m \u00cenv\u0103\u021barea Experien\u021bial\u0103, 24-29 aug&#8221; &#8212; \u0218coala Babel\" data-secret=\"hvCgppzoR1\" frameborder=\"0\" marginwidth=\"0\" marginheight=\"0\" scrolling=\"no\" class=\"wp-embedded-content\"><\/iframe><script type=\"text\/javascript\">\n\/* <![CDATA[ *\/\n\/*! This file is auto-generated *\/\n!function(d,l){\"use strict\";l.querySelector&&d.addEventListener&&\"undefined\"!=typeof URL&&(d.wp=d.wp||{},d.wp.receiveEmbedMessage||(d.wp.receiveEmbedMessage=function(e){var t=e.data;if((t||t.secret||t.message||t.value)&&!\/[^a-zA-Z0-9]\/.test(t.secret)){for(var s,r,n,a=l.querySelectorAll('iframe[data-secret=\"'+t.secret+'\"]'),o=l.querySelectorAll('blockquote[data-secret=\"'+t.secret+'\"]'),c=new RegExp(\"^https?:$\",\"i\"),i=0;i<o.length;i++)o[i].style.display=\"none\";for(i=0;i<a.length;i++)s=a[i],e.source===s.contentWindow&&(s.removeAttribute(\"style\"),\"height\"===t.message?(1e3<(r=parseInt(t.value,10))?r=1e3:~~r<200&&(r=200),s.height=r):\"link\"===t.message&&(r=new URL(s.getAttribute(\"src\")),n=new URL(t.value),c.test(n.protocol))&&n.host===r.host&&l.activeElement===s&&(d.top.location.href=t.value))}},d.addEventListener(\"message\",d.wp.receiveEmbedMessage,!1),l.addEventListener(\"DOMContentLoaded\",function(){for(var e,t,s=l.querySelectorAll(\"iframe.wp-embedded-content\"),r=0;r<s.length;r++)(t=(e=s[r]).getAttribute(\"data-secret\"))||(t=Math.random().toString(36).substring(2,12),e.src+=\"#?secret=\"+t,e.setAttribute(\"data-secret\",t)),e.contentWindow.postMessage({message:\"ready\",secret:t},\"*\")},!1)))}(window,document);\n\/\/# sourceURL=https:\/\/www.scoalababel.ro\/wp-includes\/js\/wp-embed.min.js\n\/* ]]> *\/\n<\/script>\n","thumbnail_url":"https:\/\/www.scoalababel.ro\/wp-content\/uploads\/2020\/07\/Cover-Event.png","thumbnail_width":1920,"thumbnail_height":1080,"description":"[vc_row][vc_column][vc_single_image image=&#8221;3825&#8243; img_size=&#8221;full&#8221;][vc_empty_space][\/vc_column][\/vc_row][vc_row][vc_column][vc_column_text]\u0218coala\u00a0Babel, \u00een parteneriat cu GreenFeel, te invit\u0103 la o s\u0103pt\u0103m\u00e2n\u0103 de \u00eenv\u0103\u021bare \u00een care s\u0103 r\u0103spundem, \u00een cadrul atelierelor practice, la \u00eentrebarea \u201cCum ne \u00eengrijim de dezvoltarea poten\u021bialului fiec\u0103rui copil?\u201d. Vom vedea cum aplic\u0103m principiile \u00eenv\u0103\u021b\u0103rii experien\u021biale, outdoor, \u00een clas\u0103 \u0219i acas\u0103. Ateliere: L-V, 10:00 &#8211; 12:30 (facilitator: Monica Diaconu), 13:00 &#8211; 14:30 [&hellip;]"}