{"id":192,"date":"2015-03-03T04:01:35","date_gmt":"2015-03-03T04:01:35","guid":{"rendered":"http:\/\/themes.g5plus.net\/cupid\/?page_id=192"},"modified":"2024-10-14T12:52:29","modified_gmt":"2024-10-14T12:52:29","slug":"home","status":"publish","type":"page","link":"https:\/\/www.scoalababel.ro\/en\/","title":{"rendered":"Home"},"content":{"rendered":"<p>[vc_row parallax_style=&#8221;none&#8221; parallax_scroll_effect=&#8221;fixed&#8221; el_class=&#8221;cupid-margin-bottom-75&#8243;][vc_column][rev_slider_vc alias=&#8221;slider_05&#8243;][\/vc_column][\/vc_row][vc_row layout=&#8221;boxed&#8221; parallax_style=&#8221;none&#8221; parallax_scroll_effect=&#8221;fixed&#8221; el_class=&#8221;cupid-margin-bottom-110&#8243;][vc_column]<div class=\"cupid-heading  \" >\n                    <h2>Welcome to <b>Welcome to Babel School <\/b><\/h2><span>an educational system in which everyone&#039;s needs matter<\/span><\/div>[\/vc_column][\/vc_row][vc_row layout=&#8221;boxed&#8221;][vc_column width=&#8221;1\/4&#8243;][vc_single_image image=&#8221;4027&#8243; img_size=&#8221;medium&#8221; alignment=&#8221;center&#8221;][vc_column_text]<\/p>\n<p style=\"text-align: center; font-size: 22px;\"><span style=\"color: #000000;\"><span style=\"font-weight: 400;\">Learning by <\/span><strong>experience<\/strong><\/span><\/p>\n<p style=\"text-align: center;\"><span style=\"font-weight: 400;\">We create and nurture an environment rich in experiences where children develop competences for life<\/span><\/p>\n<p>[\/vc_column_text][\/vc_column][vc_column width=&#8221;1\/4&#8243;][vc_single_image image=&#8221;4029&#8243; img_size=&#8221;medium&#8221; alignment=&#8221;center&#8221;][vc_column_text]<\/p>\n<p style=\"text-align: center; font-size: 22px;\"><span style=\"color: #000000;\"><span style=\"font-weight: 400;\">Learning by <\/span><strong>collaboration<\/strong><\/span><\/p>\n<p style=\"text-align: center;\"><span style=\"font-weight: 400;\">We find solutions together (teachers-parents-children) to reach our goals <\/span><\/p>\n<p>[\/vc_column_text][\/vc_column][vc_column width=&#8221;1\/4&#8243;][vc_single_image image=&#8221;4028&#8243; img_size=&#8221;medium&#8221; alignment=&#8221;center&#8221;][vc_column_text]<\/p>\n<p style=\"text-align: center; font-size: 22px;\"><span style=\"color: #000000;\"><span style=\"font-weight: 400;\">Learning by <\/span><strong>empathy<\/strong><\/span><\/p>\n<p style=\"text-align: center;\"><span style=\"font-weight: 400;\">We keep track of the wellbeing and the involvement of children as close as we monitor the learning results<\/span><\/p>\n<p>[\/vc_column_text][\/vc_column][vc_column width=&#8221;1\/4&#8243;][vc_single_image image=&#8221;4030&#8243; img_size=&#8221;medium&#8221; alignment=&#8221;center&#8221;][vc_column_text]<\/p>\n<p style=\"text-align: center; font-size: 22px;\"><span style=\"color: #000000;\"><span style=\"font-weight: 400;\">Learning by <\/span><strong>curiosity<\/strong><\/span><\/p>\n<p style=\"text-align: center;\"><span style=\"font-weight: 400;\">We want, through innovative methods, to support the innate potential of children to discover the world that surrounds them<\/span><\/p>\n<p>[\/vc_column_text][\/vc_column][\/vc_row][vc_row parallax_style=&#8221;none&#8221; parallax_scroll_effect=&#8221;fixed&#8221; el_class=&#8221;cupid-margin-bottom-30&#8243; css=&#8221;.vc_custom_1602757827063{padding-top: 20px !important;}&#8221;][vc_column][vc_separator color=&#8221;custom&#8221; accent_color=&#8221;#eeeeee&#8221;][\/vc_column][\/vc_row][vc_row parallax_style=&#8221;none&#8221; parallax_scroll_effect=&#8221;fixed&#8221; el_class=&#8221;cupid-margin-bottom-30&#8243;][vc_column]<div class=\"cupid-call-action   content-middle\" >\n                            <div class=\"content-middle-inner\">\n                                <p>How <b>do I enroll my kid<\/b> at <b>Babel School?<\/b>\n                                <a class=\"cupid-button button-lg\" href=\"https:\/\/www.scoalababel.ro\/en\/despre-scoala\/inscriere\/\" target=\"_self\">\u00censcriere<\/a><\/p>\n                            <\/div>\n                      <\/div>[\/vc_column][\/vc_row][vc_row layout=&#8221;boxed&#8221; parallax_style=&#8221;none&#8221; parallax_scroll_effect=&#8221;fixed&#8221; el_class=&#8221;cupid-margin-bottom-90&#8243;][vc_column][vc_single_image image=&#8221;2906&#8243; img_size=&#8221;full&#8221; alignment=&#8221;center&#8221; onclick=&#8221;custom_link&#8221; link=&#8221;https:\/\/www.scoalababel.ro\/join-learning\/&#8221;][vc_empty_space]<div class=\"cupid-heading  \" >\n                    <h2><b>Our<\/b> blog<\/h2><span>Thoughts, events and stories about learning (the articles are in Romanian) <\/span><\/div>[\/vc_column][\/vc_row][vc_row parallax_style=&#8221;none&#8221; parallax_scroll_effect=&#8221;fixed&#8221; el_class=&#8221;cupid-padding-bottom-40 cupid-border-bottom&#8221;][vc_column]                <div class=\"latest-post-wrapper\">\n                    <div class=\"container\">\n                        <div class=\"row\">\n                                                                        <div  class=\"latest-post-col-3 latest-post-no-slider latest-post-style1  \" >\n                                                                                                            <article  id=\"post-5995\" class=\"clearfix post-5995 post type-post status-publish format-standard has-post-thumbnail hentry category-proiecte category-uncategorized category-liceul-babel\">\n    <div class=\"entry-wrapper clearfix\">\n                    <div class=\"entry-image-wrapper\">\n                <div class=\"entry-thumbnail\">\n                        <a href=\"https:\/\/www.scoalababel.ro\/en\/2024\/10\/30\/liceenii-de-la-babel-in-programul-duke-of-edinburgh\/\" title=\"Liceenii de la Babel \u00een programul Duke of Edinburgh\">\n                            <img loading=\"lazy\" decoding=\"async\" width=\"560\" height=\"345\" class=\"img-responsive\" src=\"https:\/\/www.scoalababel.ro\/wp-content\/uploads\/2024\/10\/Babel-Liceu-Edinburgh-560x345.png\" alt=\"Liceenii de la Babel \u00een programul Duke of Edinburgh\" \/>\n                        <\/a>\n                      <\/div>            <\/div>\n                <div class=\"entry-content-wrapper clearfix\">\n            <div class=\"entry-content-container clearfix\">\n                <div class=\"entry-categories\">\n                    <ul class=\"post-categories\">\n\t<li><a href=\"https:\/\/www.scoalababel.ro\/en\/category\/proiecte\/\" rel=\"category tag\">Proiecte<\/a><\/li>\n\t<li><a href=\"https:\/\/www.scoalababel.ro\/en\/category\/uncategorized\/\" rel=\"category tag\">Uncategorized<\/a><\/li>\n\t<li><a href=\"https:\/\/www.scoalababel.ro\/en\/category\/liceul-babel\/\" rel=\"category tag\">Liceul Babel<\/a><\/li><\/ul>                <\/div>\n                <h3 class=\"entry-title\">\n                    <a href=\"https:\/\/www.scoalababel.ro\/en\/2024\/10\/30\/liceenii-de-la-babel-in-programul-duke-of-edinburgh\/\" rel=\"bookmark\" title=\"Liceenii de la Babel \u00een programul Duke of Edinburgh\">Liceenii de la Babel \u00een programul Duke of Edinburgh<\/a>\n                <\/h3>\n                <div class=\"entry-meta\">\n                            <span class=\"entry-meta-author\">\n                By <a href=\"https:\/\/www.scoalababel.ro\/en\/author\/pr\/\">Scoala Babel<\/a>        <\/span>\n        <span class=\"entry-meta-date\">\n            Posted at <a href=\"https:\/\/www.scoalababel.ro\/en\/2024\/10\/30\/liceenii-de-la-babel-in-programul-duke-of-edinburgh\/\" rel=\"bookmark\" title=\"Liceenii de la Babel \u00een programul Duke of Edinburgh\"> October 30, 2024 <\/a>\n        <\/span>\n                            <\/div>\n                                    <div class=\"entry-excerpt\">\n                        <p>\u00cen anul \u0219colar 2023-2024, 52 de elevi din clasele a IX-a \u0219i a X-a de la Liceul Babel au f\u0103cut un pas important c\u0103tre dezvoltarea lor personal\u0103, al\u0103tur\u00e2ndu-se programului interna\u021bional Duke of Edinburgh\u2019s Award (DofE). Acest program, dedicat tinerilor \u00eentre 14 \u0219i 24 de ani, \u00eei provoac\u0103 s\u0103 \u00ee\u0219i dezvolte o serie de abilit\u0103\u021bi esen\u021biale [&hellip;]<\/p>\n                    <\/div>\n                    <div class=\"entry-read-more\">\n                        <a href=\"https:\/\/www.scoalababel.ro\/en\/2024\/10\/30\/liceenii-de-la-babel-in-programul-duke-of-edinburgh\/\" rel=\"bookmark\" title=\"Read more\">Read more<\/a>\n                    <\/div>\n\n                            <\/div>\n        <\/div>\n    <\/div>\n<\/article>                                                                            <article  id=\"post-5851\" class=\"clearfix post-5851 post type-post status-publish format-standard has-post-thumbnail hentry category-invatarea-experientiala category-new-event tag-festival\">\n    <div class=\"entry-wrapper clearfix\">\n                    <div class=\"entry-image-wrapper\">\n                <div class=\"entry-thumbnail\">\n                        <a href=\"https:\/\/www.scoalababel.ro\/en\/2024\/09\/11\/storyseed-festival-international-de-storytelling-si-invatare-experientiala-editia-2\/\" title=\"StorySeed &#8211; Festival Interna\u021bional de Storytelling \u0219i \u00cenv\u0103\u021bare Experien\u021bial\u0103 Edi\u021bia 2\">\n                            <img loading=\"lazy\" decoding=\"async\" width=\"560\" height=\"345\" class=\"img-responsive\" src=\"https:\/\/www.scoalababel.ro\/wp-content\/uploads\/2024\/09\/Cover-Event-560x345.jpg\" alt=\"StorySeed &#8211; Festival Interna\u021bional de Storytelling \u0219i \u00cenv\u0103\u021bare Experien\u021bial\u0103 Edi\u021bia 2\" \/>\n                        <\/a>\n                      <\/div>            <\/div>\n                <div class=\"entry-content-wrapper clearfix\">\n            <div class=\"entry-content-container clearfix\">\n                <div class=\"entry-categories\">\n                    <ul class=\"post-categories\">\n\t<li><a href=\"https:\/\/www.scoalababel.ro\/en\/category\/invatarea-experientiala\/\" rel=\"category tag\">\u00cenv\u0103\u021barea experien\u021bial\u0103<\/a><\/li>\n\t<li><a href=\"https:\/\/www.scoalababel.ro\/en\/category\/new-event\/\" rel=\"category tag\">New &amp; Event<\/a><\/li><\/ul>                <\/div>\n                <h3 class=\"entry-title\">\n                    <a href=\"https:\/\/www.scoalababel.ro\/en\/2024\/09\/11\/storyseed-festival-international-de-storytelling-si-invatare-experientiala-editia-2\/\" rel=\"bookmark\" title=\"StorySeed &#8211; Festival Interna\u021bional de Storytelling \u0219i \u00cenv\u0103\u021bare Experien\u021bial\u0103 Edi\u021bia 2\">StorySeed &#8211; Festival Interna\u021bional de Storytelling \u0219i \u00cenv\u0103\u021bare Experien\u021bial\u0103 Edi\u021bia 2<\/a>\n                <\/h3>\n                <div class=\"entry-meta\">\n                            <span class=\"entry-meta-author\">\n                By <a href=\"https:\/\/www.scoalababel.ro\/en\/author\/pr\/\">Scoala Babel<\/a>        <\/span>\n        <span class=\"entry-meta-date\">\n            Posted at <a href=\"https:\/\/www.scoalababel.ro\/en\/2024\/09\/11\/storyseed-festival-international-de-storytelling-si-invatare-experientiala-editia-2\/\" rel=\"bookmark\" title=\"StorySeed &#8211; Festival Interna\u021bional de Storytelling \u0219i \u00cenv\u0103\u021bare Experien\u021bial\u0103 Edi\u021bia 2\"> September 11, 2024 <\/a>\n        <\/span>\n                            <\/div>\n                                    <div class=\"entry-excerpt\">\n                        <p>V\u0103 a\u0219tept\u0103m la StorySeed, Festival Interna\u021bional de Storytelling \u0219i \u00cenv\u0103\u021bare Experien\u021bial\u0103 Edi\u021bia 2, \u00een perioada 4-6 octombrie 2024! Babel \u0218coal\u0103 \u0219i Liceu\u00a0al\u0103turi de partenerii s\u0103i na\u021bionali \u0219i interna\u021bionali, lanseaz\u0103 invita\u021bia pentru StorySeed &#8211; o s\u0103rb\u0103toare a Artei Povestirii (Storytelling), multilingvismului \u0219i expresivit\u0103\u021bii \u00een educa\u021bie. A doua edi\u021bie a StorySeed &#8211;\u00a0&#8220;Alive&#8221;\u00a0&#8211; va avea loc \u00een perioada\u00a04-6 [&hellip;]<\/p>\n                    <\/div>\n                    <div class=\"entry-read-more\">\n                        <a href=\"https:\/\/www.scoalababel.ro\/en\/2024\/09\/11\/storyseed-festival-international-de-storytelling-si-invatare-experientiala-editia-2\/\" rel=\"bookmark\" title=\"Read more\">Read more<\/a>\n                    <\/div>\n\n                            <\/div>\n        <\/div>\n    <\/div>\n<\/article>                                                                            <article  id=\"post-5881\" class=\"clearfix post-5881 post type-post status-publish format-standard has-post-thumbnail hentry category-proiecte tag-erasmus tag-belgia tag-mobilitate\">\n    <div class=\"entry-wrapper clearfix\">\n                    <div class=\"entry-image-wrapper\">\n                <div class=\"entry-thumbnail\">\n                        <a href=\"https:\/\/www.scoalababel.ro\/en\/2024\/07\/03\/mobilitatea-de-grup-a-elevilor-babel-in-belgia-perioada-10-14-iunie-2024\/\" title=\"Mobilitatea de grup a elevilor de la Babel \u00een Belgia perioada 10-14 Iunie 2024\">\n                            <img loading=\"lazy\" decoding=\"async\" width=\"560\" height=\"345\" class=\"img-responsive\" src=\"https:\/\/www.scoalababel.ro\/wp-content\/uploads\/2024\/06\/Babel-Belgia-Erasmus-Mobilitate-560x345.png\" alt=\"Mobilitatea de grup a elevilor de la Babel \u00een Belgia perioada 10-14 Iunie 2024\" \/>\n                        <\/a>\n                      <\/div>            <\/div>\n                <div class=\"entry-content-wrapper clearfix\">\n            <div class=\"entry-content-container clearfix\">\n                <div class=\"entry-categories\">\n                    <ul class=\"post-categories\">\n\t<li><a href=\"https:\/\/www.scoalababel.ro\/en\/category\/proiecte\/\" rel=\"category tag\">Proiecte<\/a><\/li><\/ul>                <\/div>\n                <h3 class=\"entry-title\">\n                    <a href=\"https:\/\/www.scoalababel.ro\/en\/2024\/07\/03\/mobilitatea-de-grup-a-elevilor-babel-in-belgia-perioada-10-14-iunie-2024\/\" rel=\"bookmark\" title=\"Mobilitatea de grup a elevilor de la Babel \u00een Belgia perioada 10-14 Iunie 2024\">Mobilitatea de grup a elevilor de la Babel \u00een Belgia perioada 10-14 Iunie 2024<\/a>\n                <\/h3>\n                <div class=\"entry-meta\">\n                            <span class=\"entry-meta-author\">\n                By <a href=\"https:\/\/www.scoalababel.ro\/en\/author\/pr\/\">Scoala Babel<\/a>        <\/span>\n        <span class=\"entry-meta-date\">\n            Posted at <a href=\"https:\/\/www.scoalababel.ro\/en\/2024\/07\/03\/mobilitatea-de-grup-a-elevilor-babel-in-belgia-perioada-10-14-iunie-2024\/\" rel=\"bookmark\" title=\"Mobilitatea de grup a elevilor de la Babel \u00een Belgia perioada 10-14 Iunie 2024\"> July 3, 2024 <\/a>\n        <\/span>\n                            <\/div>\n                                    <div class=\"entry-excerpt\">\n                        <p>\u00cen perioada 10-14 iunie 2024, un grup de 8 elevi, \u00eenso\u021bi\u021bi de 3 profesori, a participat la o mobilitate educa\u021bional\u0103 \u00een Belgia, av\u00e2nd ca destina\u021bie ora\u0219ul Leuven. Aceast\u0103 vizit\u0103 s-a desf\u0103\u0219urat \u00een cadrul unui program educa\u021bional menit s\u0103 promoveze schimbul de bune practici \u0219i s\u0103 dezvolte abilit\u0103\u021bile de implicare civic\u0103 \u0219i responsabilitate social\u0103 a tinerilor. [&hellip;]<\/p>\n                    <\/div>\n                    <div class=\"entry-read-more\">\n                        <a href=\"https:\/\/www.scoalababel.ro\/en\/2024\/07\/03\/mobilitatea-de-grup-a-elevilor-babel-in-belgia-perioada-10-14-iunie-2024\/\" rel=\"bookmark\" title=\"Read more\">Read more<\/a>\n                    <\/div>\n\n                            <\/div>\n        <\/div>\n    <\/div>\n<\/article>                                    \n                                \n                            <\/div>\n\n                        <\/div>\n                    <\/div>\n                <\/div>\n            [\/vc_column][\/vc_row]<\/p>\n","protected":false},"excerpt":{"rendered":"<p>[vc_row parallax_style=&#8221;none&#8221; parallax_scroll_effect=&#8221;fixed&#8221; el_class=&#8221;cupid-margin-bottom-75&#8243;][vc_column][rev_slider_vc alias=&#8221;slider_05&#8243;][\/vc_column][\/vc_row][vc_row layout=&#8221;boxed&#8221; parallax_style=&#8221;none&#8221; parallax_scroll_effect=&#8221;fixed&#8221; el_class=&#8221;cupid-margin-bottom-110&#8243;][vc_column][\/vc_column][\/vc_row][vc_row layout=&#8221;boxed&#8221;][vc_column width=&#8221;1\/4&#8243;][vc_single_image image=&#8221;4027&#8243; img_size=&#8221;medium&#8221; alignment=&#8221;center&#8221;][vc_column_text] Learning by experience We create and nurture an environment rich in experiences where children develop competences for life [\/vc_column_text][\/vc_column][vc_column width=&#8221;1\/4&#8243;][vc_single_image image=&#8221;4029&#8243; img_size=&#8221;medium&#8221; alignment=&#8221;center&#8221;][vc_column_text] Learning by collaboration We find solutions together (teachers-parents-children) to reach our goals [\/vc_column_text][\/vc_column][vc_column width=&#8221;1\/4&#8243;][vc_single_image image=&#8221;4028&#8243; img_size=&#8221;medium&#8221; alignment=&#8221;center&#8221;][vc_column_text] Learning [&hellip;]<\/p>\n","protected":false},"author":1,"featured_media":0,"parent":0,"menu_order":10,"comment_status":"open","ping_status":"closed","template":"","meta":{"footnotes":""},"class_list":["post-192","page","type-page","status-publish","hentry"],"yoast_head":"<!-- This site is optimized with the Yoast SEO plugin v27.5 - https:\/\/yoast.com\/product\/yoast-seo-wordpress\/ -->\n<title>\u0218coala Babel, Timi\u0219oara<\/title>\n<meta name=\"description\" content=\"\u0218coala Babel, Timi\u0219oara, autorizat\u0103 de Ministerul Educa\u021biei. Aici, curriculum-ul na\u021bional se \u00eemplete\u0219te cu \u00eenv\u0103\u021barea experien\u021bial\u0103 \u0219i comunicarea empatic\u0103\" \/>\n<meta name=\"robots\" content=\"index, follow, max-snippet:-1, max-image-preview:large, max-video-preview:-1\" \/>\n<link rel=\"canonical\" href=\"https:\/\/www.scoalababel.ro\/en\/\" \/>\n<meta property=\"og:locale\" content=\"en_US\" \/>\n<meta property=\"og:locale:alternate\" content=\"ro_RO\" \/>\n<meta property=\"og:type\" content=\"article\" \/>\n<meta property=\"og:title\" content=\"Babel \u0218coal\u0103 + Liceu\" \/>\n<meta property=\"og:description\" content=\"\u0218coal\u0103 \u0219i Liceu din Timi\u0219oara \u00een care copiii sunt ajuta\u021bi s\u0103 se descopere \u0219i s\u0103 iubeasc\u0103 \u00eenv\u0103\u021barea, urm\u00e2nd principiile educa\u021biei experien\u021biale \u0219i a comunic\u0103rii non-violente.\" \/>\n<meta property=\"og:url\" content=\"https:\/\/www.scoalababel.ro\/en\/2024\/07\/03\/mobilitatea-de-grup-a-elevilor-babel-in-belgia-perioada-10-14-iunie-2024\/\" \/>\n<meta property=\"og:site_name\" content=\"\u0218coala Babel\" \/>\n<meta property=\"article:publisher\" content=\"https:\/\/www.facebook.com\/scoalababel\/\" \/>\n<meta property=\"article:modified_time\" content=\"2024-10-14T12:52:29+00:00\" \/>\n<meta property=\"og:image\" content=\"https:\/\/www.scoalababel.ro\/wp-content\/uploads\/2016\/06\/logo_header.png\" \/>\n\t<meta property=\"og:image:width\" content=\"190\" \/>\n\t<meta property=\"og:image:height\" content=\"80\" \/>\n\t<meta property=\"og:image:type\" content=\"image\/png\" \/>\n<meta name=\"twitter:card\" content=\"summary_large_image\" \/>\n<meta name=\"twitter:label1\" content=\"Est. reading time\" \/>\n\t<meta name=\"twitter:data1\" content=\"2 minutes\" \/>\n<script type=\"application\/ld+json\" class=\"yoast-schema-graph\">{\"@context\":\"https:\\\/\\\/schema.org\",\"@graph\":[{\"@type\":\"WebPage\",\"@id\":\"https:\\\/\\\/www.scoalababel.ro\\\/\",\"url\":\"https:\\\/\\\/www.scoalababel.ro\\\/\",\"name\":\"\u0218coala Babel, Timi\u0219oara\",\"isPartOf\":{\"@id\":\"https:\\\/\\\/www.scoalababel.ro\\\/#website\"},\"datePublished\":\"2015-03-03T04:01:35+00:00\",\"dateModified\":\"2024-10-14T12:52:29+00:00\",\"description\":\"\u0218coala Babel, Timi\u0219oara, autorizat\u0103 de Ministerul Educa\u021biei. Aici, curriculum-ul na\u021bional se \u00eemplete\u0219te cu \u00eenv\u0103\u021barea experien\u021bial\u0103 \u0219i comunicarea empatic\u0103\",\"breadcrumb\":{\"@id\":\"https:\\\/\\\/www.scoalababel.ro\\\/#breadcrumb\"},\"inLanguage\":\"en-US\",\"potentialAction\":[{\"@type\":\"ReadAction\",\"target\":[\"https:\\\/\\\/www.scoalababel.ro\\\/\"]}]},{\"@type\":\"BreadcrumbList\",\"@id\":\"https:\\\/\\\/www.scoalababel.ro\\\/#breadcrumb\",\"itemListElement\":[{\"@type\":\"ListItem\",\"position\":1,\"name\":\"Home\",\"item\":\"https:\\\/\\\/www.scoalababel.ro\\\/\"},{\"@type\":\"ListItem\",\"position\":2,\"name\":\"Home\"}]},{\"@type\":\"WebSite\",\"@id\":\"https:\\\/\\\/www.scoalababel.ro\\\/#website\",\"url\":\"https:\\\/\\\/www.scoalababel.ro\\\/\",\"name\":\"\u0218coala Babel\",\"description\":\"\u0218coala Babel\",\"potentialAction\":[{\"@type\":\"SearchAction\",\"target\":{\"@type\":\"EntryPoint\",\"urlTemplate\":\"https:\\\/\\\/www.scoalababel.ro\\\/?s={search_term_string}\"},\"query-input\":{\"@type\":\"PropertyValueSpecification\",\"valueRequired\":true,\"valueName\":\"search_term_string\"}}],\"inLanguage\":\"en-US\"}]}<\/script>\n<!-- \/ Yoast SEO plugin. -->","yoast_head_json":{"title":"\u0218coala Babel, Timi\u0219oara","description":"\u0218coala Babel, Timi\u0219oara, autorizat\u0103 de Ministerul Educa\u021biei. Aici, curriculum-ul na\u021bional se \u00eemplete\u0219te cu \u00eenv\u0103\u021barea experien\u021bial\u0103 \u0219i comunicarea empatic\u0103","robots":{"index":"index","follow":"follow","max-snippet":"max-snippet:-1","max-image-preview":"max-image-preview:large","max-video-preview":"max-video-preview:-1"},"canonical":"https:\/\/www.scoalababel.ro\/en\/","og_locale":"en_US","og_type":"article","og_title":"Babel \u0218coal\u0103 + Liceu","og_description":"\u0218coal\u0103 \u0219i Liceu din Timi\u0219oara \u00een care copiii sunt ajuta\u021bi s\u0103 se descopere \u0219i s\u0103 iubeasc\u0103 \u00eenv\u0103\u021barea, urm\u00e2nd principiile educa\u021biei experien\u021biale \u0219i a comunic\u0103rii non-violente.","og_url":"https:\/\/www.scoalababel.ro\/en\/2024\/07\/03\/mobilitatea-de-grup-a-elevilor-babel-in-belgia-perioada-10-14-iunie-2024\/","og_site_name":"\u0218coala Babel","article_publisher":"https:\/\/www.facebook.com\/scoalababel\/","article_modified_time":"2024-10-14T12:52:29+00:00","og_image":[{"width":190,"height":80,"url":"https:\/\/www.scoalababel.ro\/wp-content\/uploads\/2016\/06\/logo_header.png","type":"image\/png"}],"twitter_card":"summary_large_image","twitter_misc":{"Est. reading time":"2 minutes"},"schema":{"@context":"https:\/\/schema.org","@graph":[{"@type":"WebPage","@id":"https:\/\/www.scoalababel.ro\/","url":"https:\/\/www.scoalababel.ro\/","name":"\u0218coala Babel, Timi\u0219oara","isPartOf":{"@id":"https:\/\/www.scoalababel.ro\/#website"},"datePublished":"2015-03-03T04:01:35+00:00","dateModified":"2024-10-14T12:52:29+00:00","description":"\u0218coala Babel, Timi\u0219oara, autorizat\u0103 de Ministerul Educa\u021biei. Aici, curriculum-ul na\u021bional se \u00eemplete\u0219te cu \u00eenv\u0103\u021barea experien\u021bial\u0103 \u0219i comunicarea empatic\u0103","breadcrumb":{"@id":"https:\/\/www.scoalababel.ro\/#breadcrumb"},"inLanguage":"en-US","potentialAction":[{"@type":"ReadAction","target":["https:\/\/www.scoalababel.ro\/"]}]},{"@type":"BreadcrumbList","@id":"https:\/\/www.scoalababel.ro\/#breadcrumb","itemListElement":[{"@type":"ListItem","position":1,"name":"Home","item":"https:\/\/www.scoalababel.ro\/"},{"@type":"ListItem","position":2,"name":"Home"}]},{"@type":"WebSite","@id":"https:\/\/www.scoalababel.ro\/#website","url":"https:\/\/www.scoalababel.ro\/","name":"\u0218coala Babel","description":"\u0218coala Babel","potentialAction":[{"@type":"SearchAction","target":{"@type":"EntryPoint","urlTemplate":"https:\/\/www.scoalababel.ro\/?s={search_term_string}"},"query-input":{"@type":"PropertyValueSpecification","valueRequired":true,"valueName":"search_term_string"}}],"inLanguage":"en-US"}]}},"_links":{"self":[{"href":"https:\/\/www.scoalababel.ro\/en\/wp-json\/wp\/v2\/pages\/192","targetHints":{"allow":["GET"]}}],"collection":[{"href":"https:\/\/www.scoalababel.ro\/en\/wp-json\/wp\/v2\/pages"}],"about":[{"href":"https:\/\/www.scoalababel.ro\/en\/wp-json\/wp\/v2\/types\/page"}],"author":[{"embeddable":true,"href":"https:\/\/www.scoalababel.ro\/en\/wp-json\/wp\/v2\/users\/1"}],"replies":[{"embeddable":true,"href":"https:\/\/www.scoalababel.ro\/en\/wp-json\/wp\/v2\/comments?post=192"}],"version-history":[{"count":92,"href":"https:\/\/www.scoalababel.ro\/en\/wp-json\/wp\/v2\/pages\/192\/revisions"}],"predecessor-version":[{"id":5944,"href":"https:\/\/www.scoalababel.ro\/en\/wp-json\/wp\/v2\/pages\/192\/revisions\/5944"}],"wp:attachment":[{"href":"https:\/\/www.scoalababel.ro\/en\/wp-json\/wp\/v2\/media?parent=192"}],"curies":[{"name":"wp","href":"https:\/\/api.w.org\/{rel}","templated":true}]}}