{"id":2543,"date":"2018-02-08T16:12:42","date_gmt":"2018-02-08T16:12:42","guid":{"rendered":"http:\/\/www.scoalababel.ro\/?page_id=2543"},"modified":"2018-04-17T06:54:17","modified_gmt":"2018-04-17T06:54:17","slug":"comunicare-nonviolenta","status":"publish","type":"page","link":"https:\/\/www.scoalababel.ro\/en\/comunitate\/proiecte\/comunicare-nonviolenta\/","title":{"rendered":"Ateliere de Comunicare Nonviolent\u0103"},"content":{"rendered":"<p>[vc_row][vc_column][vc_single_image image=&#8221;2646&#8243; img_size=&#8221;600&#215;900&#8243; alignment=&#8221;center&#8221; onclick=&#8221;img_link_large&#8221; img_link_target=&#8221;_blank&#8221;][vc_empty_space][\/vc_column][\/vc_row][vc_row][vc_column][vc_column_text]<\/p>\n<p style=\"text-align: left;\"><strong>Comunicarea nonviolent\u0103<\/strong><\/p>\n<p style=\"text-align: justify;\"><strong>Comunicarea nonviolent\u0103<\/strong> este un instrument de rela\u021bionare al c\u0103rui nume este inspirat de spiritul\u00a0 mi\u0219c\u0103rii noviolente ini\u021biat\u0103 de Mahatma Gandhi \u00een India.<\/p>\n<p style=\"text-align: justify;\">Conceptul a fost dezvoltat de doctorul \u00een psihologie Marshall Rosenberg, \u00een anii &#8217;80. De atunci a fost r\u0103sp\u00e2ndit \u00een toat\u0103 lumea c\u0103tre oameni care \u0219i-au dorit s\u0103 \u00ee\u0219i transforme conflictele \u00een experien\u021be de \u00eenv\u0103\u021bare, educa\u021bia copiilor \u00eentr-un parteneriat, dar \u00eenainte de toate rela\u021bia cu sine \u0219i cu ceilal\u021bi \u00een bucurie autentic\u0103.<\/p>\n<p style=\"text-align: justify;\">V\u0103 invit\u0103m la o sesiune \u00een care s\u0103 descoperim o alt\u0103 perspectiv\u0103 asupra experien\u021bei vie\u021bii \u0219i s\u0103 ne familiariz\u0103m cu conceptul de <strong>Comunicare nonviolent\u0103<\/strong> \u0219i cu aplica\u021biile acestuia:<\/p>\n<h5><span style=\"color: #800080;\">Introducere \u00een comunicarea nonviolent\u0103<\/span><\/h5>\n<p style=\"text-align: justify;\">Atelierul se adreseaz\u0103 cadrelor didactice, p\u0103rin\u021bilor, educatorilor, oric\u0103rei persoane care \u00ee\u0219i dore\u0219te s\u0103 aduc\u0103 mai mult\u0103 armonie \u0219i bucurie \u00een via\u021ba sa \u0219i a celor din jur.<\/p>\n<p><span style=\"color: #800080;\"><strong>Structura atelierului:<\/strong><\/span><\/p>\n<ul>\n<li><strong>Sesiunea I: vineri<\/strong>, \u00eentre orele 17:30-20:30;<\/li>\n<li><strong>Sesiunea II: s\u00e2mb\u0103t\u0103,\u00a0<\/strong>\u00eentre orele 10:00 \u2013 17:30<\/li>\n<\/ul>\n<p><span style=\"color: #800080;\"><strong>Date urm\u0103toare:<\/strong><\/span><\/p>\n<ul>\n<li><strong>20<\/strong>\u00a0\u0219i<strong> 21 aprilie 2018<\/strong><\/li>\n<\/ul>\n<p style=\"text-align: justify;\">Atelierul va avea loc la sediul \u0218colii Babel,\u00a0<a href=\"https:\/\/maps.google.com\/?q=spl.+Tudor+Vladimirescu+nr.+9\/1&amp;entry=gmail&amp;source=g\">Spl. Tudor Vladimirescu nr. 9 \/ 1<\/a>. Pentru participarea la atelier suger\u0103m o dona\u021bie cuprins\u0103 \u00eentr 75 \u2013 150 de lei\/persoan\u0103, sum\u0103 care sus\u021bine evenimentele urm\u0103toare organizate \u00een cadrul \u0219colii.<\/p>\n<p style=\"text-align: justify;\">Pentru \u00eenscrierea la acest atelier v\u0103 rug\u0103m s\u0103 trimite\u021bi un e-mail cu datele de contact (nume, num\u0103r de telefon \u0219i e-mail) c\u0103tre\u00a0<a href=\"mailto:manuela.murariu@babelcenter.ro\">manuela.murariu@babelcenter.ro<\/a>, p\u00e2n\u0103 \u00een data de 16 februarie 2018 pentru atelierul din februarie, respectiv 16 martie pentru cel din martie.<\/p>\n<p style=\"text-align: justify;\"><span style=\"color: #800080;\"><strong>Trainer: Manuela Murariu<\/strong><\/span><br \/>\n<img loading=\"lazy\" decoding=\"async\" class=\" wp-image-2596 alignright\" src=\"http:\/\/www.scoalababel.ro\/wp-content\/uploads\/2018\/02\/manuela-murariu-trainer-comunicare-nonviolenta.jpg\" alt=\"manuela-murariu-trainer-comunicare-nonviolenta\" width=\"299\" height=\"299\" srcset=\"https:\/\/www.scoalababel.ro\/wp-content\/uploads\/2018\/02\/manuela-murariu-trainer-comunicare-nonviolenta.jpg 500w, https:\/\/www.scoalababel.ro\/wp-content\/uploads\/2018\/02\/manuela-murariu-trainer-comunicare-nonviolenta-150x150.jpg 150w, https:\/\/www.scoalababel.ro\/wp-content\/uploads\/2018\/02\/manuela-murariu-trainer-comunicare-nonviolenta-300x300.jpg 300w\" sizes=\"auto, (max-width: 299px) 100vw, 299px\" \/><br \/>\n<strong>Manuela Murariu<\/strong> este\u00a0co-fondatoare a centrului de limbi str\u0103ine <strong>Babel Center<\/strong>, a c\u0103rui activitate a coordonat-o p\u00e2n\u0103 \u00een 2015. \u00cen ultimii 2 ani \u0219i-a dedicat timp domeniilor sale de pasiune: educa\u021bie pentru pace, comunicarea nonviolent\u0103 \u0219i practica yoga.<\/p>\n<p style=\"text-align: justify;\"><em>\u201ePrima mea \u00eent\u00e2lnire cu comunicarea nonviolent\u0103 a avut loc \u00een noiembrie 2008. Mi-a deschis o perspectiv\u0103 minunat\u0103 asupra poten<\/em><em>\u021b<\/em><em>ialului experien<\/em><em>\u021b<\/em><em>ei umane, mi-a umplut sufletul de speran<\/em><em>\u021b<\/em><em>\u0103 c\u0103 se poate tr\u0103i mai frumos <\/em><em>\u0219<\/em><em>i mai armonios. De atunci am urmat mai multe form\u0103ri \u00een domeniu care mi-au revelat diverse moduri de a aduce comunicarea nonviolent\u0103 mai aproape de oamenii cu care lucrez <\/em><em>\u0219<\/em><em>i interac<\/em><em>\u021b<\/em><em>ionez.\u201d<\/em><\/p>\n<p>[\/vc_column_text][\/vc_column][\/vc_row]<\/p>\n","protected":false},"excerpt":{"rendered":"<p>[vc_row][vc_column][vc_single_image image=&#8221;2646&#8243; img_size=&#8221;600&#215;900&#8243; alignment=&#8221;center&#8221; onclick=&#8221;img_link_large&#8221; img_link_target=&#8221;_blank&#8221;][vc_empty_space][\/vc_column][\/vc_row][vc_row][vc_column][vc_column_text] Comunicarea nonviolent\u0103 Comunicarea nonviolent\u0103 este un instrument de rela\u021bionare al c\u0103rui nume este inspirat de spiritul\u00a0 mi\u0219c\u0103rii noviolente ini\u021biat\u0103 de Mahatma Gandhi \u00een India. Conceptul a fost dezvoltat de doctorul \u00een psihologie Marshall Rosenberg, \u00een anii &#8217;80. De atunci a fost r\u0103sp\u00e2ndit \u00een toat\u0103 lumea c\u0103tre oameni care \u0219i-au [&hellip;]<\/p>\n","protected":false},"author":3,"featured_media":0,"parent":2520,"menu_order":0,"comment_status":"closed","ping_status":"closed","template":"","meta":{"footnotes":""},"class_list":["post-2543","page","type-page","status-publish","hentry"],"yoast_head":"<!-- This site is optimized with the Yoast SEO plugin v27.5 - https:\/\/yoast.com\/product\/yoast-seo-wordpress\/ -->\n<title>Dezvoltare personal\u0103 - Ateliere de Comunicare Nonviolent\u0103<\/title>\n<meta name=\"description\" content=\"\u00cencep\u00e2nd cu februarie 2018, v\u0103 \u00eenvit\u0103m la dou\u0103 noi ateliere de comunicare nonviolent\u0103 - un excelent instrument de comunicare \u0219i rezolvare a conflictelor.\" \/>\n<meta name=\"robots\" content=\"index, follow, max-snippet:-1, max-image-preview:large, max-video-preview:-1\" \/>\n<link rel=\"canonical\" href=\"https:\/\/www.scoalababel.ro\/en\/comunitate\/proiecte\/comunicare-nonviolenta\/\" \/>\n<meta property=\"og:locale\" content=\"en_US\" \/>\n<meta property=\"og:locale:alternate\" content=\"ro_RO\" \/>\n<meta property=\"og:type\" content=\"article\" \/>\n<meta property=\"og:title\" content=\"Dezvoltare personal\u0103 - Ateliere de Comunicare Nonviolent\u0103\" \/>\n<meta property=\"og:description\" content=\"\u00cencep\u00e2nd cu februarie 2018, v\u0103 \u00eenvit\u0103m la dou\u0103 noi ateliere de comunicare nonviolent\u0103 - un excelent instrument de comunicare \u0219i rezolvare a conflictelor.\" \/>\n<meta property=\"og:url\" content=\"https:\/\/www.scoalababel.ro\/en\/comunitate\/proiecte\/comunicare-nonviolenta\/\" \/>\n<meta property=\"og:site_name\" content=\"\u0218coala Babel\" \/>\n<meta property=\"article:publisher\" content=\"https:\/\/www.facebook.com\/scoalababel\/\" \/>\n<meta property=\"article:modified_time\" content=\"2018-04-17T06:54:17+00:00\" \/>\n<meta property=\"og:image\" content=\"https:\/\/www.scoalababel.ro\/wp-content\/uploads\/2018\/02\/manuela-murariu-trainer-comunicare-nonviolenta.jpg\" \/>\n\t<meta property=\"og:image:width\" content=\"500\" \/>\n\t<meta property=\"og:image:height\" content=\"500\" \/>\n\t<meta property=\"og:image:type\" content=\"image\/jpeg\" \/>\n<meta name=\"twitter:card\" content=\"summary_large_image\" \/>\n<meta name=\"twitter:label1\" content=\"Est. reading time\" \/>\n\t<meta name=\"twitter:data1\" content=\"2 minutes\" \/>\n<script type=\"application\/ld+json\" class=\"yoast-schema-graph\">{\"@context\":\"https:\\\/\\\/schema.org\",\"@graph\":[{\"@type\":\"WebPage\",\"@id\":\"https:\\\/\\\/www.scoalababel.ro\\\/comunitate\\\/proiecte\\\/comunicare-nonviolenta\\\/\",\"url\":\"https:\\\/\\\/www.scoalababel.ro\\\/comunitate\\\/proiecte\\\/comunicare-nonviolenta\\\/\",\"name\":\"Dezvoltare personal\u0103 - Ateliere de Comunicare Nonviolent\u0103\",\"isPartOf\":{\"@id\":\"https:\\\/\\\/www.scoalababel.ro\\\/#website\"},\"primaryImageOfPage\":{\"@id\":\"https:\\\/\\\/www.scoalababel.ro\\\/comunitate\\\/proiecte\\\/comunicare-nonviolenta\\\/#primaryimage\"},\"image\":{\"@id\":\"https:\\\/\\\/www.scoalababel.ro\\\/comunitate\\\/proiecte\\\/comunicare-nonviolenta\\\/#primaryimage\"},\"thumbnailUrl\":\"http:\\\/\\\/www.scoalababel.ro\\\/wp-content\\\/uploads\\\/2018\\\/02\\\/manuela-murariu-trainer-comunicare-nonviolenta.jpg\",\"datePublished\":\"2018-02-08T16:12:42+00:00\",\"dateModified\":\"2018-04-17T06:54:17+00:00\",\"description\":\"\u00cencep\u00e2nd cu februarie 2018, v\u0103 \u00eenvit\u0103m la dou\u0103 noi ateliere de comunicare nonviolent\u0103 - un excelent instrument de comunicare \u0219i rezolvare a conflictelor.\",\"breadcrumb\":{\"@id\":\"https:\\\/\\\/www.scoalababel.ro\\\/comunitate\\\/proiecte\\\/comunicare-nonviolenta\\\/#breadcrumb\"},\"inLanguage\":\"en-US\",\"potentialAction\":[{\"@type\":\"ReadAction\",\"target\":[\"https:\\\/\\\/www.scoalababel.ro\\\/comunitate\\\/proiecte\\\/comunicare-nonviolenta\\\/\"]}]},{\"@type\":\"ImageObject\",\"inLanguage\":\"en-US\",\"@id\":\"https:\\\/\\\/www.scoalababel.ro\\\/comunitate\\\/proiecte\\\/comunicare-nonviolenta\\\/#primaryimage\",\"url\":\"http:\\\/\\\/www.scoalababel.ro\\\/wp-content\\\/uploads\\\/2018\\\/02\\\/manuela-murariu-trainer-comunicare-nonviolenta.jpg\",\"contentUrl\":\"http:\\\/\\\/www.scoalababel.ro\\\/wp-content\\\/uploads\\\/2018\\\/02\\\/manuela-murariu-trainer-comunicare-nonviolenta.jpg\"},{\"@type\":\"BreadcrumbList\",\"@id\":\"https:\\\/\\\/www.scoalababel.ro\\\/comunitate\\\/proiecte\\\/comunicare-nonviolenta\\\/#breadcrumb\",\"itemListElement\":[{\"@type\":\"ListItem\",\"position\":1,\"name\":\"Home\",\"item\":\"https:\\\/\\\/www.scoalababel.ro\\\/\"},{\"@type\":\"ListItem\",\"position\":2,\"name\":\"Comunitate\",\"item\":\"https:\\\/\\\/www.scoalababel.ro\\\/comunitate\\\/\"},{\"@type\":\"ListItem\",\"position\":3,\"name\":\"Proiecte\",\"item\":\"https:\\\/\\\/www.scoalababel.ro\\\/comunitate\\\/proiecte\\\/\"},{\"@type\":\"ListItem\",\"position\":4,\"name\":\"Ateliere de Comunicare Nonviolent\u0103\"}]},{\"@type\":\"WebSite\",\"@id\":\"https:\\\/\\\/www.scoalababel.ro\\\/#website\",\"url\":\"https:\\\/\\\/www.scoalababel.ro\\\/\",\"name\":\"\u0218coala Babel\",\"description\":\"\u0218coala Babel\",\"potentialAction\":[{\"@type\":\"SearchAction\",\"target\":{\"@type\":\"EntryPoint\",\"urlTemplate\":\"https:\\\/\\\/www.scoalababel.ro\\\/?s={search_term_string}\"},\"query-input\":{\"@type\":\"PropertyValueSpecification\",\"valueRequired\":true,\"valueName\":\"search_term_string\"}}],\"inLanguage\":\"en-US\"}]}<\/script>\n<!-- \/ Yoast SEO plugin. -->","yoast_head_json":{"title":"Dezvoltare personal\u0103 - Ateliere de Comunicare Nonviolent\u0103","description":"\u00cencep\u00e2nd cu februarie 2018, v\u0103 \u00eenvit\u0103m la dou\u0103 noi ateliere de comunicare nonviolent\u0103 - un excelent instrument de comunicare \u0219i rezolvare a conflictelor.","robots":{"index":"index","follow":"follow","max-snippet":"max-snippet:-1","max-image-preview":"max-image-preview:large","max-video-preview":"max-video-preview:-1"},"canonical":"https:\/\/www.scoalababel.ro\/en\/comunitate\/proiecte\/comunicare-nonviolenta\/","og_locale":"en_US","og_type":"article","og_title":"Dezvoltare personal\u0103 - Ateliere de Comunicare Nonviolent\u0103","og_description":"\u00cencep\u00e2nd cu februarie 2018, v\u0103 \u00eenvit\u0103m la dou\u0103 noi ateliere de comunicare nonviolent\u0103 - un excelent instrument de comunicare \u0219i rezolvare a conflictelor.","og_url":"https:\/\/www.scoalababel.ro\/en\/comunitate\/proiecte\/comunicare-nonviolenta\/","og_site_name":"\u0218coala Babel","article_publisher":"https:\/\/www.facebook.com\/scoalababel\/","article_modified_time":"2018-04-17T06:54:17+00:00","og_image":[{"width":500,"height":500,"url":"https:\/\/www.scoalababel.ro\/wp-content\/uploads\/2018\/02\/manuela-murariu-trainer-comunicare-nonviolenta.jpg","type":"image\/jpeg"}],"twitter_card":"summary_large_image","twitter_misc":{"Est. reading time":"2 minutes"},"schema":{"@context":"https:\/\/schema.org","@graph":[{"@type":"WebPage","@id":"https:\/\/www.scoalababel.ro\/comunitate\/proiecte\/comunicare-nonviolenta\/","url":"https:\/\/www.scoalababel.ro\/comunitate\/proiecte\/comunicare-nonviolenta\/","name":"Dezvoltare personal\u0103 - Ateliere de Comunicare Nonviolent\u0103","isPartOf":{"@id":"https:\/\/www.scoalababel.ro\/#website"},"primaryImageOfPage":{"@id":"https:\/\/www.scoalababel.ro\/comunitate\/proiecte\/comunicare-nonviolenta\/#primaryimage"},"image":{"@id":"https:\/\/www.scoalababel.ro\/comunitate\/proiecte\/comunicare-nonviolenta\/#primaryimage"},"thumbnailUrl":"http:\/\/www.scoalababel.ro\/wp-content\/uploads\/2018\/02\/manuela-murariu-trainer-comunicare-nonviolenta.jpg","datePublished":"2018-02-08T16:12:42+00:00","dateModified":"2018-04-17T06:54:17+00:00","description":"\u00cencep\u00e2nd cu februarie 2018, v\u0103 \u00eenvit\u0103m la dou\u0103 noi ateliere de comunicare nonviolent\u0103 - un excelent instrument de comunicare \u0219i rezolvare a conflictelor.","breadcrumb":{"@id":"https:\/\/www.scoalababel.ro\/comunitate\/proiecte\/comunicare-nonviolenta\/#breadcrumb"},"inLanguage":"en-US","potentialAction":[{"@type":"ReadAction","target":["https:\/\/www.scoalababel.ro\/comunitate\/proiecte\/comunicare-nonviolenta\/"]}]},{"@type":"ImageObject","inLanguage":"en-US","@id":"https:\/\/www.scoalababel.ro\/comunitate\/proiecte\/comunicare-nonviolenta\/#primaryimage","url":"http:\/\/www.scoalababel.ro\/wp-content\/uploads\/2018\/02\/manuela-murariu-trainer-comunicare-nonviolenta.jpg","contentUrl":"http:\/\/www.scoalababel.ro\/wp-content\/uploads\/2018\/02\/manuela-murariu-trainer-comunicare-nonviolenta.jpg"},{"@type":"BreadcrumbList","@id":"https:\/\/www.scoalababel.ro\/comunitate\/proiecte\/comunicare-nonviolenta\/#breadcrumb","itemListElement":[{"@type":"ListItem","position":1,"name":"Home","item":"https:\/\/www.scoalababel.ro\/"},{"@type":"ListItem","position":2,"name":"Comunitate","item":"https:\/\/www.scoalababel.ro\/comunitate\/"},{"@type":"ListItem","position":3,"name":"Proiecte","item":"https:\/\/www.scoalababel.ro\/comunitate\/proiecte\/"},{"@type":"ListItem","position":4,"name":"Ateliere de Comunicare Nonviolent\u0103"}]},{"@type":"WebSite","@id":"https:\/\/www.scoalababel.ro\/#website","url":"https:\/\/www.scoalababel.ro\/","name":"\u0218coala Babel","description":"\u0218coala Babel","potentialAction":[{"@type":"SearchAction","target":{"@type":"EntryPoint","urlTemplate":"https:\/\/www.scoalababel.ro\/?s={search_term_string}"},"query-input":{"@type":"PropertyValueSpecification","valueRequired":true,"valueName":"search_term_string"}}],"inLanguage":"en-US"}]}},"_links":{"self":[{"href":"https:\/\/www.scoalababel.ro\/en\/wp-json\/wp\/v2\/pages\/2543","targetHints":{"allow":["GET"]}}],"collection":[{"href":"https:\/\/www.scoalababel.ro\/en\/wp-json\/wp\/v2\/pages"}],"about":[{"href":"https:\/\/www.scoalababel.ro\/en\/wp-json\/wp\/v2\/types\/page"}],"author":[{"embeddable":true,"href":"https:\/\/www.scoalababel.ro\/en\/wp-json\/wp\/v2\/users\/3"}],"replies":[{"embeddable":true,"href":"https:\/\/www.scoalababel.ro\/en\/wp-json\/wp\/v2\/comments?post=2543"}],"version-history":[{"count":11,"href":"https:\/\/www.scoalababel.ro\/en\/wp-json\/wp\/v2\/pages\/2543\/revisions"}],"predecessor-version":[{"id":2647,"href":"https:\/\/www.scoalababel.ro\/en\/wp-json\/wp\/v2\/pages\/2543\/revisions\/2647"}],"up":[{"embeddable":true,"href":"https:\/\/www.scoalababel.ro\/en\/wp-json\/wp\/v2\/pages\/2520"}],"wp:attachment":[{"href":"https:\/\/www.scoalababel.ro\/en\/wp-json\/wp\/v2\/media?parent=2543"}],"curies":[{"name":"wp","href":"https:\/\/api.w.org\/{rel}","templated":true}]}}