{"id":2545,"date":"2018-02-08T16:19:06","date_gmt":"2018-02-08T16:19:06","guid":{"rendered":"http:\/\/www.scoalababel.ro\/?page_id=2545"},"modified":"2019-03-20T09:54:08","modified_gmt":"2019-03-20T09:54:08","slug":"seed-saptamana-europeana-educatiei-democratice","status":"publish","type":"page","link":"https:\/\/www.scoalababel.ro\/en\/comunitate\/proiecte\/seed-saptamana-europeana-educatiei-democratice\/","title":{"rendered":"S\u0103pt\u0103m\u00e2na European\u0103 a Educa\u021biei Democratice &#8211; edi\u021bia I (2018)"},"content":{"rendered":"<p>[vc_row][vc_column][vc_separator color=&#8221;chino&#8221; style=&#8221;shadow&#8221; border_width=&#8221;10&#8243;][vc_empty_space][\/vc_column][\/vc_row][vc_row][vc_column][vc_single_image image=&#8221;2569&#8243; img_size=&#8221;large&#8221; alignment=&#8221;center&#8221;][\/vc_column][\/vc_row][vc_row][vc_column][vc_empty_space][\/vc_column][\/vc_row][vc_row][vc_column width=&#8221;1\/4&#8243;][vc_single_image image=&#8221;2570&#8243; img_size=&#8221;340&#215;120&#8243; alignment=&#8221;right&#8221; onclick=&#8221;img_link_large&#8221; img_link_target=&#8221;_blank&#8221;][\/vc_column][vc_column width=&#8221;1\/2&#8243;][vc_empty_space height=&#8221;20px&#8221;][vc_empty_space height=&#8221;20px&#8221;][vc_column_text]<\/p>\n<p style=\"text-align: center;\"><span style=\"color: #333333;\"><strong>Parteneri educa\u021bionali<\/strong><\/span><\/p>\n<p>[\/vc_column_text][\/vc_column][vc_column width=&#8221;1\/4&#8243;][vc_single_image image=&#8221;2571&#8243; img_size=&#8221;340&#215;120&#8243; onclick=&#8221;img_link_large&#8221; img_link_target=&#8221;_blank&#8221;][\/vc_column][\/vc_row][vc_row][vc_column][vc_empty_space height=&#8221;50px&#8221;][vc_text_separator title=&#8221;PROGRAMUL COMPLET SEED&#8221; color=&#8221;custom&#8221; border_width=&#8221;3&#8243; accent_color=&#8221;#ff008c&#8221;][vc_empty_space height=&#8221;30px&#8221;][vc_cta h2=&#8221;&#8221; css=&#8221;.vc_custom_1524823381307{background-color: #ffe8ee !important;}&#8221; use_custom_fonts_h2=&#8221;true&#8221;]<\/p>\n<p style=\"text-align: justify;\"><span style=\"color: #ff008c;\"><strong>4 MAI, 18.00 &#8211; 20.30<\/strong><\/span><\/p>\n<p style=\"text-align: justify;\"><strong>Deschiderea SEED <\/strong>&#8211; <span style=\"color: #ff008c;\"><strong>Povestea \u0219colilor experien\u021biale din Belgia &amp; Olanda \u0219i parteneriatul construit cu acestea de \u0218coala Babel <\/strong><\/span>(eveniment dedicat comunit\u0103\u021bii \u0218colii Babel)<strong><br \/>\n<\/strong><\/p>\n<p style=\"text-align: justify;\"><em>Invita\u021bi:\u00a0 <\/em><span style=\"color: #ff008c;\"><strong>Suze Roelofs<\/strong><\/span> (Consultant educa\u021bional \u0219i p\u0103rinte fondatoar al \u0218colii <a href=\"https:\/\/defonkeling.nl\/\" target=\"_blank\">De Fonkeling<\/a>, Olanda)<\/p>\n<p style=\"text-align: justify;\">\u00a0\u00a0\u00a0\u00a0\u00a0\u00a0\u00a0\u00a0\u00a0\u00a0\u00a0\u00a0\u00a0\u00a0\u00a0\u00a0 <span style=\"color: #ff008c;\"><strong>Pam <\/strong>\u0219i<strong> Just Roelofs<\/strong><\/span> (copii educa\u021bi \u00een \u0218coala\u00a0 <a href=\"https:\/\/defonkeling.nl\/\" target=\"_blank\">De Fonkeling<\/a>, Olanda)<\/p>\n<p style=\"text-align: justify;\"><strong>\u00a0\u00a0\u00a0\u00a0\u00a0\u00a0\u00a0\u00a0\u00a0\u00a0\u00a0\u00a0\u00a0\u00a0\u00a0 <span style=\"color: #ff008c;\">Machteld Cattrysse <\/span><\/strong>(Prin secretar \u0219i Consul sadei Belgiei \u00een Rom\u00e2nia)<\/p>\n<p style=\"text-align: justify;\">\u00a0\u00a0\u00a0\u00a0\u00a0\u00a0\u00a0\u00a0\u00a0\u00a0\u00a0\u00a0\u00a0\u00a0\u00a0\u00a0 <span style=\"color: #ff008c;\"><strong>Marius Popa<\/strong><\/span> (Consul onorific al Regatutului \u021a\u0103rilor de Jos)<\/p>\n<p style=\"text-align: justify;\"><strong>\u00a0\u00a0\u00a0\u00a0\u00a0\u00a0\u00a0\u00a0\u00a0\u00a0\u00a0\u00a0\u00a0\u00a0\u00a0 <span style=\"color: #ff008c;\">Membri fondatori, profesori \u0219i copii ai \u0218colii Babel<\/span><\/strong><\/p>\n<p style=\"text-align: right;\"><em>\u00a0\u00a0\u00a0\u00a0\u00a0\u00a0\u00a0\u00a0\u00a0 Loca\u021bie: <a href=\"http:\/\/www.plai.ro\/ambasada\/\" target=\"_blank\">Ambasada<\/a> (Strada Anton Seiller nr. 2, Timi\u0219oara)<\/em><\/p>\n<h5 style=\"text-align: center;\">Not\u0103: Pentru participarea la acest eveniment v\u0103 rug\u0103m completa\u021bi<\/h5>\n<h5 style=\"text-align: center;\"><a href=\"https:\/\/docs.google.com\/forms\/d\/e\/1FAIpQLSdf5pRY4H5DChAeo1p477CYujvvX31I8bc_vs95AiDD4HKyAQ\/viewform\" target=\"_blank\">Formularul de \u00eenscriere<\/a>!<\/h5>\n<p>[\/vc_cta][vc_cta h2=&#8221;&#8221; css=&#8221;.vc_custom_1525684209194{background-color: #ffe8ee !important;}&#8221; use_custom_fonts_h2=&#8221;true&#8221;]<\/p>\n<p style=\"text-align: justify;\"><span style=\"color: #ff008c;\"><strong>\u00a05 MAI, 09.00 &#8211; 17.00<\/strong><\/span><\/p>\n<p style=\"text-align: justify;\"><strong>Conferin\u021ba<\/strong> <span style=\"color: #ff008c;\"><strong>Well-being and Involvement. The Shortcut to Resilience and Talent<\/strong><\/span><\/p>\n<p style=\"text-align: justify;\"><em>\u00a0Invitat<\/em>: Prof. Dr. <span style=\"color: #ff008c;\"><strong>Ferre Laevers<\/strong><\/span> (Belgia), Director al Centrului de Cercetare pentru \u00cenv\u0103\u021bare Experien\u021bial\u0103 (<strong>CEGO<\/strong>), Universitatea din Leuven<\/p>\n<p style=\"text-align: justify;\"><em>\u00a0\u00a0\u00a0\u00a0\u00a0\u00a0\u00a0\u00a0\u00a0 <strong>Programul conferin\u021bei:<\/strong><\/em><\/p>\n<p style=\"text-align: justify;\">09:00 Introducere din partea organizatorilor<\/p>\n<p style=\"text-align: justify;\">09:20 Partea I: Starea de bine \u0219i implicarea ca \u0219i concepte<\/p>\n<p style=\"text-align: justify;\">10: 45 Pauz\u0103<\/p>\n<p style=\"text-align: justify;\">11:00 Partea a II-a: Ce fel de rezultate ne dorim s\u0103 ob\u021binem<\/p>\n<p style=\"text-align: justify;\">12:00 Partea a III-a: Cum ajungem acolo: monitorizarea calit\u0103\u021bii procesului<\/p>\n<p style=\"text-align: justify;\">12:30 Pauz\u0103 de pr\u00e2nz<\/p>\n<p style=\"text-align: justify;\">13:30 Partea a IV-a: Un mediu de \u00eenv\u0103\u021bare bine structurat (1)<\/p>\n<p style=\"text-align: justify;\">14:45 Pauz\u0103 15:00<\/p>\n<p style=\"text-align: justify;\">Partea a V-a: Un mediu de \u00eenv\u0103\u021bare bine structurat (2)<\/p>\n<p style=\"text-align: justify;\">16:00 \u00centreb\u0103ri \u0219i discu\u021bii<\/p>\n<p style=\"text-align: justify;\">17:00 \u00cencheiere<\/p>\n<p style=\"text-align: right;\"><em>Loca\u021bie: <em>Blvd. 1 Decembrie 1918 nr. 93, Timi\u0219oara (sediul \u0218colii Babel)<\/em><\/em><\/p>\n<p>[\/vc_cta][vc_cta h2=&#8221;&#8221; css=&#8221;.vc_custom_1525684233365{background-color: #ffe8ee !important;}&#8221;]<\/p>\n<p style=\"text-align: justify;\"><span style=\"color: #ff008c;\"><strong>6 MAI, 10.00 \u2013 13.00<\/strong><\/span><\/p>\n<p style=\"text-align: justify;\"><span style=\"color: #ff008c;\"><strong>Reflec\u021bii \u0219i punte de <span style=\"color: #ff008c;\">ac\u021biune<\/span> pe marginea conferin\u021bei<\/strong><\/span><\/p>\n<p style=\"text-align: justify;\"><em>Facilitatori: <\/em><span style=\"color: #ff008c;\"><strong>Suze-Roelofs Emonds<\/strong><\/span> (Olanda), Fondatoare a \u0218colii <a href=\"https:\/\/defonkeling.nl\/\" target=\"_blank\">De Fonkeling<\/a>, Consultant Educa\u021bional \u0219i Coordonator al proiectului \u201d\u00cenv\u0103\u021bare Experien\u021bial\u0103\u201d, Olanda<em><br \/>\n<\/em><\/p>\n<p style=\"text-align: justify;\"><strong>\u00a0\u00a0\u00a0\u00a0\u00a0\u00a0\u00a0\u00a0\u00a0\u00a0\u00a0\u00a0\u00a0\u00a0\u00a0\u00a0\u00a0\u00a0\u00a0\u00a0\u00a0\u00a0 <span style=\"color: #ff008c;\">Monica Diaconu, <\/span><\/strong>Coordonator academic \u0219i membru fondator \u0218coala Babel<\/p>\n<p style=\"text-align: right;\"><em>Loca\u021bie: <em>Blvd. 1 Decembrie 1918 nr. 93, Timi\u0219oara (sediul \u0218colii Babel)<\/em><\/em><\/p>\n<p>[\/vc_cta][vc_cta h2=&#8221;&#8221; css=&#8221;.vc_custom_1522315878806{background-color: #ffe8ee !important;}&#8221;]<\/p>\n<p style=\"text-align: justify;\"><span style=\"color: #ff008c;\"><strong> 8 MAI, 18.00 \u2013 20.00<\/strong><\/span><\/p>\n<p style=\"text-align: justify;\"><span style=\"color: #ff008c;\"><strong>Grup de practic\u0103 \u00een Comunicare Nonviolent\u0103 <\/strong><\/span>(pentru participan\u021bii SEED, \u00een limita a 15 locuri)<\/p>\n<p style=\"text-align: justify;\"><em>Facilitator<\/em>: <span style=\"color: #ff008c;\"><strong>Manuela Murariu<\/strong><\/span>, \u0218coala Babel<\/p>\n<p style=\"text-align: right;\"><em>Loca\u021bie: Blvd. 1 Decembrie 1918 nr. 93, Timi\u0219oara (sediul \u0218colii Babel)<\/em><\/p>\n<p>[\/vc_cta][vc_cta h2=&#8221;&#8221; css=&#8221;.vc_custom_1522315938288{background-color: #ffe8ee !important;}&#8221;]<\/p>\n<p style=\"text-align: justify;\"><span style=\"color: #ff008c;\"><strong>9 MAI, 18.00 \u2013 20.00<\/strong><\/span><\/p>\n<p style=\"text-align: justify;\"><strong>Metode \u00een\u00a0 <span style=\"color: #ff008c;\">Storytelling <\/span><\/strong>(pentru participan\u021bii SEED, \u00een limita a 20 locuri)<\/p>\n<p style=\"text-align: justify;\"><em>Facilitator<\/em>: \u00cenv. <strong><span style=\"color: #ff008c;\">Monica Diaconu<\/span><\/strong>, \u0218coala Babel<\/p>\n<p style=\"text-align: right;\"><em>Loca\u021bie: Blvd. 1 Decembrie 1918 nr. 93, Timi\u0219oara (sediul \u0218colii Babel)<\/em><\/p>\n<p>[\/vc_cta][vc_cta h2=&#8221;&#8221; css=&#8221;.vc_custom_1522315956853{background-color: #ffe8ee !important;}&#8221;]<\/p>\n<p style=\"text-align: justify;\"><strong><span style=\"color: #ff008c;\">10 MAI, 18.00 \u2013 20.00 <\/span><\/strong><\/p>\n<p style=\"text-align: justify;\"><strong><span style=\"color: #ff008c;\">Vizit\u0103 ghidat\u0103 la \u0218coala Primar\u0103 Babel<\/span>, prima \u0219coal\u0103 experien\u021bial\u0103 dup\u0103 model olandez<\/strong> (pentru participan\u021bii SEED, \u00een limita a 15 locuri)<\/p>\n<p style=\"text-align: justify;\"><em>\u00a0Facilitatori<\/em>: Reprezentan\u021bi \u0218coala Babel<\/p>\n<p style=\"text-align: right;\"><em>Loca\u021bie: Splaiul Tudor Vladimirescu nr. 9 (sediul \u0218colii Babel)<\/em><\/p>\n<p>[\/vc_cta][vc_cta h2=&#8221;&#8221; css=&#8221;.vc_custom_1522316011862{background-color: #ffe8ee !important;}&#8221;]<\/p>\n<p style=\"text-align: justify;\"><span style=\"color: #ff008c;\"><strong>11-13 MAI<\/strong><\/span><\/p>\n<p style=\"text-align: justify;\"><strong>Atelier intensiv <span style=\"color: #ff008c;\">Calm in the Storm. Responding with Compassion to Children\u2019s Intense Emotions<\/span><\/strong><\/p>\n<p style=\"text-align: justify;\"><em>Facilitator<\/em>: <span style=\"color: #ff008c;\"><strong>Penny Vine<\/strong><\/span> (Anglia), Consultant \u0219i Trainer Interna\u021bional de\/pentru Comunicare Nonviolent\u0103<\/p>\n<p style=\"text-align: justify;\"><strong><em>\u00a0\u00a0\u00a0\u00a0\u00a0\u00a0\u00a0\u00a0\u00a0 Programul atelierului pe zile:<\/em><\/strong><\/p>\n<p style=\"text-align: justify;\"><span style=\"color: #ff008c;\"><strong>\u00a0\u00a0\u00a0\u00a0\u00a0\u00a0\u00a0\u00a0\u00a0 11 MAI, 13.00 &#8211; 18.30 (vineri)<br \/>\n<\/strong><\/span><\/p>\n<p style=\"text-align: justify;\"><em>Obiective:<\/em><\/p>\n<ul style=\"text-align: justify;\">\n<li><strong>Ce se \u00eent\u00e2mpl\u0103 \u00een creier atunci c\u00e2nd tr\u0103im emo\u021bii intense?<\/strong> Vom aborda, de asemenea \u00a0\u0219i schimb\u0103rile mentale care apar \u00een creierul unui copil din momentul na\u0219terii \u0219i p\u00e2n\u0103 la v\u00e2rsta de 11 ani.<\/li>\n<li>Comportamentul privit dintr-o perspectiv\u0103 diferit\u0103 fa\u021b\u0103 de cea pe care noi o avem de obicei \u0219i care ne este familiar\u0103. Aceast\u0103 nou\u0103 perspectiv\u0103 ne poate oferi o abordare radical diferit\u0103 pentru a \u00een\u021belege comportamentul unui copil \u0219i ne ajut\u0103, de asemenea, \u00een a sprijini procesul de conectare \u0219i \u00eencredere \u00een sine, at\u00e2t \u00een momentul prezent, c\u00e2t \u0219i pe viitor.<\/li>\n<\/ul>\n<p style=\"text-align: justify;\"><strong><span style=\"color: #ff008c;\">\u00a0\u00a0\u00a0\u00a0\u00a0\u00a0\u00a0\u00a0\u00a0 12 MAI, 10.00 &#8211; 17.00 (s\u00e2mb\u0103t\u0103)<br \/>\n<\/span><\/strong><\/p>\n<p style=\"text-align: justify;\"><em>Obiective:<\/em><\/p>\n<ul style=\"text-align: justify;\">\n<li><strong>Exersarea practicii de auto empatie.<\/strong><\/li>\n<\/ul>\n<p style=\"text-align: justify;\"><span style=\"color: #ff008c;\"><strong>\u00a0\u00a0\u00a0\u00a0\u00a0\u00a0\u00a0\u00a0\u00a0 13 MAI, 10.00 &#8211; 17.00 (duminic\u0103)<br \/>\n<\/strong><\/span><\/p>\n<p style=\"text-align: justify;\"><em>Obiective:<\/em><\/p>\n<ul style=\"text-align: justify;\">\n<li><strong>Cum putem s\u0103 ne \u00eendrept\u0103m aten\u021bia spre starea emo\u021bional\u0103 de bine a copiilor?<\/strong> Ne vom uita cu aten\u021bie la cum comportamentul copiilor reprezint\u0103 un limbaj eficient \u00een a exterioriza lumea lor interioar\u0103. Vom observa \u0219i practica interpretarea comportamentului prin limbajul emo\u021biilor \u0219i al nevoilor.<\/li>\n<\/ul>\n<p style=\"text-align: right;\"><em>Loca\u021bie: Blvd. 1 Decembrie 1918 nr. 93, Timi\u0219oara (sediul \u0218colii Babel)<\/em><\/p>\n<p>[\/vc_cta][vc_btn title=&#8221;Vreau sa particip la SEED&#8221; style=&#8221;outline-custom&#8221; outline_custom_color=&#8221;#ff008c&#8221; outline_custom_hover_background=&#8221;#ff008c&#8221; outline_custom_hover_text=&#8221;#ffffff&#8221; align=&#8221;center&#8221; link=&#8221;url:https%3A%2F%2Fgoo.gl%2Fforms%2FJgubosaT1V2stFRA2|title:Vreau%20s%C4%83%20particip%20la%20SEED|target:%20_blank&#8221;][vc_empty_space height=&#8221;50px&#8221;][vc_text_separator title=&#8221;POVESTEA \u0218COLILOR EXPEREN\u021aIALE DIN OLANDA \u0218I BELGIA . POVESTEA \u0218COLII BABEL&#8221; color=&#8221;custom&#8221; border_width=&#8221;3&#8243; accent_color=&#8221;#ff008c&#8221;][vc_empty_space][vc_column_text]<\/p>\n<p style=\"text-align: justify;\"><span style=\"font-weight: 400;\">\u00cen <strong>4 mai<\/strong> v\u0103 invit\u0103m s\u0103 ne fi\u021bi al\u0103turi la deschiderea primei edi\u021bii SEED, al\u0103turi de invita\u021bii \u0219i partenerii no\u0219tri din Belgia, Olanda, Anglia \u0219i Romania. Haide\u021bi s\u0103 ne bucur\u0103m \u00eempreun\u0103 de pove\u0219tile despre \u00eencredere \u0219i valori \u00eemp\u0103rt\u0103\u0219ite \u00een educa\u021bie! Haide\u021bi s\u0103 descoperi\u021bi povestea \u0219colilor experien\u021biale olandeze, povestea \u0218colii Babel \u0219i bucuria de a fi \u00eempreun\u0103! <\/span><\/p>\n<p style=\"text-align: justify;\"><span style=\"font-weight: 400;\">Evenimentul este deschis p\u0103rin\u021bilor, cadrelor didactice, pasiona\u021bilor de educa\u021bie, tuturor celor cu care ne-am interesectat drumurile \u00een tot acest timp!<br \/>\n<\/span><\/p>\n<p>[\/vc_column_text][vc_column_text]<img loading=\"lazy\" decoding=\"async\" class=\"wp-image-2656 size-medium alignleft\" src=\"http:\/\/www.scoalababel.ro\/wp-content\/uploads\/2018\/02\/Suze-Roelofs-Emonds-300x295.jpg\" alt=\"Suze-Roelofs-Emonds\" width=\"300\" height=\"295\" srcset=\"https:\/\/www.scoalababel.ro\/wp-content\/uploads\/2018\/02\/Suze-Roelofs-Emonds-300x295.jpg 300w, https:\/\/www.scoalababel.ro\/wp-content\/uploads\/2018\/02\/Suze-Roelofs-Emonds-768x755.jpg 768w, https:\/\/www.scoalababel.ro\/wp-content\/uploads\/2018\/02\/Suze-Roelofs-Emonds-1024x1007.jpg 1024w\" sizes=\"auto, (max-width: 300px) 100vw, 300px\" \/><\/p>\n<p style=\"text-align: justify;\"><span style=\"color: #ff008c;\"><strong>Suze-Roelofs Emonds<\/strong> <\/span>este o persoan\u0103 ce \u0219i-a dedicat \u00eentreaga via\u021b\u0103 educa\u021biei. De ani de zile a construit o experien\u021b\u0103 vast\u0103 \u00een \u00eendrumarea copiilor pe baza principiilor \u00cenv\u0103\u021b\u0103rii Experien\u021biale \u00een \u0219coli primare \u0219i speciale.<\/p>\n<p style=\"text-align: justify;\">Inspirat\u0103 de mi\u0219carea NIVOZ din jurul Universi\u0103\u021bii din Utrecht (Olanda) \u0219i extr\u0103g\u00e2ndu-\u0219i \u00eenv\u0103\u021bare din toat\u0103 plaja de concepte din jurul educa\u021biei ce onoreaz\u0103 copilul (printre care <em>Reggio Emilia<\/em>), Suze combin\u0103 experien\u021ba de \u00eenv\u0103\u021b\u0103tor, mam\u0103, consultant educa\u021bional \u0219i coordonator al proiectului \u201d\u00cenv\u0103\u021bare Experien\u021bial\u0103\u201d Olanda). Suze este o povestitoare \u00eenn\u0103scut\u0103, iar pove\u0219tile ei aduc mereu un mesaj plin de speran\u021b\u0103 \u0219i \u00eencredere.<\/p>\n<p style=\"text-align: justify;\">Suze a fost al\u0103turi de <strong>\u0218coala Babel<\/strong> \u00eenca din momentul \u00een care doar visam s\u0103 punem \u00een aplicare un proiect de \u00cenv\u0103\u021bare Experien\u021bial\u0103 \u00cen Rom\u00e2nia. Ea \u0219i familia ei ne-au ghidat pa\u0219ii \u00een a \u00een\u021belege cum func\u021bioneaz\u0103 o \u0219coal\u0103 experien\u021bial\u0103, cum tr\u0103iesc copiii experien\u021ba unei astfel de \u0219coli, ne-au dat energia \u0219i \u00eencrederea de a face posibil\u0103 <strong>\u0218coala Babel<\/strong>.<\/p>\n<p>[\/vc_column_text][vc_empty_space][\/vc_column][\/vc_row][vc_row][vc_column width=&#8221;1\/2&#8243;][vc_empty_space][vc_text_separator title=&#8221;CONFERIN\u021a\u0102&#8221; color=&#8221;custom&#8221; border_width=&#8221;3&#8243; accent_color=&#8221;#ff008c&#8221;][vc_empty_space][vc_column_text]<\/p>\n<p style=\"text-align: center;\"><span style=\"font-weight: 400;\">\u00cen perioada <strong>5-6 mai<\/strong>, Prof. <strong>Ferre Laevers<\/strong> de la Universitatea din Leuven va sus\u021bine conferin\u021ba<\/span><\/p>\n<h3 style=\"text-align: center;\"><span style=\"color: #ff008c;\"><i><span style=\"font-weight: 400;\">Well-being and involvement. <\/span><\/i><\/span><\/h3>\n<h3 style=\"text-align: center;\"><span style=\"color: #ff008c;\"><i><span style=\"font-weight: 400;\">The shortcut to resilience and talent<\/span><\/i><\/span><\/h3>\n<p>[\/vc_column_text][vc_empty_space][vc_column_text]<img loading=\"lazy\" decoding=\"async\" class=\"wp-image-2567 alignleft\" src=\"http:\/\/www.scoalababel.ro\/wp-content\/uploads\/2018\/02\/ferre-laevers.jpg\" alt=\"Ferre Laevers\" width=\"250\" height=\"250\" srcset=\"https:\/\/www.scoalababel.ro\/wp-content\/uploads\/2018\/02\/ferre-laevers.jpg 300w, https:\/\/www.scoalababel.ro\/wp-content\/uploads\/2018\/02\/ferre-laevers-150x150.jpg 150w\" sizes=\"auto, (max-width: 250px) 100vw, 250px\" \/><\/p>\n<p style=\"text-align: justify;\"><span style=\"color: #ff008c;\"><b>Prof. dr. Ferre Laevers<\/b><\/span><span style=\"font-weight: 400;\">, directorul <strong>Centrului de Cercetare pentru \u00cenv\u0103\u021bare Experien\u021bial\u0103<\/strong> din cadrul Universit\u0103\u021bii Leuven (Belgia) va prezenta instrumentele de evaluare a st\u0103rii de bine \u0219i implic\u0103rii copiilor (<\/span><b>Scara de Evaluare Leuven<\/b><span style=\"font-weight: 400;\">) \u0219i va descrie mediul educa\u021bional ce face posibile aceste dou\u0103 componente necesare \u00eenv\u0103\u021b\u0103rii profunde (<\/span><b>Deep Level Learning). \u00a0<\/b><\/p>\n<p style=\"text-align: justify;\"><span style=\"font-weight: 400;\">O conferin\u021b\u0103 cabaret, acest eveniment este deschis unui public c\u00e2t mai larg (capacitate conferin\u021b\u0103 150 de persoane). Parte din eveniment (ziua de duminic\u0103) va fi facilitat\u0103 de trainerii Babel Education (cu formare anterioar\u0103 \u00een <strong>\u00cenv\u0103\u021bare Experien\u021bial\u0103<\/strong>) \u0219i are ca scop g\u0103sirea de solu\u021bii pentru implementarea la nivel local a instrumentelor puse la dispozi\u021bie de Universitatea din Leuven. <\/span><\/p>\n<p>[\/vc_column_text][vc_empty_space height=&#8221;20px&#8221;][vc_text_separator title=&#8221;\u00ceNSCRIERE&#8221; color=&#8221;custom&#8221; border_width=&#8221;3&#8243; accent_color=&#8221;#ff008c&#8221;][vc_column_text]<\/p>\n<p style=\"text-align: center;\"><b>Tax\u0103 de participare:<\/b><span style=\"font-weight: 400;\"> 220 lei<\/span><\/p>\n<p>[\/vc_column_text][\/vc_column][vc_column width=&#8221;1\/2&#8243;][vc_empty_space][vc_text_separator title=&#8221;ATELIER INTENSIV&#8221; color=&#8221;custom&#8221; border_width=&#8221;3&#8243; accent_color=&#8221;#ff008c&#8221;][vc_empty_space][vc_column_text]<\/p>\n<p style=\"text-align: center;\"><span style=\"font-weight: 400;\">\u00cen perioada <\/span><span style=\"font-weight: 400;\"><strong>11-13 Mai<\/strong>, <strong>Penny Vine<\/strong> &#8211; <\/span><span style=\"font-weight: 400;\">consultant \u0219i trainer interna\u021bional \u00een Comunicare Nonviolent\u0103 va sus\u021bine atelierul intensiv <\/span><\/p>\n<h3 style=\"text-align: center;\"><span style=\"color: #ff008c;\"><i><span style=\"font-weight: 400;\">Calm in the storm: Responding with <\/span><\/i><\/span><\/h3>\n<h3 style=\"text-align: center;\"><span style=\"color: #ff008c;\"><i><span style=\"font-weight: 400;\">Compassion to Children&#8217;s Intense Emotions<\/span><\/i><\/span><span style=\"font-weight: 400;\"><br \/>\n<\/span><\/h3>\n<p>[\/vc_column_text][vc_empty_space][vc_column_text]<img loading=\"lazy\" decoding=\"async\" class=\"alignright wp-image-2568\" src=\"http:\/\/www.scoalababel.ro\/wp-content\/uploads\/2018\/02\/Penny-Vine-3.jpg\" alt=\"Penny Vine\" width=\"250\" height=\"250\" srcset=\"https:\/\/www.scoalababel.ro\/wp-content\/uploads\/2018\/02\/Penny-Vine-3.jpg 300w, https:\/\/www.scoalababel.ro\/wp-content\/uploads\/2018\/02\/Penny-Vine-3-150x150.jpg 150w\" sizes=\"auto, (max-width: 250px) 100vw, 250px\" \/><\/p>\n<p style=\"text-align: justify;\"><b><span style=\"color: #ff008c;\">Penny Vine<\/span>, <\/b>unul din cei mai aprecia\u021bi traineri de <strong>Comunicare Nonviolent\u0103 \u00een Educa\u021bie<\/strong>, va lucra \u00een al doilea weekend cu un grup compact de \u00eenv\u0103\u021b\u0103tori \u0219i educatori pe dezvoltarea competen\u021belor de rela\u021bionare cu copiii \u00een spiritul parteneriatului \u0219i respectului pentru fiin\u021ba uman\u0103 chiar \u0219i atunci c\u00e2nd emo\u021biile copiilor de-centreaz\u0103 cadrul didactic de la setul s\u0103u de valori.<\/p>\n<p style=\"text-align: justify;\">O formare intensiv\u0103, acest curs e g\u00e2ndit s\u0103 sus\u021bin\u0103 eforturile cadrelor didactice de a trece de la un stil de educa\u021bie bazat pe pedeaps\u0103 \u0219i recompens\u0103 la unul bazat pe dialog \u0219i respect reciproc.<\/p>\n<p>[\/vc_column_text][vc_empty_space height=&#8221;25px&#8221;][vc_column_text]<\/p>\n<p style=\"text-align: justify;\"><em><span style=\"font-weight: 400;\">(Participarea la atelierul intensiv este condi\u021bionat\u0103 de st\u0103p\u00e2nirea cuno\u0219tin\u021belor introductive \u00een <span style=\"color: #ff008c;\"><strong><a style=\"color: #ff008c;\" href=\"http:\/\/www.scoalababel.ro\/sustin-educatia\/comunicare-nonviolenta\/\" target=\"_blank\">Ateliere de Comunicare Nonviolent\u0103<\/a><\/strong><\/span>).<\/span><\/em><\/p>\n<p>[\/vc_column_text][vc_empty_space height=&#8221;20px&#8221;][vc_text_separator title=&#8221;\u00ceNSCRIERE&#8221; color=&#8221;custom&#8221; border_width=&#8221;3&#8243; accent_color=&#8221;#ff008c&#8221;][vc_column_text]<\/p>\n<p style=\"text-align: center;\"><b>Tax\u0103 de participare:<\/b><span style=\"font-weight: 400;\"> 510 lei<\/span><\/p>\n<p>[\/vc_column_text][\/vc_column][\/vc_row][vc_row][vc_column][vc_empty_space height=&#8221;30px&#8221;][vc_text_separator title=&#8221;De ce o S\u0103pt\u0103m\u00e2n\u0103 a Educa\u021biei Democratice \u00een Timi\u0219oara?&#8221; color=&#8221;custom&#8221; border_width=&#8221;3&#8243; accent_color=&#8221;#ff008c&#8221;][vc_empty_space height=&#8221;30px&#8221;][vc_column_text]<span style=\"font-weight: 400;\">Oamenii care lucreaz\u0103 zi de zi cu copiii, \u00eenv\u0103\u021b\u0103torii \u0219i educatorii sunt cei ce s\u0103desc \u00een copii semin\u021bele valorilor comunit\u0103\u021bii democratice. <\/span><\/p>\n<p style=\"text-align: justify;\"><span style=\"font-weight: 400;\">Felul \u00een care le vorbim copiilor, modul \u00een care organiz\u0103m \u00eenv\u0103\u021barea, spa\u021biul pe care \u00eel l\u0103s\u0103m pentru ini\u021biativa, emo\u021biile \u0219i vocea copiilor pot face ca aceste semin\u021be s\u0103 prind\u0103 r\u0103d\u0103cini. <\/span><\/p>\n<p style=\"text-align: justify;\"><span style=\"font-weight: 400;\">Pentru a putea tr\u0103i al\u0103turi de copii valorile democratice, cadrele didactice din Rom\u00e2nia au nevoie de inspira\u021bie, instrumente \u0219i o comunitate de suport. Au nevoie de un loc \u00een care s\u0103 se \u00eentoarc\u0103 mereu c\u00e2nd mediul din jur pare s\u0103 promoveze (cu totul) altceva dec\u00e2t <\/span><span style=\"font-weight: 400;\">respectul pentru fiin\u021ba uman\u0103, dialogul, rela\u021bia de parteneriat.<\/span><\/p>\n<p style=\"text-align: justify;\"><span style=\"font-weight: 400;\">\u0218coala Babel \u00ee\u0219i propune ca, prin <strong>S\u0103pt\u0103m\u00e2na European\u0103 a Educa\u021biei Democratice<\/strong>, s\u0103 a<\/span><span style=\"font-weight: 400;\">duc\u0103 conceptele de<\/span> <i><span style=\"font-weight: 400;\">\u00eenv\u0103\u021bare experien\u021bial\u0103 \u0219i comunicare nonviolent\u0103<\/span><\/i><span style=\"font-weight: 400;\"> aproape de realitatea de zi cu zi a \u00eenv\u0103\u021b\u0103torilor \u0219i educatorilor. Aceste concepte reflect\u0103 valorile democratice adoptate de \u0219coli inovative din Olanda, Anglia, Suedia. <\/span><\/p>\n<p style=\"text-align: justify;\"><span style=\"font-weight: 400;\">Astfel, \u00een cadrul acestui eveniment vom discuta despre instrumente concrete de lucru ce pot fi adaptate contextului \u0219i culturii existente \u00een Rom\u00e2nia.<\/span><\/p>\n<p>[\/vc_column_text][\/vc_column][\/vc_row][vc_row][vc_column][vc_empty_space height=&#8221;50px&#8221;][vc_column_text][\/vc_column_text][\/vc_column][\/vc_row][vc_row][vc_column][vc_column_text]<\/p>\n<h3><b>SEED aduce inspira\u021bie, expertiz\u0103 \u0219i instrumente educa\u021bionale extrem de apreciate \u00een Europa<\/b><\/h3>\n<p style=\"text-align: justify;\"><span style=\"font-weight: 400;\">Educa\u021bia experien\u021bial\u0103 este una dintre cele 5 direc\u021bii promovate de OECD \u0219i surs\u0103 de inspira\u021bie pentru sistemele de \u00eenv\u0103\u021b\u0103m\u00e2nt olandez \u0219i britanic.<\/span><\/p>\n<p style=\"text-align: justify;\"><span style=\"font-weight: 400;\">Universitatea din Leuven cerceteaz\u0103 \u0219i public\u0103 \u00een mediul academic de peste 40 de ani lucr\u0103ri ce relev\u0103 schimb\u0103rile pozitive aduse de instrumentele Educa\u021biei experien\u021biale \u00een mediul \u0219colar. <\/span><\/p>\n<p style=\"text-align: justify;\"><span style=\"font-weight: 400;\">Comunicarea nonviolent\u0103 \u00een educa\u021bie st\u0103 la baza \u0219colilor inovative din Suedia, Slovenia sau Anglia \u0219i ofer\u0103 un model de rela\u021bionare adult-copil bazat pe ideea de dialog \u0219i parteneriat, dezvoltare socio-emo\u021bional\u0103 s\u0103n\u0103toas\u0103. <\/span><\/p>\n<p>[\/vc_column_text][vc_empty_space height=&#8221;50px&#8221;][\/vc_column][\/vc_row][vc_row][vc_column][vc_column_text]<\/p>\n<h3><b>SEED aduce metode practice folosite \u00een \u0219coli \u0219i gr\u0103dini\u021be inovative din Olanda, Belgia, Anglia \u0219i Rom\u00e2nia<\/b><\/h3>\n<p><span style=\"font-weight: 400;\">\u00cen aceast\u0103 s\u0103pt\u0103m\u00e2n\u0103, cadrele didactice din \u00eenv\u0103\u021b\u0103m\u00e2ntul primar \u0219i pre\u0219colar vor avea acces at\u00e2t la suportul teoretic oferit de \u00cenv\u0103\u021barea Experien\u021bial\u0103 \u00a0\u0219i Comunicarea Nonviolent\u0103 c\u00e2t \u0219i la ilustr\u0103ri practice ale utiliz\u0103rii acestor concepte \u00een \u0219coli \u0219i gr\u0103dini\u021be din Europa. <\/span><\/p>\n<p style=\"text-align: justify;\"><span style=\"font-weight: 400;\">Zilele dedicate Comunic\u0103rii Nonviolente sunt organizate sub form\u0103 de ateliere, \u00een care fiecare persoan\u0103 poate experimenta instrumente aplicabile direct \u00een situa\u021bii de zi cu zi din cadrul procesului de \u00eenv\u0103\u021bare. Vizita ghidat\u0103 la \u0218coala Primar\u0103 Babel \u0219i interven\u021biile trainerilor Babel Education vor exemplifica felul \u00een care aceste concepte pot fi transpuse \u00een realitatea rom\u00e2neasc\u0103, \u021bin\u00e2nd cont de cultura mediului \u0219colar din \u021bara noastr\u0103 . <\/span><\/p>\n<p>[\/vc_column_text][vc_empty_space height=&#8221;50px&#8221;][\/vc_column][\/vc_row][vc_row][vc_column][vc_column_text]<\/p>\n<h3><b>SEED creeaz\u0103 o comunitate local\u0103 de \u00eenv\u0103\u021bare pentru educatori \u0219i \u00eenv\u0103\u021b\u0103tori \u00een jurul unei viziuni comune<\/b><\/h3>\n<p style=\"text-align: justify;\"><span style=\"font-weight: 400;\">Prin SEED, \u0218coala Babel deschide un spa\u021biu de conectare \u0219i \u00eenv\u0103\u021bare pentru educatori \u0219i \u00eenv\u0103\u021b\u0103tori \u00een jurul acelora\u0219i valori democratice \u00een educa\u021bie. Ne dorim ca acest spa\u021biu s\u0103 continue s\u0103 existe pentru toate cadrele didactice din Timi\u0219oara \u0219i s\u0103 ofere sprijin \u0219i inspira\u021bie pentru ca fiecare s\u0103 simt\u0103 c\u0103 poate fi un agent al schimb\u0103rii \u00een mediul educa\u021bional \u00een care activeaz\u0103. <\/span><\/p>\n<p style=\"text-align: justify;\"><span style=\"font-weight: 400;\">Astfel, din septembrie 2018 ne dorim s\u0103 cre\u0103m \u00een cadrul \u0218colii Babel, al\u0103turi de Universitatea din Leuven, un Centru de studiu, cercetare \u0219i formare pentru cadrele didactice interesate de \u00cenv\u0103\u021barea Experien\u021bial\u0103 \u0219i Comunicarea Nonviolent\u0103.<\/span><\/p>\n<p>[\/vc_column_text][vc_empty_space height=&#8221;50px&#8221;][\/vc_column][\/vc_row][vc_row][vc_column][vc_btn title=&#8221;Formular de \u00eenscriere SEED&#8221; style=&#8221;outline-custom&#8221; outline_custom_color=&#8221;#ff008c&#8221; outline_custom_hover_background=&#8221;#ff008c&#8221; outline_custom_hover_text=&#8221;#ffffff&#8221; align=&#8221;center&#8221; link=&#8221;url:https%3A%2F%2Fgoo.gl%2Fforms%2FJgubosaT1V2stFRA2|title:Vreau%20s%C4%83%20particip%20la%20SEED|target:%20_blank&#8221;][vc_empty_space height=&#8221;20px&#8221;][\/vc_column][\/vc_row][vc_row][vc_column][vc_empty_space height=&#8221;50px&#8221;][vc_text_separator title=&#8221;Vreau s\u0103 m\u0103 implic ca voluntar, partener sau sponsor, al\u0103turi de \u0218coala Babel, \u00een organizarea SEED!&#8221; color=&#8221;custom&#8221; style=&#8221;shadow&#8221; border_width=&#8221;10&#8243; accent_color=&#8221;#ff008c&#8221;][\/vc_column][\/vc_row][vc_row][vc_column][vc_empty_space height=&#8221;30px&#8221;][vc_column_text]<\/p>\n<p style=\"text-align: center;\"><span style=\"font-weight: 400;\">Las\u0103-ne aici datele tale (adres\u0103 de e-mail, telefon, status profesional) \u0219i te vom contacta!<\/span><\/p>\n<p>[\/vc_column_text][\/vc_column][\/vc_row][vc_row][vc_column]\n<div class=\"wpcf7 no-js\" id=\"wpcf7-f272-o1\" lang=\"en-US\" dir=\"ltr\" data-wpcf7-id=\"272\">\n<div class=\"screen-reader-response\"><p role=\"status\" aria-live=\"polite\" aria-atomic=\"true\"><\/p> <ul><\/ul><\/div>\n<form action=\"\/en\/wp-json\/wp\/v2\/pages\/2545#wpcf7-f272-o1\" method=\"post\" class=\"wpcf7-form init\" aria-label=\"Contact form\" novalidate=\"novalidate\" data-status=\"init\">\n<fieldset class=\"hidden-fields-container\"><input type=\"hidden\" name=\"_wpcf7\" value=\"272\" \/><input type=\"hidden\" name=\"_wpcf7_version\" value=\"6.1.5\" \/><input type=\"hidden\" name=\"_wpcf7_locale\" value=\"en_US\" \/><input type=\"hidden\" name=\"_wpcf7_unit_tag\" value=\"wpcf7-f272-o1\" \/><input type=\"hidden\" name=\"_wpcf7_container_post\" value=\"0\" \/><input type=\"hidden\" name=\"_wpcf7_posted_data_hash\" value=\"\" \/><input type=\"hidden\" name=\"lang\" value=\"en\" \/><input type=\"hidden\" name=\"_wpcf7_recaptcha_response\" value=\"\" \/>\n<\/fieldset>\n<div class=\"row contact-form-contact-us row\">\n\t<div class=\"col-md-2 col-sm-12 contact-form-contact-us-left\">\n\t\t<h3>Trimite-ne un mesaj\n\t\t<\/h3>\n\t\t<p>Please send us your message when you need help.\n\t\t<\/p>\n\t<\/div>\n\t<div class=\"col-md-10 col-sm-12 contact-form-contact-us-right\">\n\t\t<div class=\"row\">\n\t\t\t<div class=\"col-md-6 col-sm-12 contact-form-input\">\n\t\t\t\t<p><span class=\"wpcf7-form-control-wrap\" data-name=\"your-name\"><input size=\"40\" maxlength=\"400\" class=\"wpcf7-form-control wpcf7-text wpcf7-validates-as-required\" id=\"your-name\" aria-required=\"true\" aria-invalid=\"false\" placeholder=\"Nume*\" value=\"\" type=\"text\" name=\"your-name\" \/><\/span>\n\t\t\t\t<\/p>\n\t\t\t<\/div>\n\t\t\t<div class=\"col-md-6 col-sm-12 contact-form-input\">\n\t\t\t\t<p><span class=\"wpcf7-form-control-wrap\" data-name=\"your-email\"><input size=\"40\" maxlength=\"400\" class=\"wpcf7-form-control wpcf7-email wpcf7-validates-as-required wpcf7-text wpcf7-validates-as-email\" id=\"your-email\" aria-required=\"true\" aria-invalid=\"false\" placeholder=\"Adres\u0103 E-mail*\" value=\"\" type=\"email\" name=\"your-email\" \/><\/span>\n\t\t\t\t<\/p>\n\t\t\t<\/div>\n\t\t\t<div class=\"col-md-12 col-sm-12 contact-form-input\">\n\t\t\t\t<p><span class=\"wpcf7-form-control-wrap\" data-name=\"your-message\"><textarea cols=\"4\" rows=\"10\" maxlength=\"2000\" class=\"wpcf7-form-control wpcf7-textarea wpcf7-validates-as-required\" id=\"your-message\" aria-required=\"true\" aria-invalid=\"false\" placeholder=\"Mesaj...*\" name=\"your-message\"><\/textarea><\/span><span id=\"wpcf7-69f48111b801a-wrapper\" class=\"wpcf7-form-control-wrap honeypot-527-wrap\" style=\"display:none !important; visibility:hidden !important;\"><label for=\"wpcf7-69f48111b801a-field\" class=\"hp-message\">Please leave this field empty.<\/label><input id=\"wpcf7-69f48111b801a-field\"  class=\"wpcf7-form-control wpcf7-text\" type=\"text\" name=\"honeypot-527\" value=\"\" size=\"40\" tabindex=\"-1\" autocomplete=\"new-password\" \/><\/span>\n\t\t\t\t<\/p>\n\t\t\t<\/div>\n\t\t\t<div class=\"col-md-6 col-sm-12 contact-form-input\">\n\t\t\t\t<div id=\"cf7sr-69f48111b8b9c\" class=\"cf7sr-g-recaptcha\" data-theme=\"light\" data-type=\"image\" data-size=\"normal\" data-sitekey=\"6LcVr7sUAAAAANGOO9wpf3JHiKwxtKTxbbyFyk__\"><\/div><span class=\"wpcf7-form-control-wrap cf7sr-recaptcha\" data-name=\"cf7sr-recaptcha\"><input type=\"hidden\" name=\"cf7sr-recaptcha\" value=\"\" class=\"wpcf7-form-control\"><\/span>\n\t\t\t\t<\/p>\n\t\t\t<\/div>\n\t\t\t<div class=\"col-md-6 col-sm-12 contact-form-submit\">\n\t\t\t\t<p><input class=\"wpcf7-form-control wpcf7-submit has-spinner cupid-button button-sm\" id=\"submit\" type=\"submit\" value=\"Timite\" \/>\n\t\t\t\t<\/p>\n\t\t\t<\/div>\n\t\t<\/div>\n\t<\/div>\n<\/div><div class=\"wpcf7-response-output\" aria-hidden=\"true\"><\/div>\n<\/form>\n<\/div>\n[\/vc_column][\/vc_row]<\/p>\n","protected":false},"excerpt":{"rendered":"<p>[vc_row][vc_column][vc_separator color=&#8221;chino&#8221; style=&#8221;shadow&#8221; border_width=&#8221;10&#8243;][vc_empty_space][\/vc_column][\/vc_row][vc_row][vc_column][vc_single_image image=&#8221;2569&#8243; img_size=&#8221;large&#8221; alignment=&#8221;center&#8221;][\/vc_column][\/vc_row][vc_row][vc_column][vc_empty_space][\/vc_column][\/vc_row][vc_row][vc_column width=&#8221;1\/4&#8243;][vc_single_image image=&#8221;2570&#8243; img_size=&#8221;340&#215;120&#8243; alignment=&#8221;right&#8221; onclick=&#8221;img_link_large&#8221; img_link_target=&#8221;_blank&#8221;][\/vc_column][vc_column width=&#8221;1\/2&#8243;][vc_empty_space height=&#8221;20px&#8221;][vc_empty_space height=&#8221;20px&#8221;][vc_column_text] Parteneri educa\u021bionali [\/vc_column_text][\/vc_column][vc_column width=&#8221;1\/4&#8243;][vc_single_image image=&#8221;2571&#8243; img_size=&#8221;340&#215;120&#8243; onclick=&#8221;img_link_large&#8221; img_link_target=&#8221;_blank&#8221;][\/vc_column][\/vc_row][vc_row][vc_column][vc_empty_space height=&#8221;50px&#8221;][vc_text_separator title=&#8221;PROGRAMUL COMPLET SEED&#8221; color=&#8221;custom&#8221; border_width=&#8221;3&#8243; accent_color=&#8221;#ff008c&#8221;][vc_empty_space height=&#8221;30px&#8221;][vc_cta h2=&#8221;&#8221; css=&#8221;.vc_custom_1524823381307{background-color: #ffe8ee !important;}&#8221; use_custom_fonts_h2=&#8221;true&#8221;] 4 MAI, 18.00 &#8211; 20.30 Deschiderea SEED &#8211; Povestea \u0219colilor experien\u021biale din Belgia &amp; Olanda \u0219i parteneriatul construit [&hellip;]<\/p>\n","protected":false},"author":3,"featured_media":0,"parent":2520,"menu_order":0,"comment_status":"closed","ping_status":"closed","template":"","meta":{"footnotes":""},"class_list":["post-2545","page","type-page","status-publish","hentry"],"yoast_head":"<!-- This site is optimized with the Yoast SEO plugin v27.5 - https:\/\/yoast.com\/product\/yoast-seo-wordpress\/ -->\n<title>SEED - S\u0103pt\u0103m\u00e2na European\u0103 a Educa\u021biei Democratice 5-13 MAI 2018<\/title>\n<meta name=\"description\" content=\"SEED aduce conceptele de \u00eenv\u0103\u021bare experien\u021bial\u0103 \u0219i comunicare nonviolent\u0103 aproape de realitatea de zi cu zi a \u00eenv\u0103\u021b\u0103torilor \u0219i educatorilor.\" \/>\n<meta name=\"robots\" content=\"index, follow, max-snippet:-1, max-image-preview:large, max-video-preview:-1\" \/>\n<link rel=\"canonical\" href=\"https:\/\/www.scoalababel.ro\/en\/comunitate\/proiecte\/seed-saptamana-europeana-educatiei-democratice\/\" \/>\n<meta property=\"og:locale\" content=\"en_US\" \/>\n<meta property=\"og:locale:alternate\" content=\"ro_RO\" \/>\n<meta property=\"og:type\" content=\"article\" \/>\n<meta property=\"og:title\" content=\"SEED - S\u0103pt\u0103m\u00e2na European\u0103 a Educa\u021biei Democratice 5-13 MAI 2018\" \/>\n<meta property=\"og:description\" content=\"SEED aduce conceptele de \u00eenv\u0103\u021bare experien\u021bial\u0103 \u0219i comunicare nonviolent\u0103 aproape de realitatea de zi cu zi a \u00eenv\u0103\u021b\u0103torilor \u0219i educatorilor.\" \/>\n<meta property=\"og:url\" content=\"https:\/\/www.scoalababel.ro\/en\/comunitate\/proiecte\/seed-saptamana-europeana-educatiei-democratice\/\" \/>\n<meta property=\"og:site_name\" content=\"\u0218coala Babel\" \/>\n<meta property=\"article:publisher\" content=\"https:\/\/www.facebook.com\/scoalababel\/\" \/>\n<meta property=\"article:modified_time\" content=\"2019-03-20T09:54:08+00:00\" \/>\n<meta property=\"og:image\" content=\"https:\/\/www.scoalababel.ro\/wp-content\/uploads\/2018\/02\/Suze-Roelofs-Emonds.jpg\" \/>\n\t<meta property=\"og:image:width\" content=\"3111\" \/>\n\t<meta property=\"og:image:height\" content=\"3058\" \/>\n\t<meta property=\"og:image:type\" content=\"image\/jpeg\" \/>\n<meta name=\"twitter:card\" content=\"summary_large_image\" \/>\n<meta name=\"twitter:label1\" content=\"Est. reading time\" \/>\n\t<meta name=\"twitter:data1\" content=\"12 minutes\" \/>\n<script type=\"application\/ld+json\" class=\"yoast-schema-graph\">{\"@context\":\"https:\\\/\\\/schema.org\",\"@graph\":[{\"@type\":\"WebPage\",\"@id\":\"https:\\\/\\\/www.scoalababel.ro\\\/comunitate\\\/proiecte\\\/seed-saptamana-europeana-educatiei-democratice\\\/\",\"url\":\"https:\\\/\\\/www.scoalababel.ro\\\/comunitate\\\/proiecte\\\/seed-saptamana-europeana-educatiei-democratice\\\/\",\"name\":\"SEED - S\u0103pt\u0103m\u00e2na European\u0103 a Educa\u021biei Democratice 5-13 MAI 2018\",\"isPartOf\":{\"@id\":\"https:\\\/\\\/www.scoalababel.ro\\\/#website\"},\"primaryImageOfPage\":{\"@id\":\"https:\\\/\\\/www.scoalababel.ro\\\/comunitate\\\/proiecte\\\/seed-saptamana-europeana-educatiei-democratice\\\/#primaryimage\"},\"image\":{\"@id\":\"https:\\\/\\\/www.scoalababel.ro\\\/comunitate\\\/proiecte\\\/seed-saptamana-europeana-educatiei-democratice\\\/#primaryimage\"},\"thumbnailUrl\":\"http:\\\/\\\/www.scoalababel.ro\\\/wp-content\\\/uploads\\\/2018\\\/02\\\/Suze-Roelofs-Emonds-300x295.jpg\",\"datePublished\":\"2018-02-08T16:19:06+00:00\",\"dateModified\":\"2019-03-20T09:54:08+00:00\",\"description\":\"SEED aduce conceptele de \u00eenv\u0103\u021bare experien\u021bial\u0103 \u0219i comunicare nonviolent\u0103 aproape de realitatea de zi cu zi a \u00eenv\u0103\u021b\u0103torilor \u0219i educatorilor.\",\"breadcrumb\":{\"@id\":\"https:\\\/\\\/www.scoalababel.ro\\\/comunitate\\\/proiecte\\\/seed-saptamana-europeana-educatiei-democratice\\\/#breadcrumb\"},\"inLanguage\":\"en-US\",\"potentialAction\":[{\"@type\":\"ReadAction\",\"target\":[\"https:\\\/\\\/www.scoalababel.ro\\\/comunitate\\\/proiecte\\\/seed-saptamana-europeana-educatiei-democratice\\\/\"]}]},{\"@type\":\"ImageObject\",\"inLanguage\":\"en-US\",\"@id\":\"https:\\\/\\\/www.scoalababel.ro\\\/comunitate\\\/proiecte\\\/seed-saptamana-europeana-educatiei-democratice\\\/#primaryimage\",\"url\":\"http:\\\/\\\/www.scoalababel.ro\\\/wp-content\\\/uploads\\\/2018\\\/02\\\/Suze-Roelofs-Emonds-300x295.jpg\",\"contentUrl\":\"http:\\\/\\\/www.scoalababel.ro\\\/wp-content\\\/uploads\\\/2018\\\/02\\\/Suze-Roelofs-Emonds-300x295.jpg\"},{\"@type\":\"BreadcrumbList\",\"@id\":\"https:\\\/\\\/www.scoalababel.ro\\\/comunitate\\\/proiecte\\\/seed-saptamana-europeana-educatiei-democratice\\\/#breadcrumb\",\"itemListElement\":[{\"@type\":\"ListItem\",\"position\":1,\"name\":\"Home\",\"item\":\"https:\\\/\\\/www.scoalababel.ro\\\/\"},{\"@type\":\"ListItem\",\"position\":2,\"name\":\"Comunitate\",\"item\":\"https:\\\/\\\/www.scoalababel.ro\\\/comunitate\\\/\"},{\"@type\":\"ListItem\",\"position\":3,\"name\":\"Proiecte\",\"item\":\"https:\\\/\\\/www.scoalababel.ro\\\/comunitate\\\/proiecte\\\/\"},{\"@type\":\"ListItem\",\"position\":4,\"name\":\"S\u0103pt\u0103m\u00e2na European\u0103 a Educa\u021biei Democratice &#8211; edi\u021bia I (2018)\"}]},{\"@type\":\"WebSite\",\"@id\":\"https:\\\/\\\/www.scoalababel.ro\\\/#website\",\"url\":\"https:\\\/\\\/www.scoalababel.ro\\\/\",\"name\":\"\u0218coala Babel\",\"description\":\"\u0218coala Babel\",\"potentialAction\":[{\"@type\":\"SearchAction\",\"target\":{\"@type\":\"EntryPoint\",\"urlTemplate\":\"https:\\\/\\\/www.scoalababel.ro\\\/?s={search_term_string}\"},\"query-input\":{\"@type\":\"PropertyValueSpecification\",\"valueRequired\":true,\"valueName\":\"search_term_string\"}}],\"inLanguage\":\"en-US\"}]}<\/script>\n<!-- \/ Yoast SEO plugin. -->","yoast_head_json":{"title":"SEED - S\u0103pt\u0103m\u00e2na European\u0103 a Educa\u021biei Democratice 5-13 MAI 2018","description":"SEED aduce conceptele de \u00eenv\u0103\u021bare experien\u021bial\u0103 \u0219i comunicare nonviolent\u0103 aproape de realitatea de zi cu zi a \u00eenv\u0103\u021b\u0103torilor \u0219i educatorilor.","robots":{"index":"index","follow":"follow","max-snippet":"max-snippet:-1","max-image-preview":"max-image-preview:large","max-video-preview":"max-video-preview:-1"},"canonical":"https:\/\/www.scoalababel.ro\/en\/comunitate\/proiecte\/seed-saptamana-europeana-educatiei-democratice\/","og_locale":"en_US","og_type":"article","og_title":"SEED - S\u0103pt\u0103m\u00e2na European\u0103 a Educa\u021biei Democratice 5-13 MAI 2018","og_description":"SEED aduce conceptele de \u00eenv\u0103\u021bare experien\u021bial\u0103 \u0219i comunicare nonviolent\u0103 aproape de realitatea de zi cu zi a \u00eenv\u0103\u021b\u0103torilor \u0219i educatorilor.","og_url":"https:\/\/www.scoalababel.ro\/en\/comunitate\/proiecte\/seed-saptamana-europeana-educatiei-democratice\/","og_site_name":"\u0218coala Babel","article_publisher":"https:\/\/www.facebook.com\/scoalababel\/","article_modified_time":"2019-03-20T09:54:08+00:00","og_image":[{"width":3111,"height":3058,"url":"https:\/\/www.scoalababel.ro\/wp-content\/uploads\/2018\/02\/Suze-Roelofs-Emonds.jpg","type":"image\/jpeg"}],"twitter_card":"summary_large_image","twitter_misc":{"Est. reading time":"12 minutes"},"schema":{"@context":"https:\/\/schema.org","@graph":[{"@type":"WebPage","@id":"https:\/\/www.scoalababel.ro\/comunitate\/proiecte\/seed-saptamana-europeana-educatiei-democratice\/","url":"https:\/\/www.scoalababel.ro\/comunitate\/proiecte\/seed-saptamana-europeana-educatiei-democratice\/","name":"SEED - S\u0103pt\u0103m\u00e2na European\u0103 a Educa\u021biei Democratice 5-13 MAI 2018","isPartOf":{"@id":"https:\/\/www.scoalababel.ro\/#website"},"primaryImageOfPage":{"@id":"https:\/\/www.scoalababel.ro\/comunitate\/proiecte\/seed-saptamana-europeana-educatiei-democratice\/#primaryimage"},"image":{"@id":"https:\/\/www.scoalababel.ro\/comunitate\/proiecte\/seed-saptamana-europeana-educatiei-democratice\/#primaryimage"},"thumbnailUrl":"http:\/\/www.scoalababel.ro\/wp-content\/uploads\/2018\/02\/Suze-Roelofs-Emonds-300x295.jpg","datePublished":"2018-02-08T16:19:06+00:00","dateModified":"2019-03-20T09:54:08+00:00","description":"SEED aduce conceptele de \u00eenv\u0103\u021bare experien\u021bial\u0103 \u0219i comunicare nonviolent\u0103 aproape de realitatea de zi cu zi a \u00eenv\u0103\u021b\u0103torilor \u0219i educatorilor.","breadcrumb":{"@id":"https:\/\/www.scoalababel.ro\/comunitate\/proiecte\/seed-saptamana-europeana-educatiei-democratice\/#breadcrumb"},"inLanguage":"en-US","potentialAction":[{"@type":"ReadAction","target":["https:\/\/www.scoalababel.ro\/comunitate\/proiecte\/seed-saptamana-europeana-educatiei-democratice\/"]}]},{"@type":"ImageObject","inLanguage":"en-US","@id":"https:\/\/www.scoalababel.ro\/comunitate\/proiecte\/seed-saptamana-europeana-educatiei-democratice\/#primaryimage","url":"http:\/\/www.scoalababel.ro\/wp-content\/uploads\/2018\/02\/Suze-Roelofs-Emonds-300x295.jpg","contentUrl":"http:\/\/www.scoalababel.ro\/wp-content\/uploads\/2018\/02\/Suze-Roelofs-Emonds-300x295.jpg"},{"@type":"BreadcrumbList","@id":"https:\/\/www.scoalababel.ro\/comunitate\/proiecte\/seed-saptamana-europeana-educatiei-democratice\/#breadcrumb","itemListElement":[{"@type":"ListItem","position":1,"name":"Home","item":"https:\/\/www.scoalababel.ro\/"},{"@type":"ListItem","position":2,"name":"Comunitate","item":"https:\/\/www.scoalababel.ro\/comunitate\/"},{"@type":"ListItem","position":3,"name":"Proiecte","item":"https:\/\/www.scoalababel.ro\/comunitate\/proiecte\/"},{"@type":"ListItem","position":4,"name":"S\u0103pt\u0103m\u00e2na European\u0103 a Educa\u021biei Democratice &#8211; edi\u021bia I (2018)"}]},{"@type":"WebSite","@id":"https:\/\/www.scoalababel.ro\/#website","url":"https:\/\/www.scoalababel.ro\/","name":"\u0218coala Babel","description":"\u0218coala Babel","potentialAction":[{"@type":"SearchAction","target":{"@type":"EntryPoint","urlTemplate":"https:\/\/www.scoalababel.ro\/?s={search_term_string}"},"query-input":{"@type":"PropertyValueSpecification","valueRequired":true,"valueName":"search_term_string"}}],"inLanguage":"en-US"}]}},"_links":{"self":[{"href":"https:\/\/www.scoalababel.ro\/en\/wp-json\/wp\/v2\/pages\/2545","targetHints":{"allow":["GET"]}}],"collection":[{"href":"https:\/\/www.scoalababel.ro\/en\/wp-json\/wp\/v2\/pages"}],"about":[{"href":"https:\/\/www.scoalababel.ro\/en\/wp-json\/wp\/v2\/types\/page"}],"author":[{"embeddable":true,"href":"https:\/\/www.scoalababel.ro\/en\/wp-json\/wp\/v2\/users\/3"}],"replies":[{"embeddable":true,"href":"https:\/\/www.scoalababel.ro\/en\/wp-json\/wp\/v2\/comments?post=2545"}],"version-history":[{"count":53,"href":"https:\/\/www.scoalababel.ro\/en\/wp-json\/wp\/v2\/pages\/2545\/revisions"}],"predecessor-version":[{"id":2916,"href":"https:\/\/www.scoalababel.ro\/en\/wp-json\/wp\/v2\/pages\/2545\/revisions\/2916"}],"up":[{"embeddable":true,"href":"https:\/\/www.scoalababel.ro\/en\/wp-json\/wp\/v2\/pages\/2520"}],"wp:attachment":[{"href":"https:\/\/www.scoalababel.ro\/en\/wp-json\/wp\/v2\/media?parent=2545"}],"curies":[{"name":"wp","href":"https:\/\/api.w.org\/{rel}","templated":true}]}}