{"id":2839,"date":"2018-10-09T09:28:49","date_gmt":"2018-10-09T09:28:49","guid":{"rendered":"http:\/\/www.scoalababel.ro\/?page_id=2839"},"modified":"2018-10-10T12:35:11","modified_gmt":"2018-10-10T12:35:11","slug":"programul-de-dezvoltare-personala-si-explorare-talentului","status":"publish","type":"page","link":"https:\/\/www.scoalababel.ro\/en\/comunitate\/proiecte\/programul-de-dezvoltare-personala-si-explorare-talentului\/","title":{"rendered":"Programul de dezvoltare personal\u0103 \u0219i explorare a talentului"},"content":{"rendered":"<p>[vc_row][vc_column width=&#8221;1\/2&#8243;][vc_text_separator title=&#8221;Scriere Creativ\u0103&#8221; i_icon_fontawesome=&#8221;fa fa-pencil-square-o&#8221; i_size=&#8221;lg&#8221; color=&#8221;purple&#8221; style=&#8221;double&#8221; border_width=&#8221;5&#8243; add_icon=&#8221;true&#8221; css=&#8221;.vc_custom_1539076927344{padding-top: 20px !important;}&#8221;][vc_column_text]<img loading=\"lazy\" decoding=\"async\" class=\"wp-image-2840 size-thumbnail alignleft\" title=\"adela-dragomir\" src=\"http:\/\/www.scoalababel.ro\/wp-content\/uploads\/2018\/10\/adela-dragomir-150x150.jpg\" alt=\"Adela Dragomir\" width=\"150\" height=\"150\" \/><\/p>\n<h4><\/h4>\n<h4><span style=\"color: #800080;\"><strong>Adela Dragomir<\/strong><\/span><em><br \/>\n<\/em><\/h4>\n<p style=\"text-align: left;\"><em>Psiholog clinician \u0219i psihoterapeut, specializarea Terapia Comportamental\u0103 Ra\u021bional-Emotiv\u0103 (Terapii Cognitiv-Comportamentale<\/em><em>).<\/em><\/p>\n<p style=\"text-align: justify;\"><span style=\"color: #800080;\"><strong>Atelierul de scriere creativ\u0103 <\/strong><\/span>face parte din programul meu de <strong>Educa\u021bie Ra\u021bional\u0103 Emotiv-Comportamental\u0103<\/strong>, concentr\u00e2ndu-se pe urm\u0103toarele competen\u021be ale copiilor:<\/p>\n<ul style=\"text-align: justify;\">\n<li><em>Observarea, cunoa\u0219terea \u0219i con\u0219tientizarea<\/em> mediului, a rela\u021biilor dintre oameni \u0219i a propriei persoane;<\/li>\n<li><em>Dezvoltarea auto-cunoa\u0219terii<\/em>, prin recunoa\u0219terea \u0219i exprimarea propriilor g\u00e2nduri \u0219i emo\u021bii;<\/li>\n<li><em>Descoperirea propriei creativit\u0103\u021bi<\/em> \u0219i valorificarea ei \u00een \u00eendeplinirea scopurilor zilnice ale copiilor;<\/li>\n<li><em>Formarea bazelor unui discurs verbal \u0219i scris clar<\/em>, autonom \u0219i argumentat, creion\u00e2nd astfel viziunea proprie, dar \u0219i cea obiectiv\u0103 a copiilor asupra lumii \u0219i a interac\u021biunii lor cu ea.<\/li>\n<\/ul>\n<p style=\"text-align: justify;\">Atelierul se adreseaz\u0103 copiilor cu v\u00e2rsta de <span style=\"color: #800080;\"><strong>9-12 ani.<\/strong><\/span><\/p>\n<p style=\"text-align: justify;\">Cursul va avea loc <strong><span style=\"color: #800080;\">joi, o dat\u0103 la 2 s\u0103pt\u0103m\u00e2ni, timp de 1 or\u0103 \u0219i 30 de minute, \u00eencep\u00e2nd cu ora 14:30.<\/span> <\/strong><\/p>\n<p style=\"text-align: justify;\"><strong>Pre\u021bul este de <span style=\"color: #800080;\">145 RON \/ lun\u0103\u00a0 (2 \u0219edin\u021be).<\/span><\/strong><\/p>\n<p>[\/vc_column_text][\/vc_column][vc_column width=&#8221;1\/2&#8243;][vc_text_separator title=&#8221;Aventuri \u00een jurul lumii&#8221; i_icon_fontawesome=&#8221;fa fa-globe&#8221; i_size=&#8221;lg&#8221; color=&#8221;purple&#8221; style=&#8221;double&#8221; border_width=&#8221;5&#8243; add_icon=&#8221;true&#8221; css=&#8221;.vc_custom_1539077024895{padding-top: 20px !important;}&#8221;][vc_column_text]<\/p>\n<h4><a href=\"http:\/\/www.scoalababel.ro\/wp-content\/uploads\/2018\/10\/aventuri-in-jurul-lumii.png\"><img loading=\"lazy\" decoding=\"async\" class=\"size-thumbnail wp-image-2841 alignright\" src=\"http:\/\/www.scoalababel.ro\/wp-content\/uploads\/2018\/10\/aventuri-in-jurul-lumii-150x150.png\" alt=\"Aventuri in jurul lumii\" width=\"150\" height=\"150\" srcset=\"https:\/\/www.scoalababel.ro\/wp-content\/uploads\/2018\/10\/aventuri-in-jurul-lumii-150x150.png 150w, https:\/\/www.scoalababel.ro\/wp-content\/uploads\/2018\/10\/aventuri-in-jurul-lumii-600x600.png 600w\" sizes=\"auto, (max-width: 150px) 100vw, 150px\" \/><\/a><\/h4>\n<h4><span style=\"color: #800080;\"><strong>Diana Semenescu<\/strong><\/span><em><br \/>\n<\/em><\/h4>\n<p><span style=\"color: #800080;\"><strong>Aventuri \u00een jurul lumii<\/strong> <\/span>este un curs de <strong>cultur\u0103 general\u0103,<\/strong> dedicat copiilor \u00eentre <span style=\"color: #800080;\"><strong>7 &#8211; 10 ani<\/strong><\/span>.<\/p>\n<p><strong>Obiective:<\/strong><\/p>\n<ul>\n<li>S\u0103 afl\u0103m lucruri interesante despre c\u00e2t mai multe locuri de poveste;<\/li>\n<li>S\u0103 \u00eenv\u0103\u021b\u0103m lucruri noi despre popoarele din lumea larg\u0103;<\/li>\n<li>S\u0103 facem cuno\u0219tin\u0103 cu obiceiuri si tradi\u021bii specifice locurilor.<\/li>\n<\/ul>\n<p><strong>Cum?<\/strong>\u2026 \u00centr-un mod prietenos, aproape de sufletul \u0219i preferin\u021bele copiilor.<\/p>\n<p>La fiecare \u00eent\u00e2lnire vom \u201cc\u0103l\u0103tori\u201d in jurul lumii, poposind \u00een c\u00e2te o \u021bar\u0103. Vom discuta despre:<\/p>\n<ul>\n<li>lucruri care fac celebr\u0103 \u021bara respectiv\u0103;<\/li>\n<li>tradi\u021bii si obiceiuri;<\/li>\n<li>specialit\u0103\u021bi tradi\u021bionale;<\/li>\n<li>festivaluri sau evenimente.<\/li>\n<\/ul>\n<p>Cursul va avea loc<strong><span style=\"color: #800080;\"> miercuri, \u00eentre orele 17.00-18.00<\/span>, \u00eencep\u00e2d cu 24 octombrie.<\/strong><\/p>\n<p><strong>Investi\u021bie: <span style=\"color: #800080;\">110 RON \/ lun\u0103<\/span><\/strong> (4 \u0219edin\u021be a c\u00e2te 1 h fiecare).[\/vc_column_text][\/vc_column][\/vc_row][vc_row][vc_column width=&#8221;1\/2&#8243;][vc_empty_space height=&#8221;40px&#8221;][vc_text_separator title=&#8221;Descoper\u0103 lumea!&#8221; i_icon_fontawesome=&#8221;fa fa-globe&#8221; i_size=&#8221;lg&#8221; color=&#8221;purple&#8221; style=&#8221;double&#8221; border_width=&#8221;5&#8243; add_icon=&#8221;true&#8221; css=&#8221;.vc_custom_1539077045397{padding-top: 20px !important;}&#8221;][vc_column_text]<\/p>\n<h3><a href=\"http:\/\/www.scoalababel.ro\/wp-content\/uploads\/2018\/10\/descopera-lumea.jpg\"><img loading=\"lazy\" decoding=\"async\" class=\"size-thumbnail wp-image-2842 alignleft\" src=\"http:\/\/www.scoalababel.ro\/wp-content\/uploads\/2018\/10\/descopera-lumea-150x150.jpg\" alt=\"descopera-lumea\" width=\"150\" height=\"150\" srcset=\"https:\/\/www.scoalababel.ro\/wp-content\/uploads\/2018\/10\/descopera-lumea-150x150.jpg 150w, https:\/\/www.scoalababel.ro\/wp-content\/uploads\/2018\/10\/descopera-lumea-300x300.jpg 300w, https:\/\/www.scoalababel.ro\/wp-content\/uploads\/2018\/10\/descopera-lumea-600x600.jpg 600w, https:\/\/www.scoalababel.ro\/wp-content\/uploads\/2018\/10\/descopera-lumea.jpg 673w\" sizes=\"auto, (max-width: 150px) 100vw, 150px\" \/><\/a><\/h3>\n<h4>\u00a0<span style=\"color: #800080;\"><strong>Diana Semenescu<\/strong><\/span><em><br \/>\n<\/em><\/h4>\n<p style=\"text-align: justify;\"><span style=\"color: #800080;\"><strong>Descoper\u0103 lumea!<\/strong> <\/span>este un curs de <strong>cultur\u0103 general\u0103,<\/strong> dedicat copiilor \u00eentre <span style=\"color: #800080;\"><strong>7 &#8211; 10 ani<\/strong><\/span>.<\/p>\n<p style=\"text-align: justify;\">Cursul se dore\u0219te a stimula curiozitatea \u0219i interesul copiilor pentru cunoa\u0219tere si va atinge domenii cum ar fi:<\/p>\n<ul style=\"text-align: justify;\">\n<li>Planeta Pam\u00e2nt;<\/li>\n<li>Natura;<\/li>\n<li>Corpul uman;<\/li>\n<li>Cum func\u021bioneaz\u0103?<\/li>\n<li>Cl\u0103diri celebre \u0219i multe altele.<\/li>\n<\/ul>\n<p style=\"text-align: justify;\"><strong>Obiective:<\/strong><\/p>\n<ul>\n<li>S\u0103 \u00eencurajeze copiii s\u0103 pun\u0103 \u00eentreb\u0103ri despre lumea \u00eenconjur\u0103toare;<\/li>\n<li>S\u0103 dezvolte vorbirea cursiv\u0103, chiar \u0219i \u00een fa\u021ba unui public;<\/li>\n<li>S\u0103 \u00eenve\u021be lucruri noi, dezvolt\u00e2ndu-\u0219i cultura general\u0103;<\/li>\n<li>S\u0103 lucreze \u00een echip\u0103 la proiecte specifice domeniilor abordate.<\/li>\n<\/ul>\n<p><strong>Cum? Sub form\u0103 de joac\u0103&#8230;<\/strong><\/p>\n<p>Vorbim, me\u0219terim, facem experimente \u0219i descoperim lumea \u00een joac\u0103. \u00centrebarea \u201cDe ce?\u201d va fi prezent\u0103 la fiecare pas, \u00eencuraj\u00e2nd copiii s\u0103 g\u00e2ndeasc\u0103 \u0219i s\u0103 \u00ee\u0219i pun\u0103 \u00eentreb\u0103ri despre lumea \u00eenconjur\u0103toare.<\/p>\n<p style=\"text-align: justify;\">Cursul va avea loc<strong><span style=\"color: #800080;\"> luni, \u00eentre orele 17.00-18.00<\/span>, \u00eencep\u00e2d cu 22 octombrie.<\/strong><\/p>\n<p style=\"text-align: justify;\"><strong>Investi\u021bie: <span style=\"color: #800080;\">110 RON \/ lun\u0103<\/span><\/strong> (4 \u0219edin\u021be a c\u00e2te 1 h fiecare).<\/p>\n<p>[\/vc_column_text][\/vc_column][vc_column width=&#8221;1\/2&#8243;][vc_empty_space height=&#8221;40px&#8221;][vc_text_separator title=&#8221;Social Media pentru copii&#8221; i_icon_fontawesome=&#8221;fa fa-laptop&#8221; i_size=&#8221;lg&#8221; color=&#8221;purple&#8221; style=&#8221;double&#8221; border_width=&#8221;5&#8243; add_icon=&#8221;true&#8221; css=&#8221;.vc_custom_1539077070003{padding-top: 20px !important;}&#8221;][vc_column_text]<a href=\"http:\/\/www.scoalababel.ro\/wp-content\/uploads\/2018\/10\/social-media-copii-cover.jpg\"><img loading=\"lazy\" decoding=\"async\" class=\"size-thumbnail wp-image-2852 alignright\" src=\"http:\/\/www.scoalababel.ro\/wp-content\/uploads\/2018\/10\/social-media-copii-cover-150x150.jpg\" alt=\"social-media-copii\" width=\"150\" height=\"150\" srcset=\"https:\/\/www.scoalababel.ro\/wp-content\/uploads\/2018\/10\/social-media-copii-cover-150x150.jpg 150w, https:\/\/www.scoalababel.ro\/wp-content\/uploads\/2018\/10\/social-media-copii-cover-300x300.jpg 300w, https:\/\/www.scoalababel.ro\/wp-content\/uploads\/2018\/10\/social-media-copii-cover-768x768.jpg 768w, https:\/\/www.scoalababel.ro\/wp-content\/uploads\/2018\/10\/social-media-copii-cover-1024x1024.jpg 1024w, https:\/\/www.scoalababel.ro\/wp-content\/uploads\/2018\/10\/social-media-copii-cover-600x600.jpg 600w, https:\/\/www.scoalababel.ro\/wp-content\/uploads\/2018\/10\/social-media-copii-cover.jpg 1667w\" sizes=\"auto, (max-width: 150px) 100vw, 150px\" \/><\/a><\/p>\n<h4>\u00a0<span style=\"color: #800080;\"><strong>Carla Banu<\/strong><\/span><em><br \/>\n<\/em><\/h4>\n<p><strong><span style=\"color: #800080;\">Social Media pentru copii: Atelier foto-video \u0219i generare de con\u021binut creativ \u00een online <\/span><\/strong><\/p>\n<p style=\"text-align: justify;\">Informa\u021bia \u00een format digital este pretutindeni \u00een jurul nostru; acces\u0103m informa\u021bii \u00een fiecare zi &#8211; pentru documentare, socializare sau divertisment\u2026 dar ce fac copiii atunci c\u00e2nd se conecteaz\u0103 online? Sunt ei preg\u0103ti\u021bi s\u0103 consume, dar \u0219i s\u0103 creeze informa\u021bie de calitate? \u0218tiu s\u0103 selecteze informa\u021biile, s\u0103-\u0219i protejeze identitatea, dar \u0219i munca? \u0218tiu s\u0103 genereze con\u021binut creativ, s\u0103-\u0219i valorifice ideile \u0219i s\u0103-\u0219i construiasc\u0103 o indentitate virtual\u0103, folosindu-se de instrumentele de crea\u021bie \u0219i promovare oferite de mediul online? \u00ce\u0219i doresc s\u0103 comunice virtual, dar \u0219tiu s\u0103 o fac\u0103 \u00eentr-un mod sigur, adecvat v\u00e2rstei lor?<\/p>\n<p>Sunt Carla Banu, absolvent\u0103 a Facul\u021b\u0103\u021bii de Sociologie \u0219i Psihologie, \u00een prezent \u00een curs de acreditare post-universitar\u0103 ca Mediator informa\u021bional, pasionat\u0103 de fotografie, media \u0219i web design, cu o experien\u021b\u0103 de peste 10 ani \u00een blogging \u0219i colabor\u0103ri diverse \u00een media \u0219i social media. Pe parcursul acestui an \u00eei voi \u00eenso\u021bi pe copii \u00eentr-o ampl\u0103 c\u0103l\u0103torie \u00een mediul online, \u00een cadrul c\u0103reia ne vom crea o identitate virtual\u0103 \u0219i vom \u00eenv\u0103\u021ba cum s\u0103 folosim \u00een mod corect \u0219i creativ diverse platforme (de partajare a informa\u021biei sau de conectare \u0219i socializare), cum s\u0103 combin\u0103m diferitele tipuri de informa\u021bii (text, grafic\u0103, editare foto, video, audio) pentru a le publica \u00eentr-un mod c\u00e2t mai atractiv, dar \u0219i cum s\u0103 protej\u0103m aceste informa\u021bii, precum \u0219i identitatea autorilor.<\/p>\n<p style=\"text-align: justify;\">Atelierul se adreseaz\u0103 copiilor cu v\u00e2rsta de <span style=\"color: #800080;\"><strong>+8 ani<\/strong><\/span>.<\/p>\n<p style=\"text-align: justify;\">Cursul va avea loc\u00a0<strong><span style=\"color: #800080;\">joi , timp de 1,5 ore, \u00eencep\u00e2nd cu ora 16:00.<\/span> <\/strong><\/p>\n<p style=\"text-align: justify;\">Pre\u021bul este de<strong>\u00a0<span style=\"color: #800080;\">175 RON \/ lun\u0103 \/4 \u0219edin\u021be<\/span>\u00a0<\/strong>(orele corespondente vacan\u021belor \u0219colare nu se taxeaz\u0103).<\/p>\n<p>[\/vc_column_text][\/vc_column][\/vc_row]<\/p>\n","protected":false},"excerpt":{"rendered":"<p>[vc_row][vc_column width=&#8221;1\/2&#8243;][vc_text_separator title=&#8221;Scriere Creativ\u0103&#8221; i_icon_fontawesome=&#8221;fa fa-pencil-square-o&#8221; i_size=&#8221;lg&#8221; color=&#8221;purple&#8221; style=&#8221;double&#8221; border_width=&#8221;5&#8243; add_icon=&#8221;true&#8221; css=&#8221;.vc_custom_1539076927344{padding-top: 20px !important;}&#8221;][vc_column_text] Adela Dragomir Psiholog clinician \u0219i psihoterapeut, specializarea Terapia Comportamental\u0103 Ra\u021bional-Emotiv\u0103 (Terapii Cognitiv-Comportamentale). Atelierul de scriere creativ\u0103 face parte din programul meu de Educa\u021bie Ra\u021bional\u0103 Emotiv-Comportamental\u0103, concentr\u00e2ndu-se pe urm\u0103toarele competen\u021be ale copiilor: Observarea, cunoa\u0219terea \u0219i con\u0219tientizarea mediului, a rela\u021biilor dintre oameni \u0219i [&hellip;]<\/p>\n","protected":false},"author":3,"featured_media":0,"parent":2520,"menu_order":0,"comment_status":"closed","ping_status":"closed","template":"","meta":{"footnotes":""},"class_list":["post-2839","page","type-page","status-publish","hentry"],"yoast_head":"<!-- This site is optimized with the Yoast SEO plugin v27.5 - https:\/\/yoast.com\/product\/yoast-seo-wordpress\/ -->\n<title>Programul de dezvoltare personal\u0103 \u0219i explorare a talentului - \u0218coala Babel<\/title>\n<meta name=\"robots\" content=\"index, follow, max-snippet:-1, max-image-preview:large, max-video-preview:-1\" \/>\n<link rel=\"canonical\" href=\"https:\/\/www.scoalababel.ro\/en\/comunitate\/proiecte\/programul-de-dezvoltare-personala-si-explorare-talentului\/\" \/>\n<meta property=\"og:locale\" content=\"en_US\" \/>\n<meta property=\"og:locale:alternate\" content=\"ro_RO\" \/>\n<meta property=\"og:type\" content=\"article\" \/>\n<meta property=\"og:title\" content=\"Programul de dezvoltare personal\u0103 \u0219i explorare a talentului - \u0218coala Babel\" \/>\n<meta property=\"og:description\" content=\"[vc_row][vc_column width=&#8221;1\/2&#8243;][vc_text_separator title=&#8221;Scriere Creativ\u0103&#8221; i_icon_fontawesome=&#8221;fa fa-pencil-square-o&#8221; i_size=&#8221;lg&#8221; color=&#8221;purple&#8221; style=&#8221;double&#8221; border_width=&#8221;5&#8243; add_icon=&#8221;true&#8221; css=&#8221;.vc_custom_1539076927344{padding-top: 20px !important;}&#8221;][vc_column_text] Adela Dragomir Psiholog clinician \u0219i psihoterapeut, specializarea Terapia Comportamental\u0103 Ra\u021bional-Emotiv\u0103 (Terapii Cognitiv-Comportamentale). Atelierul de scriere creativ\u0103 face parte din programul meu de Educa\u021bie Ra\u021bional\u0103 Emotiv-Comportamental\u0103, concentr\u00e2ndu-se pe urm\u0103toarele competen\u021be ale copiilor: Observarea, cunoa\u0219terea \u0219i con\u0219tientizarea mediului, a rela\u021biilor dintre oameni \u0219i [&hellip;]\" \/>\n<meta property=\"og:url\" content=\"https:\/\/www.scoalababel.ro\/en\/comunitate\/proiecte\/programul-de-dezvoltare-personala-si-explorare-talentului\/\" \/>\n<meta property=\"og:site_name\" content=\"\u0218coala Babel\" \/>\n<meta property=\"article:publisher\" content=\"https:\/\/www.facebook.com\/scoalababel\/\" \/>\n<meta property=\"article:modified_time\" content=\"2018-10-10T12:35:11+00:00\" \/>\n<meta property=\"og:image\" content=\"https:\/\/www.scoalababel.ro\/wp-content\/uploads\/2018\/10\/adela-dragomir.jpg\" \/>\n\t<meta property=\"og:image:width\" content=\"486\" \/>\n\t<meta property=\"og:image:height\" content=\"648\" \/>\n\t<meta property=\"og:image:type\" content=\"image\/jpeg\" \/>\n<meta name=\"twitter:card\" content=\"summary_large_image\" \/>\n<meta name=\"twitter:label1\" content=\"Est. reading time\" \/>\n\t<meta name=\"twitter:data1\" content=\"5 minutes\" \/>\n<script type=\"application\/ld+json\" class=\"yoast-schema-graph\">{\"@context\":\"https:\\\/\\\/schema.org\",\"@graph\":[{\"@type\":\"WebPage\",\"@id\":\"https:\\\/\\\/www.scoalababel.ro\\\/comunitate\\\/proiecte\\\/programul-de-dezvoltare-personala-si-explorare-talentului\\\/\",\"url\":\"https:\\\/\\\/www.scoalababel.ro\\\/comunitate\\\/proiecte\\\/programul-de-dezvoltare-personala-si-explorare-talentului\\\/\",\"name\":\"Programul de dezvoltare personal\u0103 \u0219i explorare a talentului - \u0218coala Babel\",\"isPartOf\":{\"@id\":\"https:\\\/\\\/www.scoalababel.ro\\\/#website\"},\"primaryImageOfPage\":{\"@id\":\"https:\\\/\\\/www.scoalababel.ro\\\/comunitate\\\/proiecte\\\/programul-de-dezvoltare-personala-si-explorare-talentului\\\/#primaryimage\"},\"image\":{\"@id\":\"https:\\\/\\\/www.scoalababel.ro\\\/comunitate\\\/proiecte\\\/programul-de-dezvoltare-personala-si-explorare-talentului\\\/#primaryimage\"},\"thumbnailUrl\":\"http:\\\/\\\/www.scoalababel.ro\\\/wp-content\\\/uploads\\\/2018\\\/10\\\/adela-dragomir-150x150.jpg\",\"datePublished\":\"2018-10-09T09:28:49+00:00\",\"dateModified\":\"2018-10-10T12:35:11+00:00\",\"breadcrumb\":{\"@id\":\"https:\\\/\\\/www.scoalababel.ro\\\/comunitate\\\/proiecte\\\/programul-de-dezvoltare-personala-si-explorare-talentului\\\/#breadcrumb\"},\"inLanguage\":\"en-US\",\"potentialAction\":[{\"@type\":\"ReadAction\",\"target\":[\"https:\\\/\\\/www.scoalababel.ro\\\/comunitate\\\/proiecte\\\/programul-de-dezvoltare-personala-si-explorare-talentului\\\/\"]}]},{\"@type\":\"ImageObject\",\"inLanguage\":\"en-US\",\"@id\":\"https:\\\/\\\/www.scoalababel.ro\\\/comunitate\\\/proiecte\\\/programul-de-dezvoltare-personala-si-explorare-talentului\\\/#primaryimage\",\"url\":\"http:\\\/\\\/www.scoalababel.ro\\\/wp-content\\\/uploads\\\/2018\\\/10\\\/adela-dragomir-150x150.jpg\",\"contentUrl\":\"http:\\\/\\\/www.scoalababel.ro\\\/wp-content\\\/uploads\\\/2018\\\/10\\\/adela-dragomir-150x150.jpg\"},{\"@type\":\"BreadcrumbList\",\"@id\":\"https:\\\/\\\/www.scoalababel.ro\\\/comunitate\\\/proiecte\\\/programul-de-dezvoltare-personala-si-explorare-talentului\\\/#breadcrumb\",\"itemListElement\":[{\"@type\":\"ListItem\",\"position\":1,\"name\":\"Home\",\"item\":\"https:\\\/\\\/www.scoalababel.ro\\\/\"},{\"@type\":\"ListItem\",\"position\":2,\"name\":\"Comunitate\",\"item\":\"https:\\\/\\\/www.scoalababel.ro\\\/comunitate\\\/\"},{\"@type\":\"ListItem\",\"position\":3,\"name\":\"Proiecte\",\"item\":\"https:\\\/\\\/www.scoalababel.ro\\\/comunitate\\\/proiecte\\\/\"},{\"@type\":\"ListItem\",\"position\":4,\"name\":\"Programul de dezvoltare personal\u0103 \u0219i explorare a talentului\"}]},{\"@type\":\"WebSite\",\"@id\":\"https:\\\/\\\/www.scoalababel.ro\\\/#website\",\"url\":\"https:\\\/\\\/www.scoalababel.ro\\\/\",\"name\":\"\u0218coala Babel\",\"description\":\"\u0218coala Babel\",\"potentialAction\":[{\"@type\":\"SearchAction\",\"target\":{\"@type\":\"EntryPoint\",\"urlTemplate\":\"https:\\\/\\\/www.scoalababel.ro\\\/?s={search_term_string}\"},\"query-input\":{\"@type\":\"PropertyValueSpecification\",\"valueRequired\":true,\"valueName\":\"search_term_string\"}}],\"inLanguage\":\"en-US\"}]}<\/script>\n<!-- \/ Yoast SEO plugin. -->","yoast_head_json":{"title":"Programul de dezvoltare personal\u0103 \u0219i explorare a talentului - \u0218coala Babel","robots":{"index":"index","follow":"follow","max-snippet":"max-snippet:-1","max-image-preview":"max-image-preview:large","max-video-preview":"max-video-preview:-1"},"canonical":"https:\/\/www.scoalababel.ro\/en\/comunitate\/proiecte\/programul-de-dezvoltare-personala-si-explorare-talentului\/","og_locale":"en_US","og_type":"article","og_title":"Programul de dezvoltare personal\u0103 \u0219i explorare a talentului - \u0218coala Babel","og_description":"[vc_row][vc_column width=&#8221;1\/2&#8243;][vc_text_separator title=&#8221;Scriere Creativ\u0103&#8221; i_icon_fontawesome=&#8221;fa fa-pencil-square-o&#8221; i_size=&#8221;lg&#8221; color=&#8221;purple&#8221; style=&#8221;double&#8221; border_width=&#8221;5&#8243; add_icon=&#8221;true&#8221; css=&#8221;.vc_custom_1539076927344{padding-top: 20px !important;}&#8221;][vc_column_text] Adela Dragomir Psiholog clinician \u0219i psihoterapeut, specializarea Terapia Comportamental\u0103 Ra\u021bional-Emotiv\u0103 (Terapii Cognitiv-Comportamentale). Atelierul de scriere creativ\u0103 face parte din programul meu de Educa\u021bie Ra\u021bional\u0103 Emotiv-Comportamental\u0103, concentr\u00e2ndu-se pe urm\u0103toarele competen\u021be ale copiilor: Observarea, cunoa\u0219terea \u0219i con\u0219tientizarea mediului, a rela\u021biilor dintre oameni \u0219i [&hellip;]","og_url":"https:\/\/www.scoalababel.ro\/en\/comunitate\/proiecte\/programul-de-dezvoltare-personala-si-explorare-talentului\/","og_site_name":"\u0218coala Babel","article_publisher":"https:\/\/www.facebook.com\/scoalababel\/","article_modified_time":"2018-10-10T12:35:11+00:00","og_image":[{"width":486,"height":648,"url":"https:\/\/www.scoalababel.ro\/wp-content\/uploads\/2018\/10\/adela-dragomir.jpg","type":"image\/jpeg"}],"twitter_card":"summary_large_image","twitter_misc":{"Est. reading time":"5 minutes"},"schema":{"@context":"https:\/\/schema.org","@graph":[{"@type":"WebPage","@id":"https:\/\/www.scoalababel.ro\/comunitate\/proiecte\/programul-de-dezvoltare-personala-si-explorare-talentului\/","url":"https:\/\/www.scoalababel.ro\/comunitate\/proiecte\/programul-de-dezvoltare-personala-si-explorare-talentului\/","name":"Programul de dezvoltare personal\u0103 \u0219i explorare a talentului - \u0218coala Babel","isPartOf":{"@id":"https:\/\/www.scoalababel.ro\/#website"},"primaryImageOfPage":{"@id":"https:\/\/www.scoalababel.ro\/comunitate\/proiecte\/programul-de-dezvoltare-personala-si-explorare-talentului\/#primaryimage"},"image":{"@id":"https:\/\/www.scoalababel.ro\/comunitate\/proiecte\/programul-de-dezvoltare-personala-si-explorare-talentului\/#primaryimage"},"thumbnailUrl":"http:\/\/www.scoalababel.ro\/wp-content\/uploads\/2018\/10\/adela-dragomir-150x150.jpg","datePublished":"2018-10-09T09:28:49+00:00","dateModified":"2018-10-10T12:35:11+00:00","breadcrumb":{"@id":"https:\/\/www.scoalababel.ro\/comunitate\/proiecte\/programul-de-dezvoltare-personala-si-explorare-talentului\/#breadcrumb"},"inLanguage":"en-US","potentialAction":[{"@type":"ReadAction","target":["https:\/\/www.scoalababel.ro\/comunitate\/proiecte\/programul-de-dezvoltare-personala-si-explorare-talentului\/"]}]},{"@type":"ImageObject","inLanguage":"en-US","@id":"https:\/\/www.scoalababel.ro\/comunitate\/proiecte\/programul-de-dezvoltare-personala-si-explorare-talentului\/#primaryimage","url":"http:\/\/www.scoalababel.ro\/wp-content\/uploads\/2018\/10\/adela-dragomir-150x150.jpg","contentUrl":"http:\/\/www.scoalababel.ro\/wp-content\/uploads\/2018\/10\/adela-dragomir-150x150.jpg"},{"@type":"BreadcrumbList","@id":"https:\/\/www.scoalababel.ro\/comunitate\/proiecte\/programul-de-dezvoltare-personala-si-explorare-talentului\/#breadcrumb","itemListElement":[{"@type":"ListItem","position":1,"name":"Home","item":"https:\/\/www.scoalababel.ro\/"},{"@type":"ListItem","position":2,"name":"Comunitate","item":"https:\/\/www.scoalababel.ro\/comunitate\/"},{"@type":"ListItem","position":3,"name":"Proiecte","item":"https:\/\/www.scoalababel.ro\/comunitate\/proiecte\/"},{"@type":"ListItem","position":4,"name":"Programul de dezvoltare personal\u0103 \u0219i explorare a talentului"}]},{"@type":"WebSite","@id":"https:\/\/www.scoalababel.ro\/#website","url":"https:\/\/www.scoalababel.ro\/","name":"\u0218coala Babel","description":"\u0218coala Babel","potentialAction":[{"@type":"SearchAction","target":{"@type":"EntryPoint","urlTemplate":"https:\/\/www.scoalababel.ro\/?s={search_term_string}"},"query-input":{"@type":"PropertyValueSpecification","valueRequired":true,"valueName":"search_term_string"}}],"inLanguage":"en-US"}]}},"_links":{"self":[{"href":"https:\/\/www.scoalababel.ro\/en\/wp-json\/wp\/v2\/pages\/2839","targetHints":{"allow":["GET"]}}],"collection":[{"href":"https:\/\/www.scoalababel.ro\/en\/wp-json\/wp\/v2\/pages"}],"about":[{"href":"https:\/\/www.scoalababel.ro\/en\/wp-json\/wp\/v2\/types\/page"}],"author":[{"embeddable":true,"href":"https:\/\/www.scoalababel.ro\/en\/wp-json\/wp\/v2\/users\/3"}],"replies":[{"embeddable":true,"href":"https:\/\/www.scoalababel.ro\/en\/wp-json\/wp\/v2\/comments?post=2839"}],"version-history":[{"count":14,"href":"https:\/\/www.scoalababel.ro\/en\/wp-json\/wp\/v2\/pages\/2839\/revisions"}],"predecessor-version":[{"id":2862,"href":"https:\/\/www.scoalababel.ro\/en\/wp-json\/wp\/v2\/pages\/2839\/revisions\/2862"}],"up":[{"embeddable":true,"href":"https:\/\/www.scoalababel.ro\/en\/wp-json\/wp\/v2\/pages\/2520"}],"wp:attachment":[{"href":"https:\/\/www.scoalababel.ro\/en\/wp-json\/wp\/v2\/media?parent=2839"}],"curies":[{"name":"wp","href":"https:\/\/api.w.org\/{rel}","templated":true}]}}