{"id":2878,"date":"2018-12-05T10:41:26","date_gmt":"2018-12-05T10:41:26","guid":{"rendered":"http:\/\/www.scoalababel.ro\/?page_id=2878"},"modified":"2018-12-05T10:41:26","modified_gmt":"2018-12-05T10:41:26","slug":"makerspace-open-day-editie-de-craciun","status":"publish","type":"page","link":"https:\/\/www.scoalababel.ro\/en\/comunitate\/proiecte\/makerspace-open-day-editie-de-craciun\/","title":{"rendered":"Makerspace Open Day &#8211; Edi\u021bie de Cr\u0103ciun"},"content":{"rendered":"<p>[vc_row][vc_column][vc_cta h2=&#8221;&#8221; h4=&#8221;Makerspace Open Day \u00eenseamn\u0103 un eveniment deschis, unde voluntarii Makers \u00ee\u0219i dau \u00eent\u00e2lnire cu copiii Makers \u0219i creeaz\u0103 minun\u0103\u021bii. &#8220;][\/vc_cta][vc_single_image image=&#8221;2879&#8243; img_size=&#8221;large&#8221; alignment=&#8221;center&#8221;][vc_empty_space][vc_column_text]<\/p>\n<p style=\"text-align: justify;\">Organiz\u0103m la \u0218coala Babel \u00een <strong>11 decembrie, \u00eencep\u00e2nd cu ora 18:00<\/strong>, un atelier gratuit de confec\u021bionat <strong>decora\u021biuni de Cr\u0103ciun<\/strong>, folosindu-ne de materialele din spa\u021biu disponibile \u00een cele 4 insule de crea\u021bie pe care le activ\u0103m: croitorie, t\u00e2mpl\u0103rie, \u0219tiin\u021b\u0103 \u0219i g\u0103tit. Putem abo<span class=\"text_exposed_show\">rda decora\u021biunile din ce perspectiv\u0103 ne dorim \u0219i v\u0103 invit\u0103m s\u0103 tr\u0103i\u021bi al\u0103turi de noi sentimentul muncii \u00een echipe, a conceptualiz\u0103rii, a produsului final rezultant al min\u021bii creative.<\/span><\/p>\n<p style=\"text-align: justify;\"><span class=\"text_exposed_show\">Promitem o sear\u0103 cu multe r\u00e2sete, liber la imagina\u021bie \u0219i turt\u0103 dulce!<\/span><\/p>\n<p style=\"text-align: justify;\"><span class=\"text_exposed_show\">\u0218i, pentru c\u0103 noi credem \u00een poten\u021bialul fiec\u0103ruia, v\u0103 \u00eentreb\u0103m dac\u0103 dori\u021bi s\u0103 v\u0103 implica\u021bi ca \u0219i coordonator de activitate la una dintre insule sau dac\u0103 dori\u021bi s\u0103 propune\u021bi un model de decora\u021biune (noi revenim, \u00een func\u021bie de op\u021biunile exprimate, cu lista materialelor pe care le reg\u0103si\u021bi \u00een Makerspace). Ne-am bucura s\u0103 avem perspectiva personal\u0103 asupra decora\u021biunilor unicate de Cr\u0103ciun!<\/span><\/p>\n<p style=\"text-align: justify;\"><span class=\"text_exposed_show\">Pentru a fi voluntar la atelier sau pentru a coordona o activitate v\u0103 rug\u0103m s\u0103 completa\u021bi <strong><a href=\"https:\/\/goo.gl\/5U3WGL\" target=\"_blank\">acest formular<\/a><\/strong>, p\u00e2n\u0103 \u00een 9 decembrie.<\/span><\/p>\n<p style=\"text-align: justify;\"><span class=\"text_exposed_show\">Pentru participare pur \u0219i simplu la activit\u0103\u021bile noastre v\u0103 rug\u0103m s\u0103 completa\u021bi <strong><a href=\"https:\/\/goo.gl\/GDrhXs\" target=\"_blank\">acest formular,<\/a><\/strong>\u00a0 p\u00e2n\u0103 \u00een 9 decembrie.<\/span><\/p>\n<p>[\/vc_column_text][vc_empty_space][vc_cta h2=&#8221;&#8221;]<\/p>\n<p style=\"text-align: justify;\"><em>Ne dorim s\u0103 v\u0103 transmitem \u0219i c\u00e2teva ve\u0219ti despre noi, cei pentru care a\u021bi donat \u0219i\/sau alergat \u00een aprilie, \u00een cadrul Timotion. Eforturile au fost consistente, suntem foarte recunosc\u0103tori pentru acest lucru!<\/em><\/p>\n<div class=\"_2cuy _3dgx _2vxa\" style=\"text-align: justify;\"><em>Din aprilie \u0219i p\u00e2n\u0103 acum \u0219i cu ajutorul vostru, Asocia\u021bia P\u0103rin\u021bi \u00een Dialog a reu\u0219it s\u0103 implementeze proiectul <strong><a href=\"http:\/\/www.scoalababel.ro\/sustin-educatia\/timotion\/\" target=\"_blank\">Makerspace la \u0218coala Babel<\/a>. <\/strong>Acesta este situat \u00een incinta \u0219colii, pe Strada 1 Decembrie 1918, nr. 93, la etajul 2. Se bucur\u0103 de un spa\u021biu generos, luminos, \u00eemp\u0103r\u021bit \u00een patru mari insule: croitorie, t\u00e2mpl\u0103rie, \u0219tiin\u021be \u0219i tehnologie \u00eenalt\u0103. Am reu\u0219it s\u0103 dot\u0103m cu tot ce este necesar pentru ca activit\u0103\u021bile din cele 4 domenii s\u0103 se desf\u0103\u0219oare f\u0103r\u0103 frontiere \u0219i \u00een siguran\u021b\u0103.<\/em><\/div>\n<div class=\"_2cuy _3dgx _2vxa\" style=\"text-align: justify;\"><em>\u00a0<\/em><\/div>\n<div class=\"_2cuy _3dgx _2vxa\" style=\"text-align: justify;\"><em>Am primit \u0219i vizite ale copiilor din alte \u0219coli \u0219i, \u00een mod cert, au fost multe ini\u021biative ale copiilor care \u0219i-au g\u0103sit sprijinul \u00een mentorii no\u0219tri. Subliniem importan\u021ba educa\u021biei experien\u021biale \u0219i a valorii de creatori pe care o atribuim copiilor. Am reu\u0219it, de asemenea, s\u0103 avem un parteneriat activ cu Symme3D, care ne va oferi imprimante 3D pentru activit\u0103\u021bi diverse, aspect care ne onoreaz\u0103. Prezen\u021ba tehnologiei \u00een via\u021ba copiilor nu este de contestat, mai ales atunci c\u00e2nd acesta are un fundament educa\u021bional. Despre Symme3D <strong><a href=\"https:\/\/goo.gl\/38ToRa\" target=\"_blank\">pute\u021bi s\u0103 citi\u021bi mai multe aici<\/a><\/strong>.<\/em><\/div>\n<div class=\"_2cuy _3dgx _2vxa\" style=\"text-align: justify;\"><em>\u00a0<\/em><\/div>\n<div class=\"_2cuy _3dgx _2vxa\" style=\"text-align: justify;\"><em>Acum ne preg\u0103tim de Cr\u0103ciun \u0219i am vrea s\u0103 v\u0103 invit\u0103m s\u0103 fi\u021bi al\u0103turi de noi \u0219i de copii \u00een cadrul Makerspace, pentru a paricipa la activit\u0103\u021bi.<\/em><\/div>\n<div class=\"_2cuy _3dgx _2vxa\" style=\"text-align: justify;\"><em>\u00a0<\/em><\/div>\n<div class=\"_2cuy _3dgx _2vxa\" style=\"text-align: right;\"><em><span class=\"text_exposed_show\">Bucuro\u0219i c\u0103 avem posibilitatea de a ne \u00eent\u00e2lni, s\u0103 vin\u0103 Cr\u0103ciunul!<br \/>\nCu prietenie,<br \/>\nEchipa Makerspace a \u0218colii Babel<\/span><\/em><\/div>\n<p>[\/vc_cta][\/vc_column][\/vc_row]<\/p>\n","protected":false},"excerpt":{"rendered":"<p>[vc_row][vc_column][vc_cta h2=&#8221;&#8221; h4=&#8221;Makerspace Open Day \u00eenseamn\u0103 un eveniment deschis, unde voluntarii Makers \u00ee\u0219i dau \u00eent\u00e2lnire cu copiii Makers \u0219i creeaz\u0103 minun\u0103\u021bii. &#8220;][\/vc_cta][vc_single_image image=&#8221;2879&#8243; img_size=&#8221;large&#8221; alignment=&#8221;center&#8221;][vc_empty_space][vc_column_text] Organiz\u0103m la \u0218coala Babel \u00een 11 decembrie, \u00eencep\u00e2nd cu ora 18:00, un atelier gratuit de confec\u021bionat decora\u021biuni de Cr\u0103ciun, folosindu-ne de materialele din spa\u021biu disponibile \u00een cele 4 insule de [&hellip;]<\/p>\n","protected":false},"author":3,"featured_media":0,"parent":2520,"menu_order":0,"comment_status":"closed","ping_status":"closed","template":"","meta":{"footnotes":""},"class_list":["post-2878","page","type-page","status-publish","hentry"],"yoast_head":"<!-- This site is optimized with the Yoast SEO plugin v27.5 - https:\/\/yoast.com\/product\/yoast-seo-wordpress\/ -->\n<title>Makerspace Open Day - Editie de Craciun la Scoala Babel<\/title>\n<meta name=\"description\" content=\"Makerspace Open Day \u00eenseamn\u0103 un eveniment deschis, pe 11 decembrie,unde voluntarii Makers \u00ee\u0219i dau \u00eent\u00e2lnire cu copiii Makers \u0219i creeaz\u0103 minun\u0103\u021bii.\" \/>\n<meta name=\"robots\" content=\"index, follow, max-snippet:-1, max-image-preview:large, max-video-preview:-1\" \/>\n<link rel=\"canonical\" href=\"https:\/\/www.scoalababel.ro\/en\/comunitate\/proiecte\/makerspace-open-day-editie-de-craciun\/\" \/>\n<meta property=\"og:locale\" content=\"en_US\" \/>\n<meta property=\"og:locale:alternate\" content=\"ro_RO\" \/>\n<meta property=\"og:type\" content=\"article\" \/>\n<meta property=\"og:title\" content=\"Makerspace Open Day - Editie de Craciun la Scoala Babel\" \/>\n<meta property=\"og:description\" content=\"Makerspace Open Day \u00eenseamn\u0103 un eveniment deschis, pe 11 decembrie,unde voluntarii Makers \u00ee\u0219i dau \u00eent\u00e2lnire cu copiii Makers \u0219i creeaz\u0103 minun\u0103\u021bii.\" \/>\n<meta property=\"og:url\" content=\"https:\/\/www.scoalababel.ro\/en\/comunitate\/proiecte\/makerspace-open-day-editie-de-craciun\/\" \/>\n<meta property=\"og:site_name\" content=\"\u0218coala Babel\" \/>\n<meta property=\"article:publisher\" content=\"https:\/\/www.facebook.com\/scoalababel\/\" \/>\n<meta name=\"twitter:card\" content=\"summary_large_image\" \/>\n<meta name=\"twitter:label1\" content=\"Est. reading time\" \/>\n\t<meta name=\"twitter:data1\" content=\"3 minutes\" \/>\n<script type=\"application\/ld+json\" class=\"yoast-schema-graph\">{\"@context\":\"https:\\\/\\\/schema.org\",\"@graph\":[{\"@type\":\"WebPage\",\"@id\":\"https:\\\/\\\/www.scoalababel.ro\\\/comunitate\\\/proiecte\\\/makerspace-open-day-editie-de-craciun\\\/\",\"url\":\"https:\\\/\\\/www.scoalababel.ro\\\/comunitate\\\/proiecte\\\/makerspace-open-day-editie-de-craciun\\\/\",\"name\":\"Makerspace Open Day - Editie de Craciun la Scoala Babel\",\"isPartOf\":{\"@id\":\"https:\\\/\\\/www.scoalababel.ro\\\/#website\"},\"datePublished\":\"2018-12-05T10:41:26+00:00\",\"description\":\"Makerspace Open Day \u00eenseamn\u0103 un eveniment deschis, pe 11 decembrie,unde voluntarii Makers \u00ee\u0219i dau \u00eent\u00e2lnire cu copiii Makers \u0219i creeaz\u0103 minun\u0103\u021bii.\",\"breadcrumb\":{\"@id\":\"https:\\\/\\\/www.scoalababel.ro\\\/comunitate\\\/proiecte\\\/makerspace-open-day-editie-de-craciun\\\/#breadcrumb\"},\"inLanguage\":\"en-US\",\"potentialAction\":[{\"@type\":\"ReadAction\",\"target\":[\"https:\\\/\\\/www.scoalababel.ro\\\/comunitate\\\/proiecte\\\/makerspace-open-day-editie-de-craciun\\\/\"]}]},{\"@type\":\"BreadcrumbList\",\"@id\":\"https:\\\/\\\/www.scoalababel.ro\\\/comunitate\\\/proiecte\\\/makerspace-open-day-editie-de-craciun\\\/#breadcrumb\",\"itemListElement\":[{\"@type\":\"ListItem\",\"position\":1,\"name\":\"Home\",\"item\":\"https:\\\/\\\/www.scoalababel.ro\\\/\"},{\"@type\":\"ListItem\",\"position\":2,\"name\":\"Comunitate\",\"item\":\"https:\\\/\\\/www.scoalababel.ro\\\/comunitate\\\/\"},{\"@type\":\"ListItem\",\"position\":3,\"name\":\"Proiecte\",\"item\":\"https:\\\/\\\/www.scoalababel.ro\\\/comunitate\\\/proiecte\\\/\"},{\"@type\":\"ListItem\",\"position\":4,\"name\":\"Makerspace Open Day &#8211; Edi\u021bie de Cr\u0103ciun\"}]},{\"@type\":\"WebSite\",\"@id\":\"https:\\\/\\\/www.scoalababel.ro\\\/#website\",\"url\":\"https:\\\/\\\/www.scoalababel.ro\\\/\",\"name\":\"\u0218coala Babel\",\"description\":\"\u0218coala Babel\",\"potentialAction\":[{\"@type\":\"SearchAction\",\"target\":{\"@type\":\"EntryPoint\",\"urlTemplate\":\"https:\\\/\\\/www.scoalababel.ro\\\/?s={search_term_string}\"},\"query-input\":{\"@type\":\"PropertyValueSpecification\",\"valueRequired\":true,\"valueName\":\"search_term_string\"}}],\"inLanguage\":\"en-US\"}]}<\/script>\n<!-- \/ Yoast SEO plugin. -->","yoast_head_json":{"title":"Makerspace Open Day - Editie de Craciun la Scoala Babel","description":"Makerspace Open Day \u00eenseamn\u0103 un eveniment deschis, pe 11 decembrie,unde voluntarii Makers \u00ee\u0219i dau \u00eent\u00e2lnire cu copiii Makers \u0219i creeaz\u0103 minun\u0103\u021bii.","robots":{"index":"index","follow":"follow","max-snippet":"max-snippet:-1","max-image-preview":"max-image-preview:large","max-video-preview":"max-video-preview:-1"},"canonical":"https:\/\/www.scoalababel.ro\/en\/comunitate\/proiecte\/makerspace-open-day-editie-de-craciun\/","og_locale":"en_US","og_type":"article","og_title":"Makerspace Open Day - Editie de Craciun la Scoala Babel","og_description":"Makerspace Open Day \u00eenseamn\u0103 un eveniment deschis, pe 11 decembrie,unde voluntarii Makers \u00ee\u0219i dau \u00eent\u00e2lnire cu copiii Makers \u0219i creeaz\u0103 minun\u0103\u021bii.","og_url":"https:\/\/www.scoalababel.ro\/en\/comunitate\/proiecte\/makerspace-open-day-editie-de-craciun\/","og_site_name":"\u0218coala Babel","article_publisher":"https:\/\/www.facebook.com\/scoalababel\/","twitter_card":"summary_large_image","twitter_misc":{"Est. reading time":"3 minutes"},"schema":{"@context":"https:\/\/schema.org","@graph":[{"@type":"WebPage","@id":"https:\/\/www.scoalababel.ro\/comunitate\/proiecte\/makerspace-open-day-editie-de-craciun\/","url":"https:\/\/www.scoalababel.ro\/comunitate\/proiecte\/makerspace-open-day-editie-de-craciun\/","name":"Makerspace Open Day - Editie de Craciun la Scoala Babel","isPartOf":{"@id":"https:\/\/www.scoalababel.ro\/#website"},"datePublished":"2018-12-05T10:41:26+00:00","description":"Makerspace Open Day \u00eenseamn\u0103 un eveniment deschis, pe 11 decembrie,unde voluntarii Makers \u00ee\u0219i dau \u00eent\u00e2lnire cu copiii Makers \u0219i creeaz\u0103 minun\u0103\u021bii.","breadcrumb":{"@id":"https:\/\/www.scoalababel.ro\/comunitate\/proiecte\/makerspace-open-day-editie-de-craciun\/#breadcrumb"},"inLanguage":"en-US","potentialAction":[{"@type":"ReadAction","target":["https:\/\/www.scoalababel.ro\/comunitate\/proiecte\/makerspace-open-day-editie-de-craciun\/"]}]},{"@type":"BreadcrumbList","@id":"https:\/\/www.scoalababel.ro\/comunitate\/proiecte\/makerspace-open-day-editie-de-craciun\/#breadcrumb","itemListElement":[{"@type":"ListItem","position":1,"name":"Home","item":"https:\/\/www.scoalababel.ro\/"},{"@type":"ListItem","position":2,"name":"Comunitate","item":"https:\/\/www.scoalababel.ro\/comunitate\/"},{"@type":"ListItem","position":3,"name":"Proiecte","item":"https:\/\/www.scoalababel.ro\/comunitate\/proiecte\/"},{"@type":"ListItem","position":4,"name":"Makerspace Open Day &#8211; Edi\u021bie de Cr\u0103ciun"}]},{"@type":"WebSite","@id":"https:\/\/www.scoalababel.ro\/#website","url":"https:\/\/www.scoalababel.ro\/","name":"\u0218coala Babel","description":"\u0218coala Babel","potentialAction":[{"@type":"SearchAction","target":{"@type":"EntryPoint","urlTemplate":"https:\/\/www.scoalababel.ro\/?s={search_term_string}"},"query-input":{"@type":"PropertyValueSpecification","valueRequired":true,"valueName":"search_term_string"}}],"inLanguage":"en-US"}]}},"_links":{"self":[{"href":"https:\/\/www.scoalababel.ro\/en\/wp-json\/wp\/v2\/pages\/2878","targetHints":{"allow":["GET"]}}],"collection":[{"href":"https:\/\/www.scoalababel.ro\/en\/wp-json\/wp\/v2\/pages"}],"about":[{"href":"https:\/\/www.scoalababel.ro\/en\/wp-json\/wp\/v2\/types\/page"}],"author":[{"embeddable":true,"href":"https:\/\/www.scoalababel.ro\/en\/wp-json\/wp\/v2\/users\/3"}],"replies":[{"embeddable":true,"href":"https:\/\/www.scoalababel.ro\/en\/wp-json\/wp\/v2\/comments?post=2878"}],"version-history":[{"count":9,"href":"https:\/\/www.scoalababel.ro\/en\/wp-json\/wp\/v2\/pages\/2878\/revisions"}],"predecessor-version":[{"id":2888,"href":"https:\/\/www.scoalababel.ro\/en\/wp-json\/wp\/v2\/pages\/2878\/revisions\/2888"}],"up":[{"embeddable":true,"href":"https:\/\/www.scoalababel.ro\/en\/wp-json\/wp\/v2\/pages\/2520"}],"wp:attachment":[{"href":"https:\/\/www.scoalababel.ro\/en\/wp-json\/wp\/v2\/media?parent=2878"}],"curies":[{"name":"wp","href":"https:\/\/api.w.org\/{rel}","templated":true}]}}