{"id":3814,"date":"2020-07-23T10:35:44","date_gmt":"2020-07-23T10:35:44","guid":{"rendered":"https:\/\/www.scoalababel.ro\/?page_id=3814"},"modified":"2020-08-11T08:36:46","modified_gmt":"2020-08-11T08:36:46","slug":"profesorescu-24-29-aug","status":"publish","type":"page","link":"https:\/\/www.scoalababel.ro\/en\/comunitate\/proiecte\/profesorescu-24-29-aug\/","title":{"rendered":"Profesorescu &#8211; Cultiv\u0103m \u00cenv\u0103\u021barea Experien\u021bial\u0103, 24-29 aug"},"content":{"rendered":"<p>[vc_row][vc_column][vc_single_image image=&#8221;3825&#8243; img_size=&#8221;full&#8221;][vc_empty_space][\/vc_column][\/vc_row][vc_row][vc_column][vc_column_text]<strong>\u0218coala\u00a0Babel, \u00een parteneriat cu GreenFeel,<\/strong> te invit\u0103 la o s\u0103pt\u0103m\u00e2n\u0103 de \u00eenv\u0103\u021bare \u00een care s\u0103 r\u0103spundem, \u00een cadrul atelierelor practice, la \u00eentrebarea \u201cCum ne \u00eengrijim de dezvoltarea poten\u021bialului fiec\u0103rui copil?\u201d.<\/p>\n<p>Vom vedea <strong>cum aplic\u0103m principiile \u00eenv\u0103\u021b\u0103rii experien\u021biale, outdoor, \u00een clas\u0103 \u0219i acas\u0103<\/strong>.<\/p>\n<p>Ateliere: L-V, 10:00 &#8211; 12:30 (facilitator: Monica Diaconu), 13:00 &#8211; 14:30 (facilitatori: Dana Istrate, Daniela Doru, Daniela \u0218ilindean, Ana Fi\u021b, Vlad Gogelescu) \u0219i S\u00e2, 11:00-12:30 (facilitator: Anca Uzun).<\/p>\n<p>Num\u0103rul maxim de participan\u021bi este de <strong>20 de persoane<\/strong>.<\/p>\n<p>Pentru a-\u021bi rezerva locul <strong>e necesar s\u0103 completezi urm\u0103torul formular de \u00eenscriere online<\/strong>.[\/vc_column_text][\/vc_column][\/vc_row][vc_row][vc_column][vc_empty_space][vc_btn title=&#8221;Formularul de \u00eenscriere online&#8221; color=&#8221;primary&#8221; align=&#8221;center&#8221; link=&#8221;url:https%3A%2F%2Fforms.gle%2FEdbE9vpp7MELmKSU9||target:%20_blank&#8221;][\/vc_column][\/vc_row][vc_row][vc_column][vc_column_text]<strong>Atelierele au loc \u00een aer liber, \u00een spa\u021biul de gr\u0103dini al GreenFeel, Str. P\u0103storilor, nr.20, Timi\u0219oara. Vom respecta distan\u021barea fizic\u0103 ca m\u0103sur\u0103 de siguran\u021b\u0103.<\/strong><\/p>\n<p><strong>Avem \u0219i un cadou \ud83d\ude42<\/strong>, o sesiune online (Zoom): 18:00 &#8211; 19:30, joi, 27 aug, Fii COPIL cu visul t\u0103u &#8211; Fi\u0219\u0103 de lucru pentru lucrul cu elevii cu aspira\u021bii mari \u0219i mici, facilitator: Mirela Oprea.<\/p>\n<p>Te po\u021bi \u00eenscrie la sesiunile de diminea\u021b\u0103, cele de dup\u0103-mas\u0103 sau \u0219i-\u0219i. De asemenea po\u021bi opta s\u0103 participi doar la sesiunea online.<\/p>\n<p><strong>Evenimentul se desf\u0103\u0219oar\u0103 pe baz\u0103 de contribu\u021bie<\/strong>. Contribu\u021bia fiec\u0103rui participant sprijin\u0103 continuarea acestei initiative, de-a lungul anului \u0219colar. <strong>Suma pe care o recomand\u0103m este \u00eentre 75 \u0219i 300 RON \u00een func\u021bie de num\u0103rul sesiunilor pentru care te \u00eenscrii<\/strong>.<\/p>\n<p>\u00cen cazul \u00een care dori\u021bi s\u0103 participa\u021bi, dar v\u0103 este imposibil s\u0103 contribui\u021bi cu o sum\u0103 \u00eentre 75 \u0219i 300 RON, v\u0103 rug\u0103m s\u0103 ne scrie\u021bi un email la adresa <a href=\"mailto:contact@scoalababel.ro\">contact@scoalababel.ro<\/a> \u0219i vom g\u0103si o solu\u021bie \u00eempreun\u0103.<\/p>\n<p><strong>Despre \u0218coala Babel<\/strong><br \/>\n\u0218coala Babel aduce \u00een peisajul rom\u00e2nesc modelul olandezo-flamand al educa\u021biei experien\u021biale, adapt\u00e2ndu-l la programa \u0219i contextul specific local. Beneficiile acestui model sunt cercetate de mai bine de 40 de ani de c\u0103tre Centrul pentru Educa\u021bie Experien\u021bial\u0103 al Universit\u0103\u021bii din Leuven (Belgia) \u0219i sunt vizibile \u00een \u0219colile inovative olandeze \u0219i belgiene cu care \u0218coala Babel a avut contact \u00een ultimii trei ani. Educa\u021bia experien\u021bial\u0103 pune \u00een prim plan calitatea experien\u021bei copiilor la \u0219coal\u0103, dialogul autentic profesor-copil, \u00eendreptarea spre valorile democratice, conectarea cu lumea real\u0103.<\/p>\n<p><strong>Despre GreenFeel<\/strong><br \/>\nGreenFeel &#8211; Gr\u0103dinescu Timi\u015foara este beneficiar al Programului de Finan\u021bare Cre\u015ftem Gr\u0103dinescu, coordonat de c\u0103tre Institutul de Cercetare \u00een Permacultur\u0103 din Rom\u00e2nia \u0219i sponsorizat de Kaufland Rom\u00e2nia.<br \/>\nProiectul \u00ee\u015fi propune s\u0103 creeze o comunitate \u00een jurul activit\u0103\u0163ilor de gr\u0103din\u0103rit urban, pe un teren din zona Rona\u0163, Str. P\u0103storilor, nr. 20.<br \/>\nFunda\u0163ia Comunitar\u0103 Timi\u015foara implementeaz\u0103 proiectul al\u0103turi de partenerii s\u0103i locali: AsoP Vest, ReCult, Alergotura \u015fi Ceva De Spus.<\/p>\n<p><strong>\u00censcrierea la eveniment:<\/strong> <a href=\"https:\/\/forms.gle\/EdbE9vpp7MELmKSU9\">https:\/\/forms.gle\/EdbE9vpp7MELmKSU9<\/a><\/p>\n<p><a href=\"https:\/\/www.facebook.com\/scoalababel\">https:\/\/www.facebook.com\/scoalababel<\/a><br \/>\n<a href=\"https:\/\/www.facebook.com\/GreenFeelTM\">https:\/\/www.facebook.com\/GreenFeelTM<\/a>[\/vc_column_text][\/vc_column][\/vc_row]<\/p>\n","protected":false},"excerpt":{"rendered":"<p>[vc_row][vc_column][vc_single_image image=&#8221;3825&#8243; img_size=&#8221;full&#8221;][vc_empty_space][\/vc_column][\/vc_row][vc_row][vc_column][vc_column_text]\u0218coala\u00a0Babel, \u00een parteneriat cu GreenFeel, te invit\u0103 la o s\u0103pt\u0103m\u00e2n\u0103 de \u00eenv\u0103\u021bare \u00een care s\u0103 r\u0103spundem, \u00een cadrul atelierelor practice, la \u00eentrebarea \u201cCum ne \u00eengrijim de dezvoltarea poten\u021bialului fiec\u0103rui copil?\u201d. Vom vedea cum aplic\u0103m principiile \u00eenv\u0103\u021b\u0103rii experien\u021biale, outdoor, \u00een clas\u0103 \u0219i acas\u0103. Ateliere: L-V, 10:00 &#8211; 12:30 (facilitator: Monica Diaconu), 13:00 &#8211; 14:30 [&hellip;]<\/p>\n","protected":false},"author":8,"featured_media":3815,"parent":2520,"menu_order":0,"comment_status":"closed","ping_status":"closed","template":"","meta":{"footnotes":""},"class_list":["post-3814","page","type-page","status-publish","has-post-thumbnail","hentry"],"yoast_head":"<!-- This site is optimized with the Yoast SEO plugin v27.5 - https:\/\/yoast.com\/product\/yoast-seo-wordpress\/ -->\n<title>Profesorescu - Cultiv\u0103m \u00cenv\u0103\u021barea Experien\u021bial\u0103, 24-29 aug - \u0218coala Babel<\/title>\n<meta name=\"robots\" content=\"index, follow, max-snippet:-1, max-image-preview:large, max-video-preview:-1\" \/>\n<link rel=\"canonical\" href=\"https:\/\/www.scoalababel.ro\/en\/comunitate\/proiecte\/profesorescu-24-29-aug\/\" \/>\n<meta property=\"og:locale\" content=\"en_US\" \/>\n<meta property=\"og:locale:alternate\" content=\"ro_RO\" \/>\n<meta property=\"og:type\" content=\"article\" \/>\n<meta property=\"og:title\" content=\"Profesorescu - Cultiv\u0103m \u00cenv\u0103\u021barea Experien\u021bial\u0103, 24-29 aug - \u0218coala Babel\" \/>\n<meta property=\"og:description\" content=\"[vc_row][vc_column][vc_single_image image=&#8221;3825&#8243; img_size=&#8221;full&#8221;][vc_empty_space][\/vc_column][\/vc_row][vc_row][vc_column][vc_column_text]\u0218coala\u00a0Babel, \u00een parteneriat cu GreenFeel, te invit\u0103 la o s\u0103pt\u0103m\u00e2n\u0103 de \u00eenv\u0103\u021bare \u00een care s\u0103 r\u0103spundem, \u00een cadrul atelierelor practice, la \u00eentrebarea \u201cCum ne \u00eengrijim de dezvoltarea poten\u021bialului fiec\u0103rui copil?\u201d. Vom vedea cum aplic\u0103m principiile \u00eenv\u0103\u021b\u0103rii experien\u021biale, outdoor, \u00een clas\u0103 \u0219i acas\u0103. Ateliere: L-V, 10:00 &#8211; 12:30 (facilitator: Monica Diaconu), 13:00 &#8211; 14:30 [&hellip;]\" \/>\n<meta property=\"og:url\" content=\"https:\/\/www.scoalababel.ro\/en\/comunitate\/proiecte\/profesorescu-24-29-aug\/\" \/>\n<meta property=\"og:site_name\" content=\"\u0218coala Babel\" \/>\n<meta property=\"article:publisher\" content=\"https:\/\/www.facebook.com\/scoalababel\/\" \/>\n<meta property=\"article:modified_time\" content=\"2020-08-11T08:36:46+00:00\" \/>\n<meta property=\"og:image\" content=\"https:\/\/www.scoalababel.ro\/wp-content\/uploads\/2020\/07\/Cover-Event.png\" \/>\n\t<meta property=\"og:image:width\" content=\"1920\" \/>\n\t<meta property=\"og:image:height\" content=\"1080\" \/>\n\t<meta property=\"og:image:type\" content=\"image\/png\" \/>\n<meta name=\"twitter:card\" content=\"summary_large_image\" \/>\n<meta name=\"twitter:label1\" content=\"Est. reading time\" \/>\n\t<meta name=\"twitter:data1\" content=\"3 minutes\" \/>\n<script type=\"application\/ld+json\" class=\"yoast-schema-graph\">{\"@context\":\"https:\\\/\\\/schema.org\",\"@graph\":[{\"@type\":\"WebPage\",\"@id\":\"https:\\\/\\\/www.scoalababel.ro\\\/comunitate\\\/proiecte\\\/profesorescu-24-29-aug\\\/\",\"url\":\"https:\\\/\\\/www.scoalababel.ro\\\/comunitate\\\/proiecte\\\/profesorescu-24-29-aug\\\/\",\"name\":\"Profesorescu - Cultiv\u0103m \u00cenv\u0103\u021barea Experien\u021bial\u0103, 24-29 aug - \u0218coala Babel\",\"isPartOf\":{\"@id\":\"https:\\\/\\\/www.scoalababel.ro\\\/#website\"},\"primaryImageOfPage\":{\"@id\":\"https:\\\/\\\/www.scoalababel.ro\\\/comunitate\\\/proiecte\\\/profesorescu-24-29-aug\\\/#primaryimage\"},\"image\":{\"@id\":\"https:\\\/\\\/www.scoalababel.ro\\\/comunitate\\\/proiecte\\\/profesorescu-24-29-aug\\\/#primaryimage\"},\"thumbnailUrl\":\"https:\\\/\\\/www.scoalababel.ro\\\/wp-content\\\/uploads\\\/2020\\\/07\\\/Cover-Event.png\",\"datePublished\":\"2020-07-23T10:35:44+00:00\",\"dateModified\":\"2020-08-11T08:36:46+00:00\",\"breadcrumb\":{\"@id\":\"https:\\\/\\\/www.scoalababel.ro\\\/comunitate\\\/proiecte\\\/profesorescu-24-29-aug\\\/#breadcrumb\"},\"inLanguage\":\"en-US\",\"potentialAction\":[{\"@type\":\"ReadAction\",\"target\":[\"https:\\\/\\\/www.scoalababel.ro\\\/comunitate\\\/proiecte\\\/profesorescu-24-29-aug\\\/\"]}]},{\"@type\":\"ImageObject\",\"inLanguage\":\"en-US\",\"@id\":\"https:\\\/\\\/www.scoalababel.ro\\\/comunitate\\\/proiecte\\\/profesorescu-24-29-aug\\\/#primaryimage\",\"url\":\"https:\\\/\\\/www.scoalababel.ro\\\/wp-content\\\/uploads\\\/2020\\\/07\\\/Cover-Event.png\",\"contentUrl\":\"https:\\\/\\\/www.scoalababel.ro\\\/wp-content\\\/uploads\\\/2020\\\/07\\\/Cover-Event.png\",\"width\":1920,\"height\":1080},{\"@type\":\"BreadcrumbList\",\"@id\":\"https:\\\/\\\/www.scoalababel.ro\\\/comunitate\\\/proiecte\\\/profesorescu-24-29-aug\\\/#breadcrumb\",\"itemListElement\":[{\"@type\":\"ListItem\",\"position\":1,\"name\":\"Home\",\"item\":\"https:\\\/\\\/www.scoalababel.ro\\\/\"},{\"@type\":\"ListItem\",\"position\":2,\"name\":\"Comunitate\",\"item\":\"https:\\\/\\\/www.scoalababel.ro\\\/comunitate\\\/\"},{\"@type\":\"ListItem\",\"position\":3,\"name\":\"Proiecte\",\"item\":\"https:\\\/\\\/www.scoalababel.ro\\\/comunitate\\\/proiecte\\\/\"},{\"@type\":\"ListItem\",\"position\":4,\"name\":\"Profesorescu &#8211; Cultiv\u0103m \u00cenv\u0103\u021barea Experien\u021bial\u0103, 24-29 aug\"}]},{\"@type\":\"WebSite\",\"@id\":\"https:\\\/\\\/www.scoalababel.ro\\\/#website\",\"url\":\"https:\\\/\\\/www.scoalababel.ro\\\/\",\"name\":\"\u0218coala Babel\",\"description\":\"\u0218coala Babel\",\"potentialAction\":[{\"@type\":\"SearchAction\",\"target\":{\"@type\":\"EntryPoint\",\"urlTemplate\":\"https:\\\/\\\/www.scoalababel.ro\\\/?s={search_term_string}\"},\"query-input\":{\"@type\":\"PropertyValueSpecification\",\"valueRequired\":true,\"valueName\":\"search_term_string\"}}],\"inLanguage\":\"en-US\"}]}<\/script>\n<!-- \/ Yoast SEO plugin. -->","yoast_head_json":{"title":"Profesorescu - Cultiv\u0103m \u00cenv\u0103\u021barea Experien\u021bial\u0103, 24-29 aug - \u0218coala Babel","robots":{"index":"index","follow":"follow","max-snippet":"max-snippet:-1","max-image-preview":"max-image-preview:large","max-video-preview":"max-video-preview:-1"},"canonical":"https:\/\/www.scoalababel.ro\/en\/comunitate\/proiecte\/profesorescu-24-29-aug\/","og_locale":"en_US","og_type":"article","og_title":"Profesorescu - Cultiv\u0103m \u00cenv\u0103\u021barea Experien\u021bial\u0103, 24-29 aug - \u0218coala Babel","og_description":"[vc_row][vc_column][vc_single_image image=&#8221;3825&#8243; img_size=&#8221;full&#8221;][vc_empty_space][\/vc_column][\/vc_row][vc_row][vc_column][vc_column_text]\u0218coala\u00a0Babel, \u00een parteneriat cu GreenFeel, te invit\u0103 la o s\u0103pt\u0103m\u00e2n\u0103 de \u00eenv\u0103\u021bare \u00een care s\u0103 r\u0103spundem, \u00een cadrul atelierelor practice, la \u00eentrebarea \u201cCum ne \u00eengrijim de dezvoltarea poten\u021bialului fiec\u0103rui copil?\u201d. Vom vedea cum aplic\u0103m principiile \u00eenv\u0103\u021b\u0103rii experien\u021biale, outdoor, \u00een clas\u0103 \u0219i acas\u0103. Ateliere: L-V, 10:00 &#8211; 12:30 (facilitator: Monica Diaconu), 13:00 &#8211; 14:30 [&hellip;]","og_url":"https:\/\/www.scoalababel.ro\/en\/comunitate\/proiecte\/profesorescu-24-29-aug\/","og_site_name":"\u0218coala Babel","article_publisher":"https:\/\/www.facebook.com\/scoalababel\/","article_modified_time":"2020-08-11T08:36:46+00:00","og_image":[{"width":1920,"height":1080,"url":"https:\/\/www.scoalababel.ro\/wp-content\/uploads\/2020\/07\/Cover-Event.png","type":"image\/png"}],"twitter_card":"summary_large_image","twitter_misc":{"Est. reading time":"3 minutes"},"schema":{"@context":"https:\/\/schema.org","@graph":[{"@type":"WebPage","@id":"https:\/\/www.scoalababel.ro\/comunitate\/proiecte\/profesorescu-24-29-aug\/","url":"https:\/\/www.scoalababel.ro\/comunitate\/proiecte\/profesorescu-24-29-aug\/","name":"Profesorescu - Cultiv\u0103m \u00cenv\u0103\u021barea Experien\u021bial\u0103, 24-29 aug - \u0218coala Babel","isPartOf":{"@id":"https:\/\/www.scoalababel.ro\/#website"},"primaryImageOfPage":{"@id":"https:\/\/www.scoalababel.ro\/comunitate\/proiecte\/profesorescu-24-29-aug\/#primaryimage"},"image":{"@id":"https:\/\/www.scoalababel.ro\/comunitate\/proiecte\/profesorescu-24-29-aug\/#primaryimage"},"thumbnailUrl":"https:\/\/www.scoalababel.ro\/wp-content\/uploads\/2020\/07\/Cover-Event.png","datePublished":"2020-07-23T10:35:44+00:00","dateModified":"2020-08-11T08:36:46+00:00","breadcrumb":{"@id":"https:\/\/www.scoalababel.ro\/comunitate\/proiecte\/profesorescu-24-29-aug\/#breadcrumb"},"inLanguage":"en-US","potentialAction":[{"@type":"ReadAction","target":["https:\/\/www.scoalababel.ro\/comunitate\/proiecte\/profesorescu-24-29-aug\/"]}]},{"@type":"ImageObject","inLanguage":"en-US","@id":"https:\/\/www.scoalababel.ro\/comunitate\/proiecte\/profesorescu-24-29-aug\/#primaryimage","url":"https:\/\/www.scoalababel.ro\/wp-content\/uploads\/2020\/07\/Cover-Event.png","contentUrl":"https:\/\/www.scoalababel.ro\/wp-content\/uploads\/2020\/07\/Cover-Event.png","width":1920,"height":1080},{"@type":"BreadcrumbList","@id":"https:\/\/www.scoalababel.ro\/comunitate\/proiecte\/profesorescu-24-29-aug\/#breadcrumb","itemListElement":[{"@type":"ListItem","position":1,"name":"Home","item":"https:\/\/www.scoalababel.ro\/"},{"@type":"ListItem","position":2,"name":"Comunitate","item":"https:\/\/www.scoalababel.ro\/comunitate\/"},{"@type":"ListItem","position":3,"name":"Proiecte","item":"https:\/\/www.scoalababel.ro\/comunitate\/proiecte\/"},{"@type":"ListItem","position":4,"name":"Profesorescu &#8211; Cultiv\u0103m \u00cenv\u0103\u021barea Experien\u021bial\u0103, 24-29 aug"}]},{"@type":"WebSite","@id":"https:\/\/www.scoalababel.ro\/#website","url":"https:\/\/www.scoalababel.ro\/","name":"\u0218coala Babel","description":"\u0218coala Babel","potentialAction":[{"@type":"SearchAction","target":{"@type":"EntryPoint","urlTemplate":"https:\/\/www.scoalababel.ro\/?s={search_term_string}"},"query-input":{"@type":"PropertyValueSpecification","valueRequired":true,"valueName":"search_term_string"}}],"inLanguage":"en-US"}]}},"_links":{"self":[{"href":"https:\/\/www.scoalababel.ro\/en\/wp-json\/wp\/v2\/pages\/3814","targetHints":{"allow":["GET"]}}],"collection":[{"href":"https:\/\/www.scoalababel.ro\/en\/wp-json\/wp\/v2\/pages"}],"about":[{"href":"https:\/\/www.scoalababel.ro\/en\/wp-json\/wp\/v2\/types\/page"}],"author":[{"embeddable":true,"href":"https:\/\/www.scoalababel.ro\/en\/wp-json\/wp\/v2\/users\/8"}],"replies":[{"embeddable":true,"href":"https:\/\/www.scoalababel.ro\/en\/wp-json\/wp\/v2\/comments?post=3814"}],"version-history":[{"count":10,"href":"https:\/\/www.scoalababel.ro\/en\/wp-json\/wp\/v2\/pages\/3814\/revisions"}],"predecessor-version":[{"id":3840,"href":"https:\/\/www.scoalababel.ro\/en\/wp-json\/wp\/v2\/pages\/3814\/revisions\/3840"}],"up":[{"embeddable":true,"href":"https:\/\/www.scoalababel.ro\/en\/wp-json\/wp\/v2\/pages\/2520"}],"wp:featuredmedia":[{"embeddable":true,"href":"https:\/\/www.scoalababel.ro\/en\/wp-json\/wp\/v2\/media\/3815"}],"wp:attachment":[{"href":"https:\/\/www.scoalababel.ro\/en\/wp-json\/wp\/v2\/media?parent=3814"}],"curies":[{"name":"wp","href":"https:\/\/api.w.org\/{rel}","templated":true}]}}