{"id":4258,"date":"2021-05-25T08:09:52","date_gmt":"2021-05-25T08:09:52","guid":{"rendered":"https:\/\/www.scoalababel.ro\/?page_id=4258"},"modified":"2021-06-25T08:01:48","modified_gmt":"2021-06-25T08:01:48","slug":"gradina-prin-ochii-stiintei","status":"publish","type":"page","link":"https:\/\/www.scoalababel.ro\/en\/comunitate\/proiecte\/gradina-prin-ochii-stiintei\/","title":{"rendered":"Gr\u0103dina prin ochii \u0219tiin\u021bei"},"content":{"rendered":"<p><span style=\"font-weight: 400;\"><img loading=\"lazy\" decoding=\"async\" class=\"alignnone size-full wp-image-4288\" src=\"https:\/\/www.scoalababel.ro\/wp-content\/uploads\/2021\/05\/Gradina-FBEvent.png\" alt=\"\" width=\"1920\" height=\"1080\" srcset=\"https:\/\/www.scoalababel.ro\/wp-content\/uploads\/2021\/05\/Gradina-FBEvent.png 1920w, https:\/\/www.scoalababel.ro\/wp-content\/uploads\/2021\/05\/Gradina-FBEvent-300x169.png 300w, https:\/\/www.scoalababel.ro\/wp-content\/uploads\/2021\/05\/Gradina-FBEvent-768x432.png 768w, https:\/\/www.scoalababel.ro\/wp-content\/uploads\/2021\/05\/Gradina-FBEvent-1024x576.png 1024w\" sizes=\"auto, (max-width: 1920px) 100vw, 1920px\" \/><\/span><\/p>\n<p>Ne dorim ca proiectul nostru s\u0103 ajung\u0103 la c\u00e2\u021bi mai mul\u021bi copii \u0219i s\u0103 ocup\u0103m toate cele 30 de locuri disponibile, a\u0219adar copiii se pot al\u0103tura pe parcurs \u0219i s\u0103 participe la una din cele dou\u0103 s\u0103pt\u0103m\u00eeni, dac\u0103 nu se poate la am\u00e2ndou\u0103.<\/p>\n<p><strong>Participarea este gratuit\u0103 pentru copii.<\/strong><\/p>\n<p>\u00censcrierile se fac complet\u00e2nd <a href=\"https:\/\/www.scoalababel.ro\/comunitate\/proiecte\/inscrieri-gradina-prin-ochii-stiintei\/\" target=\"_blank\" rel=\"noopener noreferrer\">formularul de aplicare<\/a> (5-10 min).<\/p>\n<p>Invit\u0103m<strong> 30 de copii cu v\u00e2rsta cuprins\u0103 \u00eentre 9 \u0219i 14 ani<\/strong> s\u0103 ni se al\u0103ture \u00eentr-o minunat\u0103 c\u0103l\u0103torie de \u00eenv\u0103\u021bare \u00een natur\u0103: Gr\u0103dina prin ochii \u0219tiin\u021bei.<\/p>\n<p>Criteriile de selec\u021bie vor fi relevan\u021ba aplica\u021biei \u0219i creativitatea. Selec\u021bia va fi realizat\u0103 de c\u0103tre coordonatorul proiectului \u00eempreun\u0103 cu echipa de mentori \u0219i voluntari.<\/p>\n<p>Grupul pe care ni-l dorim, \u021bin\u00e2nd cont de profilul \u0219i activit\u0103\u021biile proiectului, cuprinde <strong>20 de copii cu v\u00e2rsta curpins\u0103 \u00eentre 9 \u0219i 10 ani, 10 copii cu v\u00e2rsta cuprins\u0103 \u00eentre 11 \u0219i 14 ani. <\/strong><\/p>\n<p>Activit\u0103\u021bile se vor desf\u0103\u0219ura \u00een perioada <strong>28 iunie \u2013 9 iulie<\/strong>, preponderent afar\u0103, \u00een <strong>intervalul orar 9:00 -13:00, de luni p\u00e2n\u0103 vineri inclusiv<\/strong>. Loca\u021bia este spa\u021biul de gr\u0103dini comunitare Greenfeel \u2013 Gr\u0103dinescu Timi\u0219oara (Str. P\u0103storilor, nr.20, Timi\u0219oara).<\/p>\n<p>\u00cen cadrul proiectului copiii vor avea ocazia:<br \/>\n-s\u0103 se familiarizeze cu gr\u0103din\u0103ritul;<br \/>\n-s\u0103 descopere rolul unei gr\u0103dini \u00eentr-o comunitate;<br \/>\n-s\u0103 g\u00e2ndeasc\u0103 \u0219i s\u0103 construiasc\u0103 un sistem automat de irigare;<br \/>\n-s\u0103 recunoasc\u0103 fenomene fizico-chimice;<br \/>\n-s\u0103 creeze ilustra\u021bii ale gr\u0103dinii.<\/p>\n<p><strong>Copii vor \u00eenv\u0103\u021ba experien\u021bial prin<\/strong>:<br \/>\n-experimente (<span style=\"font-weight: 400;\">practice \u0219i adaptate v\u00e2rstei din domeniile biologie, fizic\u0103, chimie)<\/span><br \/>\n<span style=\"font-weight: 400;\">-proiectul de irigare (va fi g\u00e2ndit cap-coad\u0103 de c\u0103tre echipa de copii \u0219i va combina utilizarea cuno\u0219tin\u021belor de matematic\u0103, fizic\u0103, programare, precum \u0219i dob\u00e2ndirea de noi cuno\u0219tin\u021be pentru partea practic\u0103 a tehnologiei)<\/span><br \/>\n<span style=\"font-weight: 400;\">-activit\u0103\u021bile de cercetare \u0219i observare a naturii<\/span><br \/>\n-lucru individual, \u00een perechi \u0219i \u00een grup<br \/>\n-activit\u0103\u021bi de reflec\u021bie bazate pe natur\u0103 \u0219i art\u0103<\/p>\n<p><strong>Noi consider\u0103m c\u0103 natura reprezint\u0103 una din cele mai bune \u0219coli pentru copii. <\/strong><br \/>\n<span style=\"font-weight: 400;\">Activit\u0103\u021bile \u00een natur\u0103 \u00eencurajeaz\u0103 conectarea social\u0103 \u0219i creativitatea, elimin\u0103 stresul \u0219i \u00eembun\u0103t\u0103\u021besc aten\u021bia, elevii sunt mult mai interesa\u021bi \u0219i implica\u021bi. Cu at\u00e2t mai mult dup\u0103 acest an \u00een care copiii au petrecut mai pu\u021bin timp afar\u0103, am v\u0103zut nevoia unui proiect \u00een aer liber, prin care copiii s\u0103-\u0219i reduc\u0103 un pic din acest deficit, s\u0103-\u0219i murd\u0103reasc\u0103 m\u00e2inile, s\u0103 \u00eenve\u021be la firul ierbii \u0219i s\u0103 vad\u0103 c\u0103 tehnologia nu \u00eenseamn\u0103 doar s\u0103 stai \u00een fa\u021ba unui ecran, ci \u00ee\u0219i poate g\u0103si locul \u0219i beneficiul \u0219i \u00een natur\u0103.<\/span><\/p>\n<p>Gr\u0103dina prin ochii \u0219tiin\u021bei creeaz\u0103 <strong>contextul pentru exersarea urm\u0103toarelor abilit\u0103\u021bi<\/strong>:<br \/>\n<span style=\"font-weight: 400;\">-motricitate<\/span><br \/>\n<span style=\"font-weight: 400;\">-organizare \u0219i planificare<\/span><br \/>\n<span style=\"font-weight: 400;\">-munc\u0103 \u00een echip\u0103, comunicare \u0219i negociere<\/span><br \/>\n<span style=\"font-weight: 400;\">-exprimare artistic\u0103<\/span><\/p>\n<p>Ca-n orice c\u0103l\u0103torie plin\u0103 de aventuri, eroii au \u0219i ajutoare care-i \u00eenso\u021besc. <strong>Mentorii sunt cei care vor facilita experien\u021bele de \u00eenv\u0103\u021bare, <\/strong><span style=\"font-weight: 400;\"><strong>acord\u00e2nd o aten\u021bie deosebit\u0103 factorilor care influen\u021beaz\u0103 implicarea, starea de bine, autonomia \u0219i competen\u021ba copiilor.<\/strong><\/span><\/p>\n<p><span style=\"font-weight: 400;\"><strong>Liana Dr\u0103ghici<\/strong> &#8211; <\/span><span style=\"font-weight: 400;\">Biolog \u0219i gr\u0103dinar cu experien\u021b\u0103, coordonatorul cursului de gr\u0103din\u0103rit oferit elevilor \u0218colii Babel<\/span><br \/>\n<span style=\"font-weight: 400;\"><strong>Ovidiu Cornea<\/strong> &#8211; <\/span><span style=\"font-weight: 400;\">Inginer diplomat \u00een Ingineria Sistemelor \u0219i Calculatoarelor, doctorand \u00een domeniul Protec\u021biei Infrastructurilor Critice &#8211;<\/span><span style=\"font-weight: 400;\">monitorizarea, analiza \u0219i controlul parametrilor fizico-chimici<\/span><br \/>\n<span style=\"font-weight: 400;\"><strong>Diana Rotaru<\/strong> &#8211; <\/span><span style=\"font-weight: 400;\">Profesor de fizic\u0103 al \u0218colii Gimnaziale Babel<\/span><br \/>\n<span style=\"font-weight: 400;\"><strong>Brigita Almasi<\/strong> &#8211; <\/span><span style=\"font-weight: 400;\">Profesor de arte al \u0218colii Gimnaziale Babel<\/span><br \/>\n<span style=\"font-weight: 400;\"><strong>Ana Fi\u021b<\/strong> &#8211; Trainer \u0219i youthworker, metode de \u00eenv\u0103\u021bare bazate pe art\u0103 \u0219i natur\u0103<\/span><\/p>\n<p>Pentru a conecta experien\u021ba copiilor c\u00e2t mai mult la via\u021ba din afara \u0219colii \u0219i o aplicabilitate c\u00e2t mai extins\u0103 am f\u0103cut echip\u0103 cu: <span style=\"font-weight: 400;\"><strong>Greenfeel &#8211; Gr\u0103dinescu Timi\u0219oara<\/strong> (o comunitate local\u0103 str\u00e2ns\u0103 \u00een jurul activit\u0103\u021bilor de gr\u0103din\u0103rit urban) \u0219i <strong>ASAT<\/strong> (Asocia\u021bia pentru Sus\u021binerea Agriculturii \u021a\u0103r\u0103ne\u0219ti). Le mul\u021bumim c\u0103 ne sunt <strong>parteneri<\/strong>.<\/span><\/p>\n<p><strong>Gr\u0103dina prin ochii \u0219tiin\u021bei<\/strong>\u00a0este un proiect finan\u021bat de Fondul \u0218tiin\u021bescu, gestionat de Funda\u021bia Comunitar\u0103 Timi\u0219oara. Pentru mai multe detalii accesa\u021bi:\u00a0<a href=\"http:\/\/www.timisoara.stiintescu.ro\/\" target=\"_blank\" rel=\"noopener noreferrer\" data-saferedirecturl=\"https:\/\/www.google.com\/url?q=http:\/\/www.timisoara.stiintescu.ro\/&#038;source=gmail&#038;ust=1622097764424000&#038;usg=AFQjCNFRJvQa40tF7E-6d9hDQGuiXs2sHQ\">www.timisoara.<wbr \/>stiintescu.ro<\/a>.<\/p>\n<p><img loading=\"lazy\" decoding=\"async\" class=\"alignnone size-full wp-image-4302\" src=\"https:\/\/www.scoalababel.ro\/wp-content\/uploads\/2021\/05\/logo-uri-stiintescu.jpg\" alt=\"\" width=\"661\" height=\"82\" srcset=\"https:\/\/www.scoalababel.ro\/wp-content\/uploads\/2021\/05\/logo-uri-stiintescu.jpg 661w, https:\/\/www.scoalababel.ro\/wp-content\/uploads\/2021\/05\/logo-uri-stiintescu-300x37.jpg 300w\" sizes=\"auto, (max-width: 661px) 100vw, 661px\" \/><\/p>\n<p>Pentru eventuale neclarit\u0103\u021bi legate de acest proiect te rug\u0103m s\u0103 folose\u0219ti adresa\u00a0<strong><a href=\"mailto:proiecte@scoalababel.ro\" target=\"_blank\" rel=\"noopener noreferrer\">proiecte@scoalababel.ro<\/a><\/strong>.<\/p>\n","protected":false},"excerpt":{"rendered":"<p>Ne dorim ca proiectul nostru s\u0103 ajung\u0103 la c\u00e2\u021bi mai mul\u021bi copii \u0219i s\u0103 ocup\u0103m toate cele 30 de locuri disponibile, a\u0219adar copiii se pot al\u0103tura pe parcurs \u0219i s\u0103 participe la una din cele dou\u0103 s\u0103pt\u0103m\u00eeni, dac\u0103 nu se poate la am\u00e2ndou\u0103. Participarea este gratuit\u0103 pentru copii. \u00censcrierile se fac complet\u00e2nd formularul de aplicare [&hellip;]<\/p>\n","protected":false},"author":8,"featured_media":0,"parent":2520,"menu_order":0,"comment_status":"closed","ping_status":"closed","template":"","meta":{"footnotes":""},"class_list":["post-4258","page","type-page","status-publish","hentry"],"yoast_head":"<!-- This site is optimized with the Yoast SEO plugin v27.5 - https:\/\/yoast.com\/product\/yoast-seo-wordpress\/ -->\n<title>Gr\u0103dina prin ochii \u0219tiin\u021bei - \u0218coala Babel<\/title>\n<meta name=\"robots\" content=\"index, follow, max-snippet:-1, max-image-preview:large, max-video-preview:-1\" \/>\n<link rel=\"canonical\" href=\"https:\/\/www.scoalababel.ro\/en\/comunitate\/proiecte\/gradina-prin-ochii-stiintei\/\" \/>\n<meta property=\"og:locale\" content=\"en_US\" \/>\n<meta property=\"og:locale:alternate\" content=\"ro_RO\" \/>\n<meta property=\"og:type\" content=\"article\" \/>\n<meta property=\"og:title\" content=\"Gr\u0103dina prin ochii \u0219tiin\u021bei - \u0218coala Babel\" \/>\n<meta property=\"og:description\" content=\"Ne dorim ca proiectul nostru s\u0103 ajung\u0103 la c\u00e2\u021bi mai mul\u021bi copii \u0219i s\u0103 ocup\u0103m toate cele 30 de locuri disponibile, a\u0219adar copiii se pot al\u0103tura pe parcurs \u0219i s\u0103 participe la una din cele dou\u0103 s\u0103pt\u0103m\u00eeni, dac\u0103 nu se poate la am\u00e2ndou\u0103. Participarea este gratuit\u0103 pentru copii. \u00censcrierile se fac complet\u00e2nd formularul de aplicare [&hellip;]\" \/>\n<meta property=\"og:url\" content=\"https:\/\/www.scoalababel.ro\/en\/comunitate\/proiecte\/gradina-prin-ochii-stiintei\/\" \/>\n<meta property=\"og:site_name\" content=\"\u0218coala Babel\" \/>\n<meta property=\"article:publisher\" content=\"https:\/\/www.facebook.com\/scoalababel\/\" \/>\n<meta property=\"article:modified_time\" content=\"2021-06-25T08:01:48+00:00\" \/>\n<meta property=\"og:image\" content=\"https:\/\/www.scoalababel.ro\/wp-content\/uploads\/2021\/05\/Gradina-FBEvent.png\" \/>\n\t<meta property=\"og:image:width\" content=\"1920\" \/>\n\t<meta property=\"og:image:height\" content=\"1080\" \/>\n\t<meta property=\"og:image:type\" content=\"image\/png\" \/>\n<meta name=\"twitter:card\" content=\"summary_large_image\" \/>\n<meta name=\"twitter:label1\" content=\"Est. reading time\" \/>\n\t<meta name=\"twitter:data1\" content=\"4 minutes\" \/>\n<script type=\"application\/ld+json\" class=\"yoast-schema-graph\">{\"@context\":\"https:\\\/\\\/schema.org\",\"@graph\":[{\"@type\":\"WebPage\",\"@id\":\"https:\\\/\\\/www.scoalababel.ro\\\/comunitate\\\/proiecte\\\/gradina-prin-ochii-stiintei\\\/\",\"url\":\"https:\\\/\\\/www.scoalababel.ro\\\/comunitate\\\/proiecte\\\/gradina-prin-ochii-stiintei\\\/\",\"name\":\"Gr\u0103dina prin ochii \u0219tiin\u021bei - \u0218coala Babel\",\"isPartOf\":{\"@id\":\"https:\\\/\\\/www.scoalababel.ro\\\/#website\"},\"primaryImageOfPage\":{\"@id\":\"https:\\\/\\\/www.scoalababel.ro\\\/comunitate\\\/proiecte\\\/gradina-prin-ochii-stiintei\\\/#primaryimage\"},\"image\":{\"@id\":\"https:\\\/\\\/www.scoalababel.ro\\\/comunitate\\\/proiecte\\\/gradina-prin-ochii-stiintei\\\/#primaryimage\"},\"thumbnailUrl\":\"https:\\\/\\\/www.scoalababel.ro\\\/wp-content\\\/uploads\\\/2021\\\/05\\\/Gradina-FBEvent.png\",\"datePublished\":\"2021-05-25T08:09:52+00:00\",\"dateModified\":\"2021-06-25T08:01:48+00:00\",\"breadcrumb\":{\"@id\":\"https:\\\/\\\/www.scoalababel.ro\\\/comunitate\\\/proiecte\\\/gradina-prin-ochii-stiintei\\\/#breadcrumb\"},\"inLanguage\":\"en-US\",\"potentialAction\":[{\"@type\":\"ReadAction\",\"target\":[\"https:\\\/\\\/www.scoalababel.ro\\\/comunitate\\\/proiecte\\\/gradina-prin-ochii-stiintei\\\/\"]}]},{\"@type\":\"ImageObject\",\"inLanguage\":\"en-US\",\"@id\":\"https:\\\/\\\/www.scoalababel.ro\\\/comunitate\\\/proiecte\\\/gradina-prin-ochii-stiintei\\\/#primaryimage\",\"url\":\"https:\\\/\\\/www.scoalababel.ro\\\/wp-content\\\/uploads\\\/2021\\\/05\\\/Gradina-FBEvent.png\",\"contentUrl\":\"https:\\\/\\\/www.scoalababel.ro\\\/wp-content\\\/uploads\\\/2021\\\/05\\\/Gradina-FBEvent.png\"},{\"@type\":\"BreadcrumbList\",\"@id\":\"https:\\\/\\\/www.scoalababel.ro\\\/comunitate\\\/proiecte\\\/gradina-prin-ochii-stiintei\\\/#breadcrumb\",\"itemListElement\":[{\"@type\":\"ListItem\",\"position\":1,\"name\":\"Home\",\"item\":\"https:\\\/\\\/www.scoalababel.ro\\\/\"},{\"@type\":\"ListItem\",\"position\":2,\"name\":\"Comunitate\",\"item\":\"https:\\\/\\\/www.scoalababel.ro\\\/comunitate\\\/\"},{\"@type\":\"ListItem\",\"position\":3,\"name\":\"Proiecte\",\"item\":\"https:\\\/\\\/www.scoalababel.ro\\\/comunitate\\\/proiecte\\\/\"},{\"@type\":\"ListItem\",\"position\":4,\"name\":\"Gr\u0103dina prin ochii \u0219tiin\u021bei\"}]},{\"@type\":\"WebSite\",\"@id\":\"https:\\\/\\\/www.scoalababel.ro\\\/#website\",\"url\":\"https:\\\/\\\/www.scoalababel.ro\\\/\",\"name\":\"\u0218coala Babel\",\"description\":\"\u0218coala Babel\",\"potentialAction\":[{\"@type\":\"SearchAction\",\"target\":{\"@type\":\"EntryPoint\",\"urlTemplate\":\"https:\\\/\\\/www.scoalababel.ro\\\/?s={search_term_string}\"},\"query-input\":{\"@type\":\"PropertyValueSpecification\",\"valueRequired\":true,\"valueName\":\"search_term_string\"}}],\"inLanguage\":\"en-US\"}]}<\/script>\n<!-- \/ Yoast SEO plugin. -->","yoast_head_json":{"title":"Gr\u0103dina prin ochii \u0219tiin\u021bei - \u0218coala Babel","robots":{"index":"index","follow":"follow","max-snippet":"max-snippet:-1","max-image-preview":"max-image-preview:large","max-video-preview":"max-video-preview:-1"},"canonical":"https:\/\/www.scoalababel.ro\/en\/comunitate\/proiecte\/gradina-prin-ochii-stiintei\/","og_locale":"en_US","og_type":"article","og_title":"Gr\u0103dina prin ochii \u0219tiin\u021bei - \u0218coala Babel","og_description":"Ne dorim ca proiectul nostru s\u0103 ajung\u0103 la c\u00e2\u021bi mai mul\u021bi copii \u0219i s\u0103 ocup\u0103m toate cele 30 de locuri disponibile, a\u0219adar copiii se pot al\u0103tura pe parcurs \u0219i s\u0103 participe la una din cele dou\u0103 s\u0103pt\u0103m\u00eeni, dac\u0103 nu se poate la am\u00e2ndou\u0103. Participarea este gratuit\u0103 pentru copii. \u00censcrierile se fac complet\u00e2nd formularul de aplicare [&hellip;]","og_url":"https:\/\/www.scoalababel.ro\/en\/comunitate\/proiecte\/gradina-prin-ochii-stiintei\/","og_site_name":"\u0218coala Babel","article_publisher":"https:\/\/www.facebook.com\/scoalababel\/","article_modified_time":"2021-06-25T08:01:48+00:00","og_image":[{"width":1920,"height":1080,"url":"https:\/\/www.scoalababel.ro\/wp-content\/uploads\/2021\/05\/Gradina-FBEvent.png","type":"image\/png"}],"twitter_card":"summary_large_image","twitter_misc":{"Est. reading time":"4 minutes"},"schema":{"@context":"https:\/\/schema.org","@graph":[{"@type":"WebPage","@id":"https:\/\/www.scoalababel.ro\/comunitate\/proiecte\/gradina-prin-ochii-stiintei\/","url":"https:\/\/www.scoalababel.ro\/comunitate\/proiecte\/gradina-prin-ochii-stiintei\/","name":"Gr\u0103dina prin ochii \u0219tiin\u021bei - \u0218coala Babel","isPartOf":{"@id":"https:\/\/www.scoalababel.ro\/#website"},"primaryImageOfPage":{"@id":"https:\/\/www.scoalababel.ro\/comunitate\/proiecte\/gradina-prin-ochii-stiintei\/#primaryimage"},"image":{"@id":"https:\/\/www.scoalababel.ro\/comunitate\/proiecte\/gradina-prin-ochii-stiintei\/#primaryimage"},"thumbnailUrl":"https:\/\/www.scoalababel.ro\/wp-content\/uploads\/2021\/05\/Gradina-FBEvent.png","datePublished":"2021-05-25T08:09:52+00:00","dateModified":"2021-06-25T08:01:48+00:00","breadcrumb":{"@id":"https:\/\/www.scoalababel.ro\/comunitate\/proiecte\/gradina-prin-ochii-stiintei\/#breadcrumb"},"inLanguage":"en-US","potentialAction":[{"@type":"ReadAction","target":["https:\/\/www.scoalababel.ro\/comunitate\/proiecte\/gradina-prin-ochii-stiintei\/"]}]},{"@type":"ImageObject","inLanguage":"en-US","@id":"https:\/\/www.scoalababel.ro\/comunitate\/proiecte\/gradina-prin-ochii-stiintei\/#primaryimage","url":"https:\/\/www.scoalababel.ro\/wp-content\/uploads\/2021\/05\/Gradina-FBEvent.png","contentUrl":"https:\/\/www.scoalababel.ro\/wp-content\/uploads\/2021\/05\/Gradina-FBEvent.png"},{"@type":"BreadcrumbList","@id":"https:\/\/www.scoalababel.ro\/comunitate\/proiecte\/gradina-prin-ochii-stiintei\/#breadcrumb","itemListElement":[{"@type":"ListItem","position":1,"name":"Home","item":"https:\/\/www.scoalababel.ro\/"},{"@type":"ListItem","position":2,"name":"Comunitate","item":"https:\/\/www.scoalababel.ro\/comunitate\/"},{"@type":"ListItem","position":3,"name":"Proiecte","item":"https:\/\/www.scoalababel.ro\/comunitate\/proiecte\/"},{"@type":"ListItem","position":4,"name":"Gr\u0103dina prin ochii \u0219tiin\u021bei"}]},{"@type":"WebSite","@id":"https:\/\/www.scoalababel.ro\/#website","url":"https:\/\/www.scoalababel.ro\/","name":"\u0218coala Babel","description":"\u0218coala Babel","potentialAction":[{"@type":"SearchAction","target":{"@type":"EntryPoint","urlTemplate":"https:\/\/www.scoalababel.ro\/?s={search_term_string}"},"query-input":{"@type":"PropertyValueSpecification","valueRequired":true,"valueName":"search_term_string"}}],"inLanguage":"en-US"}]}},"_links":{"self":[{"href":"https:\/\/www.scoalababel.ro\/en\/wp-json\/wp\/v2\/pages\/4258","targetHints":{"allow":["GET"]}}],"collection":[{"href":"https:\/\/www.scoalababel.ro\/en\/wp-json\/wp\/v2\/pages"}],"about":[{"href":"https:\/\/www.scoalababel.ro\/en\/wp-json\/wp\/v2\/types\/page"}],"author":[{"embeddable":true,"href":"https:\/\/www.scoalababel.ro\/en\/wp-json\/wp\/v2\/users\/8"}],"replies":[{"embeddable":true,"href":"https:\/\/www.scoalababel.ro\/en\/wp-json\/wp\/v2\/comments?post=4258"}],"version-history":[{"count":12,"href":"https:\/\/www.scoalababel.ro\/en\/wp-json\/wp\/v2\/pages\/4258\/revisions"}],"predecessor-version":[{"id":4334,"href":"https:\/\/www.scoalababel.ro\/en\/wp-json\/wp\/v2\/pages\/4258\/revisions\/4334"}],"up":[{"embeddable":true,"href":"https:\/\/www.scoalababel.ro\/en\/wp-json\/wp\/v2\/pages\/2520"}],"wp:attachment":[{"href":"https:\/\/www.scoalababel.ro\/en\/wp-json\/wp\/v2\/media?parent=4258"}],"curies":[{"name":"wp","href":"https:\/\/api.w.org\/{rel}","templated":true}]}}